{"id":1201,"date":"2018-07-30T14:45:37","date_gmt":"2018-07-30T18:45:37","guid":{"rendered":"https:\/\/www.muniancud.cl\/portal\/?page_id=1201"},"modified":"2025-10-20T10:59:23","modified_gmt":"2025-10-20T13:59:23","slug":"medio-ambiente","status":"publish","type":"page","link":"https:\/\/www.muniancud.cl\/portal\/unidades-municipales\/direccion-de-medio-ambiente-aseo-y-ornato\/medio-ambiente\/","title":{"rendered":"Medio Ambiente"},"content":{"rendered":"<div class=\"wpb-content-wrapper\"><p>[vc_section][vc_row][vc_column width=\u00bb2\/3&#8243;][vc_column_text]Desarrollar estrategias para reducir el impacto ambiental derivado de la actividad humana, basadas en un enfoque integral y preventivo para privilegiar la sustentabilidad en la utilizaci\u00f3n de los recursos. Contribuir al aseguramiento de la salud de la poblaci\u00f3n de la comuna a trav\u00e9s de la promoci\u00f3n, prevenci\u00f3n, protecci\u00f3n y vigilancia sanitaria. Asegurar un correcto equilibrio de la comunidad con el ecosistema; elaborando y ejecutando, de acuerdo a la disponibilidad de recursos, planes de trabajo que protejan los recursos naturales y la biodiversidad como patrimonio comunal; enfoc\u00e1ndose en un manejo integrado de sistemas que abarque el medio f\u00edsico, ecol\u00f3gico y social.<\/p>\n<p>Para llevar a cabo este objetivo se delimitar\u00e1n tres grandes \u00e1reas de acci\u00f3n; ingenier\u00eda ambiental, salud p\u00fablica y patrimonio natural.[\/vc_column_text][vc_btn title=\u00bbCertificaci\u00f3n de establecimientos tur\u00edsticos\u00bb style=\u00bbflat\u00bb color=\u00bbgreen\u00bb align=\u00bbcenter\u00bb i_icon_fontawesome=\u00bbfa fa-check\u00bb button_block=\u00bbtrue\u00bb add_icon=\u00bbtrue\u00bb link=\u00bburl:https%3A%2F%2Fwww.muniancud.cl%2Fportal%2Fwp-content%2Fuploads%2F2020%2F03%2FCertificaci%C3%B3n-de-establecimientos-tur%C3%ADsticos.zip||target:%20_blank|\u00bb][vc_single_image image=\u00bb23484&#8243; img_size=\u00bbfull\u00bb alignment=\u00bbcenter\u00bb onclick=\u00bbcustom_link\u00bb link=\u00bbhttps:\/\/www.muniancud.cl\/portal\/unidades-municipales\/direccion-de-medio-ambiente-aseo-y-ornato\/medio-ambiente\/certificacion-ambiental-municipal-scam\/\u00bb][vc_row_inner][vc_column_inner width=\u00bb1\/3&#8243;][\/vc_column_inner][vc_column_inner width=\u00bb1\/3&#8243;][\/vc_column_inner][vc_column_inner width=\u00bb1\/3&#8243;][\/vc_column_inner][\/vc_row_inner][\/vc_column][vc_column width=\u00bb1\/3&#8243;][vc_btn title=\u00bbVolver a Servicios Municipales\u00bb style=\u00bbflat\u00bb color=\u00bbsuccess\u00bb align=\u00bbleft\u00bb i_icon_fontawesome=\u00bbfa fa-arrow-left\u00bb button_block=\u00bbtrue\u00bb add_icon=\u00bbtrue\u00bb link=\u00bburl:https%3A%2F%2Fwww.muniancud.cl%2Fportal%2Fservicios-municipales%2F|||\u00bb][vc_single_image image=\u00bb1212&#8243; img_size=\u00bbfull\u00bb alignment=\u00bbcenter\u00bb]<div class=\"td_block_wrap td_block_text_with_title td_uid_1_69f27134d2020_rand td-pb-border-top td_block_template_8\"  data-td-block-uid=\"td_uid_1_69f27134d2020\" ><div class=\"td-block-title-wrap\"><h4 class=\"td-block-title\"><span>Oficina de Medio Ambiente<\/span><\/h4><\/div><div class=\"td_mod_wrap td-fix-index\"><p>Tel\u00e9fono: 65-2487742<br \/>\nM\u00f3vil: +56-967604504<\/p>\n<\/div><\/div>[vc_btn title=\u00bbFacebook\u00bb style=\u00bbflat\u00bb color=\u00bbprimary\u00bb align=\u00bbleft\u00bb i_icon_fontawesome=\u00bbfa fa-facebook\u00bb button_block=\u00bbtrue\u00bb add_icon=\u00bbtrue\u00bb link=\u00bburl:https%3A%2F%2Fwww.facebook.com%2FMedioAmbienteAncud%2F||target:%20_blank|\u00bb][vc_btn title=\u00bbInstagram\u00bb style=\u00bbflat\u00bb color=\u00bbpink\u00bb align=\u00bbleft\u00bb i_icon_fontawesome=\u00bbfa fa-instagram\u00bb button_block=\u00bbtrue\u00bb add_icon=\u00bbtrue\u00bb link=\u00bburl:https%3A%2F%2Fwww.instagram.com%2Fmedioambienteancud||target:%20_blank|\u00bb][vc_btn title=\u00bbTwitter\u00bb style=\u00bbflat\u00bb color=\u00bbsky\u00bb align=\u00bbleft\u00bb i_icon_fontawesome=\u00bbfa fa-twitter\u00bb button_block=\u00bbtrue\u00bb add_icon=\u00bbtrue\u00bb link=\u00bburl:https%3A%2F%2Ftwitter.com%2Fmambienteancud||target:%20_blank|\u00bb][vc_btn title=\u00bbYouTube\u00bb style=\u00bbflat\u00bb color=\u00bbjuicy-pink\u00bb align=\u00bbleft\u00bb i_icon_fontawesome=\u00bbfa fa-youtube-play\u00bb button_block=\u00bbtrue\u00bb add_icon=\u00bbtrue\u00bb link=\u00bburl:https%3A%2F%2Fwww.youtube.com%2Fchannel%2FUCZtNWAFHMy4aFEIB9g428cQ||target:%20_blank|\u00bb][\/vc_column][\/vc_row][\/vc_section][vc_row][vc_column][vc_column_text]<div class=\"td_block_wrap td_block_title td_uid_2_69f27134d36d4_rand td-pb-border-top td_block_template_8\"  data-td-block-uid=\"td_uid_2_69f27134d36d4\" >\n<style>\n.td_uid_2_69f27134d36d4_rand .td-block-title > * {\n                color: #4eb857 !important;\n            }\n\n            \n            .td_uid_2_69f27134d36d4_rand .td-block-title > *:before,\n            .td_uid_2_69f27134d36d4_rand .td-block-title > *:after {\n                background-color: #4eb857 !important;\n            }\n<\/style>\n<style>\n\/* custom css *\/\n.td_uid_2_69f27134d36d4_rand .td-block-title {\n\t\t\t\t\ttext-align: center;\n\t\t\t\t}\n\t\t\t\t.td_uid_2_69f27134d36d4_rand.td_block_template_4 .td-block-title > *:before {\n\t\t\t\t    right: 10px;\n\t\t\t\t}\n\t\t\t\t.td_uid_2_69f27134d36d4_rand.td_block_template_8 .td-block-title > * {\n\t\t\t\t\tpadding-left: 20px;\n\t\t\t\t}\n\t\t\t\t.td_uid_2_69f27134d36d4_rand.td_block_template_9 .td-block-title:after {\n\t\t\t\t\tright: 0;\n\t\t\t\t}\n\t\t\t\t.td_uid_2_69f27134d36d4_rand.td_block_template_13 .td-block-subtitle {\n\t\t\t\t\tleft: 0;\n\t\t\t\t\tright: 0;\n\t\t\t\t}\n<\/style><h1 class=\"td-block-title\"><span>Estrategia Ambiental Comunal<\/span><\/h1><div class=\"td_mod_wrap\"><\/div><\/div>[\/vc_column_text][vc_row_inner][vc_column_inner width=\u00bb1\/4&#8243;][vc_single_image image=\u00bb23963&#8243; img_size=\u00bbfull\u00bb alignment=\u00bbcenter\u00bb onclick=\u00bbcustom_link\u00bb link=\u00bbhttps:\/\/www.muniancud.cl\/portal\/unidades-municipales\/direccion-de-medio-ambiente-aseo-y-ornato\/medio-ambiente\/reciclaje\/\u00bb][\/vc_column_inner][vc_column_inner width=\u00bb1\/4&#8243;][vc_single_image image=\u00bb1226&#8243; img_size=\u00bbfull\u00bb alignment=\u00bbcenter\u00bb onclick=\u00bbcustom_link\u00bb][\/vc_column_inner][vc_column_inner width=\u00bb1\/4&#8243;][vc_single_image image=\u00bb1224&#8243; img_size=\u00bbfull\u00bb alignment=\u00bbcenter\u00bb onclick=\u00bbcustom_link\u00bb link=\u00bbhttps:\/\/www.muniancud.cl\/portal\/unidades-municipales\/direccion-de-medio-ambiente-aseo-y-ornato\/medio-ambiente\/tenencia-responsable\/\u00bb][\/vc_column_inner][vc_column_inner width=\u00bb1\/4&#8243;][vc_single_image image=\u00bb1228&#8243; img_size=\u00bbfull\u00bb alignment=\u00bbcenter\u00bb onclick=\u00bbcustom_link\u00bb link=\u00bbhttp:\/\/educacion.mma.gob.cl\/eco-biblioteca\/\u00bb][\/vc_column_inner][\/vc_row_inner][\/vc_column][\/vc_row][vc_row][vc_column]<div class=\"td_block_wrap td_block_16 td_uid_3_69f27134d3ae5_rand td_with_ajax_pagination td-pb-border-top td_block_template_8 td-column-1 td_block_padding\"  data-td-block-uid=\"td_uid_3_69f27134d3ae5\" ><script>var block_td_uid_3_69f27134d3ae5 = new tdBlock();\nblock_td_uid_3_69f27134d3ae5.id = \"td_uid_3_69f27134d3ae5\";\nblock_td_uid_3_69f27134d3ae5.atts = '{\"custom_title\":\"Noticias Medio Ambiente, Aseo y Ornato\",\"category_id\":\"32\",\"ajax_pagination\":\"next_prev\",\"separator\":\"\",\"custom_url\":\"\",\"block_template_id\":\"\",\"mx7_tl\":\"\",\"mx7_el\":\"\",\"m6_tl\":\"\",\"post_ids\":\"\",\"category_ids\":\"\",\"tag_slug\":\"\",\"autors_id\":\"\",\"installed_post_types\":\"\",\"sort\":\"\",\"limit\":\"5\",\"offset\":\"\",\"el_class\":\"\",\"td_ajax_filter_type\":\"\",\"td_ajax_filter_ids\":\"\",\"td_filter_default_txt\":\"All\",\"td_ajax_preloading\":\"\",\"f_header_font_header\":\"\",\"f_header_font_title\":\"Block header\",\"f_header_font_settings\":\"\",\"f_header_font_family\":\"\",\"f_header_font_size\":\"\",\"f_header_font_line_height\":\"\",\"f_header_font_style\":\"\",\"f_header_font_weight\":\"\",\"f_header_font_transform\":\"\",\"f_header_font_spacing\":\"\",\"f_header_\":\"\",\"f_ajax_font_title\":\"Ajax categories\",\"f_ajax_font_settings\":\"\",\"f_ajax_font_family\":\"\",\"f_ajax_font_size\":\"\",\"f_ajax_font_line_height\":\"\",\"f_ajax_font_style\":\"\",\"f_ajax_font_weight\":\"\",\"f_ajax_font_transform\":\"\",\"f_ajax_font_spacing\":\"\",\"f_ajax_\":\"\",\"f_more_font_title\":\"Load more button\",\"f_more_font_settings\":\"\",\"f_more_font_family\":\"\",\"f_more_font_size\":\"\",\"f_more_font_line_height\":\"\",\"f_more_font_style\":\"\",\"f_more_font_weight\":\"\",\"f_more_font_transform\":\"\",\"f_more_font_spacing\":\"\",\"f_more_\":\"\",\"mx7f_title_font_header\":\"\",\"mx7f_title_font_title\":\"Article title\",\"mx7f_title_font_settings\":\"\",\"mx7f_title_font_family\":\"\",\"mx7f_title_font_size\":\"\",\"mx7f_title_font_line_height\":\"\",\"mx7f_title_font_style\":\"\",\"mx7f_title_font_weight\":\"\",\"mx7f_title_font_transform\":\"\",\"mx7f_title_font_spacing\":\"\",\"mx7f_title_\":\"\",\"mx7f_cat_font_title\":\"Article category tag\",\"mx7f_cat_font_settings\":\"\",\"mx7f_cat_font_family\":\"\",\"mx7f_cat_font_size\":\"\",\"mx7f_cat_font_line_height\":\"\",\"mx7f_cat_font_style\":\"\",\"mx7f_cat_font_weight\":\"\",\"mx7f_cat_font_transform\":\"\",\"mx7f_cat_font_spacing\":\"\",\"mx7f_cat_\":\"\",\"mx7f_meta_font_title\":\"Article meta info\",\"mx7f_meta_font_settings\":\"\",\"mx7f_meta_font_family\":\"\",\"mx7f_meta_font_size\":\"\",\"mx7f_meta_font_line_height\":\"\",\"mx7f_meta_font_style\":\"\",\"mx7f_meta_font_weight\":\"\",\"mx7f_meta_font_transform\":\"\",\"mx7f_meta_font_spacing\":\"\",\"mx7f_meta_\":\"\",\"mx7f_ex_font_title\":\"Article excerpt\",\"mx7f_ex_font_settings\":\"\",\"mx7f_ex_font_family\":\"\",\"mx7f_ex_font_size\":\"\",\"mx7f_ex_font_line_height\":\"\",\"mx7f_ex_font_style\":\"\",\"mx7f_ex_font_weight\":\"\",\"mx7f_ex_font_transform\":\"\",\"mx7f_ex_font_spacing\":\"\",\"mx7f_ex_\":\"\",\"m6f_title_font_header\":\"\",\"m6f_title_font_title\":\"Article title\",\"m6f_title_font_settings\":\"\",\"m6f_title_font_family\":\"\",\"m6f_title_font_size\":\"\",\"m6f_title_font_line_height\":\"\",\"m6f_title_font_style\":\"\",\"m6f_title_font_weight\":\"\",\"m6f_title_font_transform\":\"\",\"m6f_title_font_spacing\":\"\",\"m6f_title_\":\"\",\"m6f_cat_font_title\":\"Article category tag\",\"m6f_cat_font_settings\":\"\",\"m6f_cat_font_family\":\"\",\"m6f_cat_font_size\":\"\",\"m6f_cat_font_line_height\":\"\",\"m6f_cat_font_style\":\"\",\"m6f_cat_font_weight\":\"\",\"m6f_cat_font_transform\":\"\",\"m6f_cat_font_spacing\":\"\",\"m6f_cat_\":\"\",\"m6f_meta_font_title\":\"Article meta info\",\"m6f_meta_font_settings\":\"\",\"m6f_meta_font_family\":\"\",\"m6f_meta_font_size\":\"\",\"m6f_meta_font_line_height\":\"\",\"m6f_meta_font_style\":\"\",\"m6f_meta_font_weight\":\"\",\"m6f_meta_font_transform\":\"\",\"m6f_meta_font_spacing\":\"\",\"m6f_meta_\":\"\",\"ajax_pagination_infinite_stop\":\"\",\"css\":\"\",\"tdc_css\":\"\",\"td_column_number\":1,\"header_color\":\"\",\"color_preset\":\"\",\"border_top\":\"\",\"class\":\"td_uid_3_69f27134d3ae5_rand\",\"tdc_css_class\":\"td_uid_3_69f27134d3ae5_rand\",\"tdc_css_class_style\":\"td_uid_3_69f27134d3ae5_rand_style\"}';\nblock_td_uid_3_69f27134d3ae5.td_column_number = \"1\";\nblock_td_uid_3_69f27134d3ae5.block_type = \"td_block_16\";\nblock_td_uid_3_69f27134d3ae5.post_count = \"5\";\nblock_td_uid_3_69f27134d3ae5.found_posts = \"186\";\nblock_td_uid_3_69f27134d3ae5.header_color = \"\";\nblock_td_uid_3_69f27134d3ae5.ajax_pagination_infinite_stop = \"\";\nblock_td_uid_3_69f27134d3ae5.max_num_pages = \"38\";\ntdBlocksArray.push(block_td_uid_3_69f27134d3ae5);\n<\/script><div class=\"td-block-title-wrap\"><h4 class=\"td-block-title\"><span>Noticias Medio Ambiente, Aseo y Ornato<\/span><\/h4><\/div><div id=td_uid_3_69f27134d3ae5 class=\"td_block_inner td-column-1\">\n\n\t<div class=\"td-block-span12\">\n\n        <div class=\"td_module_6 td_module_wrap td-animation-stack\">\n\n        <div class=\"td-module-thumb\"><a href=\"https:\/\/www.muniancud.cl\/portal\/programa-prodesal-avanza-en-coordinacion-y-apoyo-a-agricultores\/\" rel=\"bookmark\" class=\"td-image-wrap\" title=\"Programa Prodesal avanza en coordinaci\u00f3n y apoyo a agricultores\"><img loading=\"lazy\" decoding=\"async\" class=\"entry-thumb\" src=\"data:image\/png;base64,iVBORw0KGgoAAAANSUhEUgAAAGQAAABGAQMAAAAASKMqAAAAA1BMVEWurq51dlI4AAAAAXRSTlMmkutdmwAAABBJREFUKM9jGAWjYBQMKwAAA9QAAQWBn6cAAAAASUVORK5CYII=\"alt=\"\" title=\"Programa Prodesal avanza en coordinaci\u00f3n y apoyo a agricultores\" data-type=\"image_tag\" data-img-url=\"https:\/\/www.muniancud.cl\/portal\/wp-content\/uploads\/2026\/03\/WhatsApp-Image-2026-03-25-at-10.20.06-2-100x70.jpeg\"  width=\"100\" height=\"70\" \/><\/a><\/div>\n        <div class=\"item-details\">\n            <h3 class=\"entry-title td-module-title\"><a href=\"https:\/\/www.muniancud.cl\/portal\/programa-prodesal-avanza-en-coordinacion-y-apoyo-a-agricultores\/\" rel=\"bookmark\" title=\"Programa Prodesal avanza en coordinaci\u00f3n y apoyo a agricultores\">Programa Prodesal avanza en coordinaci\u00f3n y apoyo a agricultores<\/a><\/h3>            <div class=\"td-module-meta-info\">\n                                                <span class=\"td-post-date\"><time class=\"entry-date updated td-module-date\" datetime=\"2026-03-25T10:48:15+00:00\" >25\/03\/2026<\/time><\/span>                            <\/div>\n        <\/div>\n\n        <\/div>\n\n        \n\t<\/div> <!-- .\/td-block-span12 -->\n\n\t<div class=\"td-block-span12\">\n\n        <div class=\"td_module_6 td_module_wrap td-animation-stack\">\n\n        <div class=\"td-module-thumb\"><a href=\"https:\/\/www.muniancud.cl\/portal\/reciclaje-de-ancud-viaja-a-santiago-para-su-fundicion\/\" rel=\"bookmark\" class=\"td-image-wrap\" title=\"Reciclaje de Ancud viaja a Santiago para su fundici\u00f3n\"><img loading=\"lazy\" decoding=\"async\" class=\"entry-thumb\" src=\"data:image\/png;base64,iVBORw0KGgoAAAANSUhEUgAAAGQAAABGAQMAAAAASKMqAAAAA1BMVEWurq51dlI4AAAAAXRSTlMmkutdmwAAABBJREFUKM9jGAWjYBQMKwAAA9QAAQWBn6cAAAAASUVORK5CYII=\"alt=\"\" title=\"Reciclaje de Ancud viaja a Santiago para su fundici\u00f3n\" data-type=\"image_tag\" data-img-url=\"https:\/\/www.muniancud.cl\/portal\/wp-content\/uploads\/2026\/03\/WhatsApp-Image-2026-03-11-at-17.13.39-2-100x70.jpeg\"  width=\"100\" height=\"70\" \/><\/a><\/div>\n        <div class=\"item-details\">\n            <h3 class=\"entry-title td-module-title\"><a href=\"https:\/\/www.muniancud.cl\/portal\/reciclaje-de-ancud-viaja-a-santiago-para-su-fundicion\/\" rel=\"bookmark\" title=\"Reciclaje de Ancud viaja a Santiago para su fundici\u00f3n\">Reciclaje de Ancud viaja a Santiago para su fundici\u00f3n<\/a><\/h3>            <div class=\"td-module-meta-info\">\n                                                <span class=\"td-post-date\"><time class=\"entry-date updated td-module-date\" datetime=\"2026-03-12T09:35:34+00:00\" >12\/03\/2026<\/time><\/span>                            <\/div>\n        <\/div>\n\n        <\/div>\n\n        \n\t<\/div> <!-- .\/td-block-span12 -->\n\n\t<div class=\"td-block-span12\">\n\n        <div class=\"td_module_6 td_module_wrap td-animation-stack\">\n\n        <div class=\"td-module-thumb\"><a href=\"https:\/\/www.muniancud.cl\/portal\/importante-fiscalizacion-refuerza-la-seguridad-turistica-en-islotes-de-punihuil\/\" rel=\"bookmark\" class=\"td-image-wrap\" title=\"Importante fiscalizaci\u00f3n refuerza la seguridad tur\u00edstica en Islotes de Pu\u00f1ihuil\"><img loading=\"lazy\" decoding=\"async\" class=\"entry-thumb\" src=\"data:image\/png;base64,iVBORw0KGgoAAAANSUhEUgAAAGQAAABGAQMAAAAASKMqAAAAA1BMVEWurq51dlI4AAAAAXRSTlMmkutdmwAAABBJREFUKM9jGAWjYBQMKwAAA9QAAQWBn6cAAAAASUVORK5CYII=\"alt=\"\" title=\"Importante fiscalizaci\u00f3n refuerza la seguridad tur\u00edstica en Islotes de Pu\u00f1ihuil\" data-type=\"image_tag\" data-img-url=\"https:\/\/www.muniancud.cl\/portal\/wp-content\/uploads\/2026\/02\/WhatsApp-Image-2026-02-17-at-11.54.09-100x70.jpeg\"  width=\"100\" height=\"70\" \/><\/a><\/div>\n        <div class=\"item-details\">\n            <h3 class=\"entry-title td-module-title\"><a href=\"https:\/\/www.muniancud.cl\/portal\/importante-fiscalizacion-refuerza-la-seguridad-turistica-en-islotes-de-punihuil\/\" rel=\"bookmark\" title=\"Importante fiscalizaci\u00f3n refuerza la seguridad tur\u00edstica en Islotes de Pu\u00f1ihuil\">Importante fiscalizaci\u00f3n refuerza la seguridad tur\u00edstica en Islotes de Pu\u00f1ihuil<\/a><\/h3>            <div class=\"td-module-meta-info\">\n                                                <span class=\"td-post-date\"><time class=\"entry-date updated td-module-date\" datetime=\"2026-02-18T11:28:25+00:00\" >18\/02\/2026<\/time><\/span>                            <\/div>\n        <\/div>\n\n        <\/div>\n\n        \n\t<\/div> <!-- .\/td-block-span12 -->\n\n\t<div class=\"td-block-span12\">\n\n        <div class=\"td_module_6 td_module_wrap td-animation-stack\">\n\n        <div class=\"td-module-thumb\"><a href=\"https:\/\/www.muniancud.cl\/portal\/reforzaran-las-labores-de-fiscalizacion-de-la-normativa-vigente-en-materia-de-reduccion-de-residuos\/\" rel=\"bookmark\" class=\"td-image-wrap\" title=\"Reforzar\u00e1n las labores de fiscalizaci\u00f3n de la normativa vigente en materia de reducci\u00f3n de residuos\"><img loading=\"lazy\" decoding=\"async\" class=\"entry-thumb\" src=\"data:image\/png;base64,iVBORw0KGgoAAAANSUhEUgAAAGQAAABGAQMAAAAASKMqAAAAA1BMVEWurq51dlI4AAAAAXRSTlMmkutdmwAAABBJREFUKM9jGAWjYBQMKwAAA9QAAQWBn6cAAAAASUVORK5CYII=\"alt=\"\" title=\"Reforzar\u00e1n las labores de fiscalizaci\u00f3n de la normativa vigente en materia de reducci\u00f3n de residuos\" data-type=\"image_tag\" data-img-url=\"https:\/\/www.muniancud.cl\/portal\/wp-content\/uploads\/2026\/02\/Afiche_Ley-PUSU-1-100x70.png\"  width=\"100\" height=\"70\" \/><\/a><\/div>\n        <div class=\"item-details\">\n            <h3 class=\"entry-title td-module-title\"><a href=\"https:\/\/www.muniancud.cl\/portal\/reforzaran-las-labores-de-fiscalizacion-de-la-normativa-vigente-en-materia-de-reduccion-de-residuos\/\" rel=\"bookmark\" title=\"Reforzar\u00e1n las labores de fiscalizaci\u00f3n de la normativa vigente en materia de reducci\u00f3n de residuos\">Reforzar\u00e1n las labores de fiscalizaci\u00f3n de la normativa vigente en materia...<\/a><\/h3>            <div class=\"td-module-meta-info\">\n                                                <span class=\"td-post-date\"><time class=\"entry-date updated td-module-date\" datetime=\"2026-02-13T11:18:19+00:00\" >13\/02\/2026<\/time><\/span>                            <\/div>\n        <\/div>\n\n        <\/div>\n\n        \n\t<\/div> <!-- .\/td-block-span12 -->\n\n\t<div class=\"td-block-span12\">\n\n        <div class=\"td_module_6 td_module_wrap td-animation-stack\">\n\n        <div class=\"td-module-thumb\"><a href=\"https:\/\/www.muniancud.cl\/portal\/clinica-veterinaria-municipal-de-ancud-realiza-operativos-en-ancud\/\" rel=\"bookmark\" class=\"td-image-wrap\" title=\"Cl\u00ednica Veterinaria Municipal de Ancud realiza operativos en Ancud\"><img loading=\"lazy\" decoding=\"async\" class=\"entry-thumb\" src=\"data:image\/png;base64,iVBORw0KGgoAAAANSUhEUgAAAGQAAABGAQMAAAAASKMqAAAAA1BMVEWurq51dlI4AAAAAXRSTlMmkutdmwAAABBJREFUKM9jGAWjYBQMKwAAA9QAAQWBn6cAAAAASUVORK5CYII=\"alt=\"\" title=\"Cl\u00ednica Veterinaria Municipal de Ancud realiza operativos en Ancud\" data-type=\"image_tag\" data-img-url=\"https:\/\/www.muniancud.cl\/portal\/wp-content\/uploads\/2026\/02\/26fce058-78f3-4b48-bd36-b2fbf9ce61cf-100x70.jpg\"  width=\"100\" height=\"70\" \/><\/a><\/div>\n        <div class=\"item-details\">\n            <h3 class=\"entry-title td-module-title\"><a href=\"https:\/\/www.muniancud.cl\/portal\/clinica-veterinaria-municipal-de-ancud-realiza-operativos-en-ancud\/\" rel=\"bookmark\" title=\"Cl\u00ednica Veterinaria Municipal de Ancud realiza operativos en Ancud\">Cl\u00ednica Veterinaria Municipal de Ancud realiza operativos en Ancud<\/a><\/h3>            <div class=\"td-module-meta-info\">\n                                                <span class=\"td-post-date\"><time class=\"entry-date updated td-module-date\" datetime=\"2026-02-02T11:40:12+00:00\" >02\/02\/2026<\/time><\/span>                            <\/div>\n        <\/div>\n\n        <\/div>\n\n        \n\t<\/div> <!-- .\/td-block-span12 --><\/div><div class=\"td-next-prev-wrap\"><a href=\"#\" class=\"td-ajax-prev-page ajax-page-disabled\" id=\"prev-page-td_uid_3_69f27134d3ae5\" data-td_block_id=\"td_uid_3_69f27134d3ae5\"><i class=\"td-icon-font td-icon-menu-left\"><\/i><\/a><a href=\"#\"  class=\"td-ajax-next-page\" id=\"next-page-td_uid_3_69f27134d3ae5\" data-td_block_id=\"td_uid_3_69f27134d3ae5\"><i class=\"td-icon-font td-icon-menu-right\"><\/i><\/a><\/div><\/div> <!-- .\/block -->[\/vc_column][\/vc_row]<\/p>\n<\/div>","protected":false},"excerpt":{"rendered":"<p>[vc_section][vc_row][vc_column width=\u00bb2\/3&#8243;][vc_column_text]Desarrollar estrategias para reducir el impacto ambiental derivado de la actividad humana, basadas en un enfoque integral y preventivo para privilegiar la sustentabilidad en la utilizaci\u00f3n de los recursos. Contribuir al aseguramiento de la salud de la poblaci\u00f3n de la comuna a trav\u00e9s de la promoci\u00f3n, prevenci\u00f3n, protecci\u00f3n y vigilancia sanitaria. Asegurar un correcto [&hellip;]<\/p>\n","protected":false},"author":1,"featured_media":0,"parent":741,"menu_order":0,"comment_status":"closed","ping_status":"closed","template":"page-pagebuilder-title.php","meta":{"footnotes":""},"class_list":["post-1201","page","type-page","status-publish","hentry"],"_links":{"self":[{"href":"https:\/\/www.muniancud.cl\/portal\/wp-json\/wp\/v2\/pages\/1201","targetHints":{"allow":["GET"]}}],"collection":[{"href":"https:\/\/www.muniancud.cl\/portal\/wp-json\/wp\/v2\/pages"}],"about":[{"href":"https:\/\/www.muniancud.cl\/portal\/wp-json\/wp\/v2\/types\/page"}],"author":[{"embeddable":true,"href":"https:\/\/www.muniancud.cl\/portal\/wp-json\/wp\/v2\/users\/1"}],"replies":[{"embeddable":true,"href":"https:\/\/www.muniancud.cl\/portal\/wp-json\/wp\/v2\/comments?post=1201"}],"version-history":[{"count":13,"href":"https:\/\/www.muniancud.cl\/portal\/wp-json\/wp\/v2\/pages\/1201\/revisions"}],"predecessor-version":[{"id":36055,"href":"https:\/\/www.muniancud.cl\/portal\/wp-json\/wp\/v2\/pages\/1201\/revisions\/36055"}],"up":[{"embeddable":true,"href":"https:\/\/www.muniancud.cl\/portal\/wp-json\/wp\/v2\/pages\/741"}],"wp:attachment":[{"href":"https:\/\/www.muniancud.cl\/portal\/wp-json\/wp\/v2\/media?parent=1201"}],"curies":[{"name":"wp","href":"https:\/\/api.w.org\/{rel}","templated":true}]}}