{"id":22822,"date":"2018-08-29T11:54:17","date_gmt":"2018-08-29T14:54:17","guid":{"rendered":"https:\/\/www.muniancud.cl\/portal\/?page_id=22822"},"modified":"2019-05-18T13:24:48","modified_gmt":"2019-05-18T17:24:48","slug":"licitaciones-publicas","status":"publish","type":"page","link":"https:\/\/www.muniancud.cl\/portal\/licitaciones-publicas\/","title":{"rendered":"Licitaciones P\u00fablicas"},"content":{"rendered":"<div class=\"wpb-content-wrapper\"><p>[vc_row][vc_column]<div class=\"td_block_wrap td_block_3 td_uid_1_69f594156502c_rand td-pb-border-top td_block_template_8 td-column-1 td_block_padding\"  data-td-block-uid=\"td_uid_1_69f594156502c\" ><script>var block_td_uid_1_69f594156502c = new tdBlock();\nblock_td_uid_1_69f594156502c.id = \"td_uid_1_69f594156502c\";\nblock_td_uid_1_69f594156502c.atts = '{\"category_id\":\"21\",\"limit\":\"10\",\"separator\":\"\",\"custom_title\":\"\",\"custom_url\":\"\",\"block_template_id\":\"\",\"m1_tl\":\"\",\"post_ids\":\"\",\"category_ids\":\"\",\"tag_slug\":\"\",\"autors_id\":\"\",\"installed_post_types\":\"\",\"sort\":\"\",\"offset\":\"\",\"el_class\":\"\",\"td_ajax_filter_type\":\"\",\"td_ajax_filter_ids\":\"\",\"td_filter_default_txt\":\"All\",\"td_ajax_preloading\":\"\",\"f_header_font_header\":\"\",\"f_header_font_title\":\"Block header\",\"f_header_font_settings\":\"\",\"f_header_font_family\":\"\",\"f_header_font_size\":\"\",\"f_header_font_line_height\":\"\",\"f_header_font_style\":\"\",\"f_header_font_weight\":\"\",\"f_header_font_transform\":\"\",\"f_header_font_spacing\":\"\",\"f_header_\":\"\",\"f_ajax_font_title\":\"Ajax categories\",\"f_ajax_font_settings\":\"\",\"f_ajax_font_family\":\"\",\"f_ajax_font_size\":\"\",\"f_ajax_font_line_height\":\"\",\"f_ajax_font_style\":\"\",\"f_ajax_font_weight\":\"\",\"f_ajax_font_transform\":\"\",\"f_ajax_font_spacing\":\"\",\"f_ajax_\":\"\",\"f_more_font_title\":\"Load more button\",\"f_more_font_settings\":\"\",\"f_more_font_family\":\"\",\"f_more_font_size\":\"\",\"f_more_font_line_height\":\"\",\"f_more_font_style\":\"\",\"f_more_font_weight\":\"\",\"f_more_font_transform\":\"\",\"f_more_font_spacing\":\"\",\"f_more_\":\"\",\"m1f_title_font_header\":\"\",\"m1f_title_font_title\":\"Article title\",\"m1f_title_font_settings\":\"\",\"m1f_title_font_family\":\"\",\"m1f_title_font_size\":\"\",\"m1f_title_font_line_height\":\"\",\"m1f_title_font_style\":\"\",\"m1f_title_font_weight\":\"\",\"m1f_title_font_transform\":\"\",\"m1f_title_font_spacing\":\"\",\"m1f_title_\":\"\",\"m1f_cat_font_title\":\"Article category tag\",\"m1f_cat_font_settings\":\"\",\"m1f_cat_font_family\":\"\",\"m1f_cat_font_size\":\"\",\"m1f_cat_font_line_height\":\"\",\"m1f_cat_font_style\":\"\",\"m1f_cat_font_weight\":\"\",\"m1f_cat_font_transform\":\"\",\"m1f_cat_font_spacing\":\"\",\"m1f_cat_\":\"\",\"m1f_meta_font_title\":\"Article meta info\",\"m1f_meta_font_settings\":\"\",\"m1f_meta_font_family\":\"\",\"m1f_meta_font_size\":\"\",\"m1f_meta_font_line_height\":\"\",\"m1f_meta_font_style\":\"\",\"m1f_meta_font_weight\":\"\",\"m1f_meta_font_transform\":\"\",\"m1f_meta_font_spacing\":\"\",\"m1f_meta_\":\"\",\"ajax_pagination\":\"\",\"ajax_pagination_infinite_stop\":\"\",\"css\":\"\",\"tdc_css\":\"\",\"td_column_number\":1,\"header_color\":\"\",\"color_preset\":\"\",\"border_top\":\"\",\"class\":\"td_uid_1_69f594156502c_rand\",\"tdc_css_class\":\"td_uid_1_69f594156502c_rand\",\"tdc_css_class_style\":\"td_uid_1_69f594156502c_rand_style\"}';\nblock_td_uid_1_69f594156502c.td_column_number = \"1\";\nblock_td_uid_1_69f594156502c.block_type = \"td_block_3\";\nblock_td_uid_1_69f594156502c.post_count = \"10\";\nblock_td_uid_1_69f594156502c.found_posts = \"33\";\nblock_td_uid_1_69f594156502c.header_color = \"\";\nblock_td_uid_1_69f594156502c.ajax_pagination_infinite_stop = \"\";\nblock_td_uid_1_69f594156502c.max_num_pages = \"4\";\ntdBlocksArray.push(block_td_uid_1_69f594156502c);\n<\/script><div class=\"td-block-title-wrap\"><\/div><div id=td_uid_1_69f594156502c class=\"td_block_inner\">\n\n\t<div class=\"td-block-span12\">\n\n        <div class=\"td_module_1 td_module_wrap td-animation-stack\">\n            <div class=\"td-module-image\">\n                <div class=\"td-module-thumb\"><a href=\"https:\/\/www.muniancud.cl\/portal\/licitacion-publica-concesion-de-locales-del-mercado-municipal-de-ancud-enero-2026\/\" rel=\"bookmark\" class=\"td-image-wrap\" title=\"Licitaci\u00f3n P\u00fablica \u2013 Concesi\u00f3n de Locales del Mercado Municipal de Ancud, Enero 2026\"><img loading=\"lazy\" decoding=\"async\" class=\"entry-thumb\" src=\"data:image\/png;base64,iVBORw0KGgoAAAANSUhEUgAAAUQAAACgAQMAAABOhoelAAAAA1BMVEWurq51dlI4AAAAAXRSTlMmkutdmwAAAB1JREFUWMPtwTEBAAAAwiD7p\/ZdCGAAAAAAAAAQBxpAAAH8le3bAAAAAElFTkSuQmCC\"alt=\"\" title=\"Licitaci\u00f3n P\u00fablica \u2013 Concesi\u00f3n de Locales del Mercado Municipal de Ancud, Enero 2026\" data-type=\"image_tag\" data-img-url=\"https:\/\/www.muniancud.cl\/portal\/wp-content\/uploads\/2018\/01\/LP_publicacion-324x160.jpg\"  width=\"324\" height=\"160\" \/><\/a><\/div>                            <\/div>\n            <h3 class=\"entry-title td-module-title\"><a href=\"https:\/\/www.muniancud.cl\/portal\/licitacion-publica-concesion-de-locales-del-mercado-municipal-de-ancud-enero-2026\/\" rel=\"bookmark\" title=\"Licitaci\u00f3n P\u00fablica \u2013 Concesi\u00f3n de Locales del Mercado Municipal de Ancud, Enero 2026\">Licitaci\u00f3n P\u00fablica \u2013 Concesi\u00f3n de Locales del Mercado Municipal de Ancud,...<\/a><\/h3>\n            <div class=\"td-module-meta-info\">\n                                <span class=\"td-post-date\"><time class=\"entry-date updated td-module-date\" datetime=\"2026-01-07T22:11:16+00:00\" >07\/01\/2026<\/time><\/span>                            <\/div>\n\n            \n        <\/div>\n\n        \n\t<\/div> <!-- .\/td-block-span12 -->\n\n\t<div class=\"td-block-span12\">\n\n        <div class=\"td_module_1 td_module_wrap td-animation-stack\">\n            <div class=\"td-module-image\">\n                <div class=\"td-module-thumb\"><a href=\"https:\/\/www.muniancud.cl\/portal\/licitacion-publica-concesion-locales-terminal-municipal-de-buses-de-la-comuna-de-ancud-agosto-2025\/\" rel=\"bookmark\" class=\"td-image-wrap\" title=\"Licitaci\u00f3n P\u00fablica \u2013 Concesi\u00f3n Locales Terminal Municipal de Buses de la Comuna de Ancud, Agosto 2025\"><img loading=\"lazy\" decoding=\"async\" class=\"entry-thumb\" src=\"data:image\/png;base64,iVBORw0KGgoAAAANSUhEUgAAAUQAAACgAQMAAABOhoelAAAAA1BMVEWurq51dlI4AAAAAXRSTlMmkutdmwAAAB1JREFUWMPtwTEBAAAAwiD7p\/ZdCGAAAAAAAAAQBxpAAAH8le3bAAAAAElFTkSuQmCC\"alt=\"\" title=\"Licitaci\u00f3n P\u00fablica \u2013 Concesi\u00f3n Locales Terminal Municipal de Buses de la Comuna de Ancud, Agosto 2025\" data-type=\"image_tag\" data-img-url=\"https:\/\/www.muniancud.cl\/portal\/wp-content\/uploads\/2018\/01\/LP_publicacion-324x160.jpg\"  width=\"324\" height=\"160\" \/><\/a><\/div>                            <\/div>\n            <h3 class=\"entry-title td-module-title\"><a href=\"https:\/\/www.muniancud.cl\/portal\/licitacion-publica-concesion-locales-terminal-municipal-de-buses-de-la-comuna-de-ancud-agosto-2025\/\" rel=\"bookmark\" title=\"Licitaci\u00f3n P\u00fablica \u2013 Concesi\u00f3n Locales Terminal Municipal de Buses de la Comuna de Ancud, Agosto 2025\">Licitaci\u00f3n P\u00fablica \u2013 Concesi\u00f3n Locales Terminal Municipal de Buses de la...<\/a><\/h3>\n            <div class=\"td-module-meta-info\">\n                                <span class=\"td-post-date\"><time class=\"entry-date updated td-module-date\" datetime=\"2025-08-26T17:00:35+00:00\" >26\/08\/2025<\/time><\/span>                            <\/div>\n\n            \n        <\/div>\n\n        \n\t<\/div> <!-- .\/td-block-span12 -->\n\n\t<div class=\"td-block-span12\">\n\n        <div class=\"td_module_1 td_module_wrap td-animation-stack\">\n            <div class=\"td-module-image\">\n                <div class=\"td-module-thumb\"><a href=\"https:\/\/www.muniancud.cl\/portal\/licitacion-publica-concesion-de-locales-del-mercado-municipal-de-ancud-junio-2025\/\" rel=\"bookmark\" class=\"td-image-wrap\" title=\"Licitaci\u00f3n P\u00fablica \u2013 Concesi\u00f3n de Locales del Mercado Municipal de Ancud, Junio 2025\"><img loading=\"lazy\" decoding=\"async\" class=\"entry-thumb\" src=\"data:image\/png;base64,iVBORw0KGgoAAAANSUhEUgAAAUQAAACgAQMAAABOhoelAAAAA1BMVEWurq51dlI4AAAAAXRSTlMmkutdmwAAAB1JREFUWMPtwTEBAAAAwiD7p\/ZdCGAAAAAAAAAQBxpAAAH8le3bAAAAAElFTkSuQmCC\"alt=\"\" title=\"Licitaci\u00f3n P\u00fablica \u2013 Concesi\u00f3n de Locales del Mercado Municipal de Ancud, Junio 2025\" data-type=\"image_tag\" data-img-url=\"https:\/\/www.muniancud.cl\/portal\/wp-content\/uploads\/2018\/01\/LP_publicacion-324x160.jpg\"  width=\"324\" height=\"160\" \/><\/a><\/div>                            <\/div>\n            <h3 class=\"entry-title td-module-title\"><a href=\"https:\/\/www.muniancud.cl\/portal\/licitacion-publica-concesion-de-locales-del-mercado-municipal-de-ancud-junio-2025\/\" rel=\"bookmark\" title=\"Licitaci\u00f3n P\u00fablica \u2013 Concesi\u00f3n de Locales del Mercado Municipal de Ancud, Junio 2025\">Licitaci\u00f3n P\u00fablica \u2013 Concesi\u00f3n de Locales del Mercado Municipal de Ancud,...<\/a><\/h3>\n            <div class=\"td-module-meta-info\">\n                                <span class=\"td-post-date\"><time class=\"entry-date updated td-module-date\" datetime=\"2025-06-06T19:21:13+00:00\" >06\/06\/2025<\/time><\/span>                            <\/div>\n\n            \n        <\/div>\n\n        \n\t<\/div> <!-- .\/td-block-span12 -->\n\n\t<div class=\"td-block-span12\">\n\n        <div class=\"td_module_1 td_module_wrap td-animation-stack\">\n            <div class=\"td-module-image\">\n                <div class=\"td-module-thumb\"><a href=\"https:\/\/www.muniancud.cl\/portal\/licitacion-publica-concesion-locales-terminal-municipal-de-buses-de-la-comuna-de-ancud-abril-2025\/\" rel=\"bookmark\" class=\"td-image-wrap\" title=\"Licitaci\u00f3n P\u00fablica \u2013 Concesi\u00f3n Locales Terminal Municipal de Buses de la Comuna de Ancud, Abril 2025\"><img loading=\"lazy\" decoding=\"async\" class=\"entry-thumb\" src=\"data:image\/png;base64,iVBORw0KGgoAAAANSUhEUgAAAUQAAACgAQMAAABOhoelAAAAA1BMVEWurq51dlI4AAAAAXRSTlMmkutdmwAAAB1JREFUWMPtwTEBAAAAwiD7p\/ZdCGAAAAAAAAAQBxpAAAH8le3bAAAAAElFTkSuQmCC\"alt=\"\" title=\"Licitaci\u00f3n P\u00fablica \u2013 Concesi\u00f3n Locales Terminal Municipal de Buses de la Comuna de Ancud, Abril 2025\" data-type=\"image_tag\" data-img-url=\"https:\/\/www.muniancud.cl\/portal\/wp-content\/uploads\/2018\/01\/LP_publicacion-324x160.jpg\"  width=\"324\" height=\"160\" \/><\/a><\/div>                            <\/div>\n            <h3 class=\"entry-title td-module-title\"><a href=\"https:\/\/www.muniancud.cl\/portal\/licitacion-publica-concesion-locales-terminal-municipal-de-buses-de-la-comuna-de-ancud-abril-2025\/\" rel=\"bookmark\" title=\"Licitaci\u00f3n P\u00fablica \u2013 Concesi\u00f3n Locales Terminal Municipal de Buses de la Comuna de Ancud, Abril 2025\">Licitaci\u00f3n P\u00fablica \u2013 Concesi\u00f3n Locales Terminal Municipal de Buses de la...<\/a><\/h3>\n            <div class=\"td-module-meta-info\">\n                                <span class=\"td-post-date\"><time class=\"entry-date updated td-module-date\" datetime=\"2025-04-22T20:13:35+00:00\" >22\/04\/2025<\/time><\/span>                            <\/div>\n\n            \n        <\/div>\n\n        \n\t<\/div> <!-- .\/td-block-span12 -->\n\n\t<div class=\"td-block-span12\">\n\n        <div class=\"td_module_1 td_module_wrap td-animation-stack\">\n            <div class=\"td-module-image\">\n                <div class=\"td-module-thumb\"><a href=\"https:\/\/www.muniancud.cl\/portal\/licitacion-concesion-banos-publicos-costanera-comuna-de-ancud\/\" rel=\"bookmark\" class=\"td-image-wrap\" title=\"Licitaci\u00f3n: Concesi\u00f3n ba\u00f1os p\u00fablicos costanera comuna de Ancud\"><img loading=\"lazy\" decoding=\"async\" class=\"entry-thumb\" src=\"data:image\/png;base64,iVBORw0KGgoAAAANSUhEUgAAAUQAAACgAQMAAABOhoelAAAAA1BMVEWurq51dlI4AAAAAXRSTlMmkutdmwAAAB1JREFUWMPtwTEBAAAAwiD7p\/ZdCGAAAAAAAAAQBxpAAAH8le3bAAAAAElFTkSuQmCC\"alt=\"\" title=\"Licitaci\u00f3n: Concesi\u00f3n ba\u00f1os p\u00fablicos costanera comuna de Ancud\" data-type=\"image_tag\" data-img-url=\"https:\/\/www.muniancud.cl\/portal\/wp-content\/uploads\/2018\/01\/LP_publicacion-324x160.jpg\"  width=\"324\" height=\"160\" \/><\/a><\/div>                            <\/div>\n            <h3 class=\"entry-title td-module-title\"><a href=\"https:\/\/www.muniancud.cl\/portal\/licitacion-concesion-banos-publicos-costanera-comuna-de-ancud\/\" rel=\"bookmark\" title=\"Licitaci\u00f3n: Concesi\u00f3n ba\u00f1os p\u00fablicos costanera comuna de Ancud\">Licitaci\u00f3n: Concesi\u00f3n ba\u00f1os p\u00fablicos costanera comuna de Ancud<\/a><\/h3>\n            <div class=\"td-module-meta-info\">\n                                <span class=\"td-post-date\"><time class=\"entry-date updated td-module-date\" datetime=\"2025-01-23T19:51:40+00:00\" >23\/01\/2025<\/time><\/span>                            <\/div>\n\n            \n        <\/div>\n\n        \n\t<\/div> <!-- .\/td-block-span12 -->\n\n\t<div class=\"td-block-span12\">\n\n        <div class=\"td_module_1 td_module_wrap td-animation-stack\">\n            <div class=\"td-module-image\">\n                <div class=\"td-module-thumb\"><a href=\"https:\/\/www.muniancud.cl\/portal\/licitacion-publica-concesion-de-locales-del-mercado-municipal-de-ancud-agosto-2024\/\" rel=\"bookmark\" class=\"td-image-wrap\" title=\"Licitaci\u00f3n P\u00fablica \u2013 Concesi\u00f3n de Locales del Mercado Municipal de Ancud, Agosto 2024\"><img loading=\"lazy\" decoding=\"async\" class=\"entry-thumb\" src=\"data:image\/png;base64,iVBORw0KGgoAAAANSUhEUgAAAUQAAACgAQMAAABOhoelAAAAA1BMVEWurq51dlI4AAAAAXRSTlMmkutdmwAAAB1JREFUWMPtwTEBAAAAwiD7p\/ZdCGAAAAAAAAAQBxpAAAH8le3bAAAAAElFTkSuQmCC\"alt=\"\" title=\"Licitaci\u00f3n P\u00fablica \u2013 Concesi\u00f3n de Locales del Mercado Municipal de Ancud, Agosto 2024\" data-type=\"image_tag\" data-img-url=\"https:\/\/www.muniancud.cl\/portal\/wp-content\/uploads\/2018\/01\/LP_publicacion-324x160.jpg\"  width=\"324\" height=\"160\" \/><\/a><\/div>                            <\/div>\n            <h3 class=\"entry-title td-module-title\"><a href=\"https:\/\/www.muniancud.cl\/portal\/licitacion-publica-concesion-de-locales-del-mercado-municipal-de-ancud-agosto-2024\/\" rel=\"bookmark\" title=\"Licitaci\u00f3n P\u00fablica \u2013 Concesi\u00f3n de Locales del Mercado Municipal de Ancud, Agosto 2024\">Licitaci\u00f3n P\u00fablica \u2013 Concesi\u00f3n de Locales del Mercado Municipal de Ancud,...<\/a><\/h3>\n            <div class=\"td-module-meta-info\">\n                                <span class=\"td-post-date\"><time class=\"entry-date updated td-module-date\" datetime=\"2024-08-23T10:08:41+00:00\" >23\/08\/2024<\/time><\/span>                            <\/div>\n\n            \n        <\/div>\n\n        \n\t<\/div> <!-- .\/td-block-span12 -->\n\n\t<div class=\"td-block-span12\">\n\n        <div class=\"td_module_1 td_module_wrap td-animation-stack\">\n            <div class=\"td-module-image\">\n                <div class=\"td-module-thumb\"><a href=\"https:\/\/www.muniancud.cl\/portal\/licitacion-publica-concesion-locales-de-la-feria-municipal-de-ancud-mayo-2024-2\/\" rel=\"bookmark\" class=\"td-image-wrap\" title=\"Licitaci\u00f3n P\u00fablica \u2013 Concesi\u00f3n Locales de la Feria Municipal de Ancud, Mayo 2024\"><img loading=\"lazy\" decoding=\"async\" class=\"entry-thumb\" src=\"data:image\/png;base64,iVBORw0KGgoAAAANSUhEUgAAAUQAAACgAQMAAABOhoelAAAAA1BMVEWurq51dlI4AAAAAXRSTlMmkutdmwAAAB1JREFUWMPtwTEBAAAAwiD7p\/ZdCGAAAAAAAAAQBxpAAAH8le3bAAAAAElFTkSuQmCC\"alt=\"\" title=\"Licitaci\u00f3n P\u00fablica \u2013 Concesi\u00f3n Locales de la Feria Municipal de Ancud, Mayo 2024\" data-type=\"image_tag\" data-img-url=\"https:\/\/www.muniancud.cl\/portal\/wp-content\/uploads\/2024\/05\/licitacion-publica-concesion-locales-de-la-feria-municipal-de-ancud-mayo-2024-324x160.png\"  width=\"324\" height=\"160\" \/><\/a><\/div>                            <\/div>\n            <h3 class=\"entry-title td-module-title\"><a href=\"https:\/\/www.muniancud.cl\/portal\/licitacion-publica-concesion-locales-de-la-feria-municipal-de-ancud-mayo-2024-2\/\" rel=\"bookmark\" title=\"Licitaci\u00f3n P\u00fablica \u2013 Concesi\u00f3n Locales de la Feria Municipal de Ancud, Mayo 2024\">Licitaci\u00f3n P\u00fablica \u2013 Concesi\u00f3n Locales de la Feria Municipal de Ancud,...<\/a><\/h3>\n            <div class=\"td-module-meta-info\">\n                                <span class=\"td-post-date\"><time class=\"entry-date updated td-module-date\" datetime=\"2024-05-09T20:35:40+00:00\" >09\/05\/2024<\/time><\/span>                            <\/div>\n\n            \n        <\/div>\n\n        \n\t<\/div> <!-- .\/td-block-span12 -->\n\n\t<div class=\"td-block-span12\">\n\n        <div class=\"td_module_1 td_module_wrap td-animation-stack\">\n            <div class=\"td-module-image\">\n                <div class=\"td-module-thumb\"><a href=\"https:\/\/www.muniancud.cl\/portal\/licitacion-publica-concesion-locales-de-la-feria-municipal-de-ancud-mayo-2024\/\" rel=\"bookmark\" class=\"td-image-wrap\" title=\"Licitaci\u00f3n P\u00fablica \u2013 Concesi\u00f3n Locales de la Feria Municipal de Ancud, Mayo 2024\"><img loading=\"lazy\" decoding=\"async\" class=\"entry-thumb\" src=\"data:image\/png;base64,iVBORw0KGgoAAAANSUhEUgAAAUQAAACgAQMAAABOhoelAAAAA1BMVEWurq51dlI4AAAAAXRSTlMmkutdmwAAAB1JREFUWMPtwTEBAAAAwiD7p\/ZdCGAAAAAAAAAQBxpAAAH8le3bAAAAAElFTkSuQmCC\"alt=\"\" title=\"Licitaci\u00f3n P\u00fablica \u2013 Concesi\u00f3n Locales de la Feria Municipal de Ancud, Mayo 2024\" data-type=\"image_tag\" data-img-url=\"https:\/\/www.muniancud.cl\/portal\/wp-content\/uploads\/2018\/01\/LP_publicacion-324x160.jpg\"  width=\"324\" height=\"160\" \/><\/a><\/div>                            <\/div>\n            <h3 class=\"entry-title td-module-title\"><a href=\"https:\/\/www.muniancud.cl\/portal\/licitacion-publica-concesion-locales-de-la-feria-municipal-de-ancud-mayo-2024\/\" rel=\"bookmark\" title=\"Licitaci\u00f3n P\u00fablica \u2013 Concesi\u00f3n Locales de la Feria Municipal de Ancud, Mayo 2024\">Licitaci\u00f3n P\u00fablica \u2013 Concesi\u00f3n Locales de la Feria Municipal de Ancud,...<\/a><\/h3>\n            <div class=\"td-module-meta-info\">\n                                <span class=\"td-post-date\"><time class=\"entry-date updated td-module-date\" datetime=\"2024-05-09T16:15:45+00:00\" >09\/05\/2024<\/time><\/span>                            <\/div>\n\n            \n        <\/div>\n\n        \n\t<\/div> <!-- .\/td-block-span12 -->\n\n\t<div class=\"td-block-span12\">\n\n        <div class=\"td_module_1 td_module_wrap td-animation-stack\">\n            <div class=\"td-module-image\">\n                <div class=\"td-module-thumb\"><a href=\"https:\/\/www.muniancud.cl\/portal\/licitacion-publica-concesion-locales-terminal-municipal-de-buses-de-la-comuna-de-ancud-diciembre-2023\/\" rel=\"bookmark\" class=\"td-image-wrap\" title=\"Licitaci\u00f3n P\u00fablica \u2013 Concesi\u00f3n Locales Terminal Municipal de Buses de la Comuna de Ancud, Diciembre 2023\"><img loading=\"lazy\" decoding=\"async\" class=\"entry-thumb\" src=\"data:image\/png;base64,iVBORw0KGgoAAAANSUhEUgAAAUQAAACgAQMAAABOhoelAAAAA1BMVEWurq51dlI4AAAAAXRSTlMmkutdmwAAAB1JREFUWMPtwTEBAAAAwiD7p\/ZdCGAAAAAAAAAQBxpAAAH8le3bAAAAAElFTkSuQmCC\"alt=\"\" title=\"Licitaci\u00f3n P\u00fablica \u2013 Concesi\u00f3n Locales Terminal Municipal de Buses de la Comuna de Ancud, Diciembre 2023\" data-type=\"image_tag\" data-img-url=\"https:\/\/www.muniancud.cl\/portal\/wp-content\/uploads\/2018\/01\/LP_publicacion-324x160.jpg\"  width=\"324\" height=\"160\" \/><\/a><\/div>                            <\/div>\n            <h3 class=\"entry-title td-module-title\"><a href=\"https:\/\/www.muniancud.cl\/portal\/licitacion-publica-concesion-locales-terminal-municipal-de-buses-de-la-comuna-de-ancud-diciembre-2023\/\" rel=\"bookmark\" title=\"Licitaci\u00f3n P\u00fablica \u2013 Concesi\u00f3n Locales Terminal Municipal de Buses de la Comuna de Ancud, Diciembre 2023\">Licitaci\u00f3n P\u00fablica \u2013 Concesi\u00f3n Locales Terminal Municipal de Buses de la...<\/a><\/h3>\n            <div class=\"td-module-meta-info\">\n                                <span class=\"td-post-date\"><time class=\"entry-date updated td-module-date\" datetime=\"2024-01-12T16:19:02+00:00\" >12\/01\/2024<\/time><\/span>                            <\/div>\n\n            \n        <\/div>\n\n        \n\t<\/div> <!-- .\/td-block-span12 -->\n\n\t<div class=\"td-block-span12\">\n\n        <div class=\"td_module_1 td_module_wrap td-animation-stack\">\n            <div class=\"td-module-image\">\n                <div class=\"td-module-thumb\"><a href=\"https:\/\/www.muniancud.cl\/portal\/licitacion-publica-concesion-de-locales-del-mercado-municipal-de-ancud-diciembre-2023\/\" rel=\"bookmark\" class=\"td-image-wrap\" title=\"Licitaci\u00f3n P\u00fablica \u2013 Concesi\u00f3n de Locales del Mercado Municipal de Ancud, Diciembre 2023\"><img loading=\"lazy\" decoding=\"async\" class=\"entry-thumb\" src=\"data:image\/png;base64,iVBORw0KGgoAAAANSUhEUgAAAUQAAACgAQMAAABOhoelAAAAA1BMVEWurq51dlI4AAAAAXRSTlMmkutdmwAAAB1JREFUWMPtwTEBAAAAwiD7p\/ZdCGAAAAAAAAAQBxpAAAH8le3bAAAAAElFTkSuQmCC\"alt=\"\" title=\"Licitaci\u00f3n P\u00fablica \u2013 Concesi\u00f3n de Locales del Mercado Municipal de Ancud, Diciembre 2023\" data-type=\"image_tag\" data-img-url=\"https:\/\/www.muniancud.cl\/portal\/wp-content\/uploads\/2018\/01\/LP_publicacion-324x160.jpg\"  width=\"324\" height=\"160\" \/><\/a><\/div>                            <\/div>\n            <h3 class=\"entry-title td-module-title\"><a href=\"https:\/\/www.muniancud.cl\/portal\/licitacion-publica-concesion-de-locales-del-mercado-municipal-de-ancud-diciembre-2023\/\" rel=\"bookmark\" title=\"Licitaci\u00f3n P\u00fablica \u2013 Concesi\u00f3n de Locales del Mercado Municipal de Ancud, Diciembre 2023\">Licitaci\u00f3n P\u00fablica \u2013 Concesi\u00f3n de Locales del Mercado Municipal de Ancud,...<\/a><\/h3>\n            <div class=\"td-module-meta-info\">\n                                <span class=\"td-post-date\"><time class=\"entry-date updated td-module-date\" datetime=\"2023-12-12T12:42:42+00:00\" >12\/12\/2023<\/time><\/span>                            <\/div>\n\n            \n        <\/div>\n\n        \n\t<\/div> <!-- .\/td-block-span12 --><\/div><\/div> <!-- .\/block -->[\/vc_column][\/vc_row]<\/p>\n<\/div>","protected":false},"excerpt":{"rendered":"<p>[vc_row][vc_column][\/vc_column][\/vc_row]<\/p>\n","protected":false},"author":1,"featured_media":0,"parent":0,"menu_order":9,"comment_status":"closed","ping_status":"closed","template":"page-pagebuilder-title.php","meta":{"footnotes":""},"class_list":["post-22822","page","type-page","status-publish","hentry"],"_links":{"self":[{"href":"https:\/\/www.muniancud.cl\/portal\/wp-json\/wp\/v2\/pages\/22822","targetHints":{"allow":["GET"]}}],"collection":[{"href":"https:\/\/www.muniancud.cl\/portal\/wp-json\/wp\/v2\/pages"}],"about":[{"href":"https:\/\/www.muniancud.cl\/portal\/wp-json\/wp\/v2\/types\/page"}],"author":[{"embeddable":true,"href":"https:\/\/www.muniancud.cl\/portal\/wp-json\/wp\/v2\/users\/1"}],"replies":[{"embeddable":true,"href":"https:\/\/www.muniancud.cl\/portal\/wp-json\/wp\/v2\/comments?post=22822"}],"version-history":[{"count":11,"href":"https:\/\/www.muniancud.cl\/portal\/wp-json\/wp\/v2\/pages\/22822\/revisions"}],"predecessor-version":[{"id":24273,"href":"https:\/\/www.muniancud.cl\/portal\/wp-json\/wp\/v2\/pages\/22822\/revisions\/24273"}],"wp:attachment":[{"href":"https:\/\/www.muniancud.cl\/portal\/wp-json\/wp\/v2\/media?parent=22822"}],"curies":[{"name":"wp","href":"https:\/\/api.w.org\/{rel}","templated":true}]}}