{"id":31,"date":"2017-10-05T23:39:49","date_gmt":"2017-10-05T23:39:49","guid":{"rendered":"https:\/\/www.muniancud.cl\/demo\/?page_id=31"},"modified":"2025-10-03T12:24:12","modified_gmt":"2025-10-03T15:24:12","slug":"inicio","status":"publish","type":"page","link":"https:\/\/www.muniancud.cl\/portal\/","title":{"rendered":"Inicio"},"content":{"rendered":"<div class=\"wpb-content-wrapper\"><p>[vc_row disable_element=\u00bbyes\u00bb][vc_column]<div class=\"td_block_wrap td_block_trending_now td_uid_1_69f7104882a03_rand td-pb-border-top td_block_template_8\"  data-td-block-uid=\"td_uid_1_69f7104882a03\" ><script>var block_td_uid_1_69f7104882a03 = new tdBlock();\nblock_td_uid_1_69f7104882a03.id = \"td_uid_1_69f7104882a03\";\nblock_td_uid_1_69f7104882a03.atts = '{\"category_id\":\"37\",\"limit\":\"1\",\"navigation\":\"\",\"style\":\"\",\"separator\":\"\",\"post_ids\":\"\",\"category_ids\":\"\",\"tag_slug\":\"\",\"autors_id\":\"\",\"installed_post_types\":\"\",\"sort\":\"\",\"offset\":\"\",\"el_class\":\"\",\"header_text_color\":\"\",\"header_color\":\"\",\"articles_color\":\"\",\"next_prev_color\":\"\",\"next_prev_border_color\":\"\",\"f_title_font_header\":\"\",\"f_title_font_title\":\"Block title\",\"f_title_font_settings\":\"\",\"f_title_font_family\":\"\",\"f_title_font_size\":\"\",\"f_title_font_line_height\":\"\",\"f_title_font_style\":\"\",\"f_title_font_weight\":\"\",\"f_title_font_transform\":\"\",\"f_title_font_spacing\":\"\",\"f_title_\":\"\",\"f_article_font_title\":\"Articles title\",\"f_article_font_settings\":\"\",\"f_article_font_family\":\"\",\"f_article_font_size\":\"\",\"f_article_font_line_height\":\"\",\"f_article_font_style\":\"\",\"f_article_font_weight\":\"\",\"f_article_font_transform\":\"\",\"f_article_font_spacing\":\"\",\"f_article_\":\"\",\"css\":\"\",\"tdc_css\":\"\",\"block_template_id\":\"\",\"td_column_number\":1,\"ajax_pagination_infinite_stop\":\"\",\"td_ajax_preloading\":\"\",\"td_ajax_filter_type\":\"\",\"td_filter_default_txt\":\"\",\"td_ajax_filter_ids\":\"\",\"color_preset\":\"\",\"ajax_pagination\":\"\",\"border_top\":\"\",\"class\":\"td_uid_1_69f7104882a03_rand\",\"tdc_css_class\":\"td_uid_1_69f7104882a03_rand\",\"tdc_css_class_style\":\"td_uid_1_69f7104882a03_rand_style\"}';\nblock_td_uid_1_69f7104882a03.td_column_number = \"1\";\nblock_td_uid_1_69f7104882a03.block_type = \"td_block_trending_now\";\nblock_td_uid_1_69f7104882a03.post_count = \"1\";\nblock_td_uid_1_69f7104882a03.found_posts = \"177\";\nblock_td_uid_1_69f7104882a03.header_color = \"\";\nblock_td_uid_1_69f7104882a03.ajax_pagination_infinite_stop = \"\";\nblock_td_uid_1_69f7104882a03.max_num_pages = \"177\";\ntdBlocksArray.push(block_td_uid_1_69f7104882a03);\n<\/script><div id=td_uid_1_69f7104882a03 class=\"td_block_inner\">\n\n\t<div class=\"td-block-row\"><div class=\"td-trending-now-wrapper\" id=\"td_uid_1_69f7104882a03\" data-start=\"\"><div class=\"td-trending-now-title\">Alerta sanitaria<\/div><div class=\"td-trending-now-display-area\">\n        <div class=\"td_module_trending_now td-trending-now-post-0 td-trending-now-post\">\n\n            <h3 class=\"entry-title td-module-title\"><a href=\"https:\/\/www.muniancud.cl\/portal\/servicio-de-recoleccion-de-residuos-solidos-domiciliarios-6-de-marzo\/\" rel=\"bookmark\" title=\"Servicio de recolecci\u00f3n de Residuos S\u00f3lidos Domiciliarios 6 de marzo\">Servicio de recolecci\u00f3n de Residuos S\u00f3lidos Domiciliarios 6 de marzo<\/a><\/h3>\n        <\/div>\n\n        <\/div><div class=\"td-next-prev-wrap\"><a href=\"#\"\n                                  class=\"td_ajax-prev-pagex td-trending-now-nav-left\"\n                                  data-block-id=\"td_uid_1_69f7104882a03\"\n                                  data-moving=\"left\"\n                                  data-control-start=\"\"><i class=\"td-icon-menu-left\"><\/i><\/a><a href=\"#\"\n                                  class=\"td_ajax-next-pagex td-trending-now-nav-right\"\n                                  data-block-id=\"td_uid_1_69f7104882a03\"\n                                  data-moving=\"right\"\n                                  data-control-start=\"\"><i class=\"td-icon-menu-right\"><\/i><\/a><\/div><\/div><\/div><!--.\/row-fluid--><\/div><\/div> <!-- .\/block -->[\/vc_column][\/vc_row][vc_row][vc_column]\n\t\t\t<!-- START Portada REVOLUTION SLIDER 6.7.32 --><p class=\"rs-p-wp-fix\"><\/p>\n\t\t\t<rs-module-wrap id=\"rev_slider_1_1_wrapper\" data-source=\"post\" style=\"visibility:hidden;background:transparent;padding:0;margin:0px auto;margin-top:0;margin-bottom:0;max-width:1069px;\">\n\t\t\t\t<rs-module id=\"rev_slider_1_1\" class=\" rs-ov-hidden\" style=\"\" data-version=\"6.7.32\">\n\t\t\t\t\t<rs-slides style=\"overflow: hidden; position: absolute;\">\n\t\t\t\t\t\t<rs-slide style=\"position: absolute;\" data-key=\"rs-36772\" data-title=\"Saneamiento Sanitario para  Funcionamiento de Actividades Tur\u00edsticas  de la Comuna de Ancud  2026\" data-thumb=\"\/\/www.muniancud.cl\/portal\/wp-content\/uploads\/2026\/04\/Banner-2-fondo-saneamiento-100x50.png\" data-link=\"\/\/www.muniancud.cl\/portal\/saneamiento-sanitario-para-funcionamiento-de-actividades-turisticas-de-la-comuna-de-ancud-2026\/\" data-tag=\"l\" data-target=\"_self\" data-seoz=\"front\" data-anim=\"adpr:false;\" data-in=\"o:0;\" data-out=\"a:false;\">\n\t\t\t\t\t\t\t<img decoding=\"async\" src=\"\/\/www.muniancud.cl\/portal\/wp-content\/plugins\/revslider\/sr6\/assets\/assets\/dummy.png\" alt=\"\" title=\"Banner 2 fondo saneamiento\" width=\"1068\" height=\"350\" class=\"rev-slidebg tp-rs-img rs-lazyload\" data-lazyload=\"\/\/www.muniancud.cl\/portal\/wp-content\/uploads\/2026\/04\/Banner-2-fondo-saneamiento.png\" data-parallax=\"off\" data-no-retina>\n<!---->\t\t\t\t\t<\/rs-slide>\n\t\t\t\t\t\t<rs-slide style=\"position: absolute;\" data-key=\"rs-36627\" data-title=\"Ley PUSU\" data-thumb=\"\/\/www.muniancud.cl\/portal\/wp-content\/uploads\/2026\/02\/Ley-PUSU-Banner-100x50.png\" data-link=\"\/\/www.muniancud.cl\/portal\/cuidarse-siempre-esta-de-moda-2\/\" data-tag=\"l\" data-target=\"_self\" data-seoz=\"front\" data-anim=\"adpr:false;\" data-in=\"o:0;\" data-out=\"a:false;\">\n\t\t\t\t\t\t\t<img decoding=\"async\" src=\"\/\/www.muniancud.cl\/portal\/wp-content\/plugins\/revslider\/sr6\/assets\/assets\/dummy.png\" alt=\"\" title=\"Ley PUSU &#8211; Banner\" width=\"1068\" height=\"350\" class=\"rev-slidebg tp-rs-img rs-lazyload\" data-lazyload=\"\/\/www.muniancud.cl\/portal\/wp-content\/uploads\/2026\/02\/Ley-PUSU-Banner.png\" data-parallax=\"off\" data-no-retina>\n<!---->\t\t\t\t\t<\/rs-slide>\n\t\t\t\t\t\t<rs-slide style=\"position: absolute;\" data-key=\"rs-28725\" data-title=\"Permisos de Circulaci\u00f3n 2026\" data-thumb=\"\/\/www.muniancud.cl\/portal\/wp-content\/uploads\/2025\/03\/Banner-Permisos-de-Circulacion-100x50.png\" data-link=\"\/\/www.muniancud.cl\/portal\/permisos-de-circulacion-2026\/\" data-tag=\"l\" data-target=\"_self\" data-seoz=\"front\" data-anim=\"adpr:false;\" data-in=\"o:0;\" data-out=\"a:false;\">\n\t\t\t\t\t\t\t<img decoding=\"async\" src=\"\/\/www.muniancud.cl\/portal\/wp-content\/plugins\/revslider\/sr6\/assets\/assets\/dummy.png\" alt=\"\" title=\"Banner-Permisos-de-Circulacion\" width=\"1068\" height=\"350\" class=\"rev-slidebg tp-rs-img rs-lazyload\" data-lazyload=\"\/\/www.muniancud.cl\/portal\/wp-content\/uploads\/2025\/03\/Banner-Permisos-de-Circulacion.png\" data-parallax=\"off\" data-no-retina>\n<!---->\t\t\t\t\t<\/rs-slide>\n\t\t\t\t\t\t<rs-slide style=\"position: absolute;\" data-key=\"rs-36117\" data-title=\"Modificaciones de Ordenanzas Municipales, Octubre 2025\" data-thumb=\"\/\/www.muniancud.cl\/portal\/wp-content\/uploads\/2025\/10\/Banner-Ordenanzas-Municipales_02-100x50.png\" data-link=\"\/\/www.muniancud.cl\/portal\/modificaciones-de-ordenanzas-municipales-octubre-2025\/\" data-tag=\"l\" data-target=\"_self\" data-seoz=\"front\" data-anim=\"adpr:false;\" data-in=\"o:0;\" data-out=\"a:false;\">\n\t\t\t\t\t\t\t<img decoding=\"async\" src=\"\/\/www.muniancud.cl\/portal\/wp-content\/plugins\/revslider\/sr6\/assets\/assets\/dummy.png\" alt=\"\" title=\"Banner-Ordenanzas Municipales_02\" width=\"1068\" height=\"350\" class=\"rev-slidebg tp-rs-img rs-lazyload\" data-lazyload=\"\/\/www.muniancud.cl\/portal\/wp-content\/uploads\/2025\/10\/Banner-Ordenanzas-Municipales_02.png\" data-parallax=\"off\" data-no-retina>\n<!---->\t\t\t\t\t<\/rs-slide>\n\t\t\t\t\t\t<rs-slide style=\"position: absolute;\" data-key=\"rs-36129\" data-title=\"Esto es sin Juzgar\" data-thumb=\"\/\/www.muniancud.cl\/portal\/wp-content\/uploads\/2025\/10\/Esto-es-sin-juzgar_Banner_460x148-100x50.png\" data-link=\"\/\/www.muniancud.cl\/portal\/esto-es-sin-juzgar\/\" data-tag=\"l\" data-target=\"_self\" data-seoz=\"front\" data-anim=\"adpr:false;\" data-in=\"o:0;\" data-out=\"a:false;\">\n\t\t\t\t\t\t\t<img decoding=\"async\" src=\"\/\/www.muniancud.cl\/portal\/wp-content\/plugins\/revslider\/sr6\/assets\/assets\/dummy.png\" alt=\"\" title=\"Esto-es-sin-juzgar_Banner_460x148\" width=\"1380\" height=\"444\" class=\"rev-slidebg tp-rs-img rs-lazyload\" data-lazyload=\"\/\/www.muniancud.cl\/portal\/wp-content\/uploads\/2025\/10\/Esto-es-sin-juzgar_Banner_460x148.png\" data-parallax=\"off\" data-no-retina>\n<!---->\t\t\t\t\t<\/rs-slide>\n\t\t\t\t\t\t<rs-slide style=\"position: absolute;\" data-key=\"rs-35976\" data-title=\"Programas Sociales 2025\" data-thumb=\"\/\/www.muniancud.cl\/portal\/wp-content\/uploads\/2025\/10\/Banner-Programas-Sociales-100x50.png\" data-link=\"\/\/www.muniancud.cl\/portal\/programas-sociales-2025\/\" data-tag=\"l\" data-target=\"_self\" data-seoz=\"front\" data-anim=\"adpr:false;\" data-in=\"o:0;\" data-out=\"a:false;\">\n\t\t\t\t\t\t\t<img decoding=\"async\" src=\"\/\/www.muniancud.cl\/portal\/wp-content\/plugins\/revslider\/sr6\/assets\/assets\/dummy.png\" alt=\"\" title=\"Banner-Programas Sociales\" width=\"1068\" height=\"350\" class=\"rev-slidebg tp-rs-img rs-lazyload\" data-lazyload=\"\/\/www.muniancud.cl\/portal\/wp-content\/uploads\/2025\/10\/Banner-Programas-Sociales.png\" data-parallax=\"off\" data-no-retina>\n<!---->\t\t\t\t\t<\/rs-slide>\n\t\t\t\t\t\t<rs-slide style=\"position: absolute;\" data-key=\"rs-35085\" data-title=\"Postulaciones Carabineros\" data-thumb=\"\/\/www.muniancud.cl\/portal\/wp-content\/uploads\/2025\/04\/esfocar-ancud-100x50.jpg\" data-link=\"\/\/www.muniancud.cl\/portal\/postulaciones-carabineros\/\" data-tag=\"l\" data-target=\"_self\" data-seoz=\"front\" data-anim=\"adpr:false;\" data-in=\"o:0;\" data-out=\"a:false;\">\n\t\t\t\t\t\t\t<img decoding=\"async\" src=\"\/\/www.muniancud.cl\/portal\/wp-content\/plugins\/revslider\/sr6\/assets\/assets\/dummy.png\" alt=\"\" title=\"esfocar ancud\" width=\"1280\" height=\"422\" class=\"rev-slidebg tp-rs-img rs-lazyload\" data-lazyload=\"\/\/www.muniancud.cl\/portal\/wp-content\/uploads\/2025\/04\/esfocar-ancud.jpg\" data-parallax=\"off\" data-no-retina>\n<!---->\t\t\t\t\t<\/rs-slide>\n\t\t\t\t\t\t<rs-slide style=\"position: absolute;\" data-key=\"rs-29458\" data-title=\"Portal Municipal de Turismo Ancud\" data-thumb=\"\/\/www.muniancud.cl\/portal\/wp-content\/uploads\/2021\/08\/banner-ancud-turismo-1-100x50.png\" data-link=\"\/\/www.muniancud.cl\/portal\/portal-municipal-de-turismo-ancud\/\" data-tag=\"l\" data-target=\"_self\" data-seoz=\"front\" data-anim=\"adpr:false;\" data-in=\"o:0;\" data-out=\"a:false;\">\n\t\t\t\t\t\t\t<img decoding=\"async\" src=\"\/\/www.muniancud.cl\/portal\/wp-content\/plugins\/revslider\/sr6\/assets\/assets\/dummy.png\" alt=\"\" title=\"banner ancud turismo\" width=\"1068\" height=\"350\" class=\"rev-slidebg tp-rs-img rs-lazyload\" data-lazyload=\"\/\/www.muniancud.cl\/portal\/wp-content\/uploads\/2021\/08\/banner-ancud-turismo-1.png\" data-parallax=\"off\" data-no-retina>\n<!---->\t\t\t\t\t<\/rs-slide>\n\t\t\t\t\t\t<rs-slide style=\"position: absolute;\" data-key=\"rs-28502\" data-title=\"Ley 20.958 &#8211; Establece un sistema de aportes al espacio p\u00fablico\" data-thumb=\"\/\/www.muniancud.cl\/portal\/wp-content\/uploads\/2020\/12\/ley20958-100x50.png\" data-link=\"\/\/www.muniancud.cl\/portal\/ley-20-958-establece-un-sistema-de-aportes-al-espacio-publico\/\" data-tag=\"l\" data-target=\"_self\" data-seoz=\"front\" data-anim=\"adpr:false;\" data-in=\"o:0;\" data-out=\"a:false;\">\n\t\t\t\t\t\t\t<img decoding=\"async\" src=\"\/\/www.muniancud.cl\/portal\/wp-content\/plugins\/revslider\/sr6\/assets\/assets\/dummy.png\" alt=\"\" title=\"ley20958\" width=\"1068\" height=\"350\" class=\"rev-slidebg tp-rs-img rs-lazyload\" data-lazyload=\"\/\/www.muniancud.cl\/portal\/wp-content\/uploads\/2020\/12\/ley20958.png\" data-parallax=\"off\" data-no-retina>\n<!---->\t\t\t\t\t<\/rs-slide>\n\t\t\t\t\t<\/rs-slides>\n\t\t\t\t<\/rs-module>\n\t\t\t\t<script>\n\t\t\t\t\tsetREVStartSize({c: 'rev_slider_1_1',rl:[1240,1024,778,480],el:[350,350,262,164],gw:[1069,1069,800,500],gh:[350,350,262,164],type:'standard',justify:'',layout:'fullwidth',mh:\"0\"});if (window.RS_MODULES!==undefined && window.RS_MODULES.modules!==undefined && window.RS_MODULES.modules[\"revslider11\"]!==undefined) {window.RS_MODULES.modules[\"revslider11\"].once = false;window.revapi1 = undefined;if (window.RS_MODULES.checkMinimal!==undefined) window.RS_MODULES.checkMinimal()}\n\t\t\t\t<\/script>\n\t\t\t<\/rs-module-wrap>\n\t\t\t<!-- END REVOLUTION SLIDER -->\n[vc_empty_space height=\u00bb20px\u00bb][\/vc_column][\/vc_row][vc_section][vc_row disable_element=\u00bbyes\u00bb content_align_vertical=\u00bbcontent-vert-center\u00bb css=\u00bb.vc_custom_1559855356758{margin-top: -30px !important;}\u00bb][vc_column width=\u00bb1\/4&#8243;][vc_single_image image=\u00bb22845&#8243; img_size=\u00bbfull\u00bb alignment=\u00bbcenter\u00bb style=\u00bbvc_box_border\u00bb onclick=\u00bbcustom_link\u00bb img_link_target=\u00bb_blank\u00bb size=\u00bbauto\u00bb height=\u00bb73&#8243; tdc_css=\u00bbeyJhbGwiOnsibWFyZ2luLXRvcCI6Ii0zMCIsImRpc3BsYXkiOiIifX0=\u00bb link=\u00bbhttps:\/\/www.portaltransparencia.cl\/PortalPdT\/web\/guest\/directorio-de-organismos-regulados?p_p_id=pdtorganismos_WAR_pdtorganismosportlet&amp;orgcode=1416b74ccb0b60f4b186c1dca4906704&#8243;][\/vc_column][vc_column width=\u00bb1\/4&#8243;][vc_single_image image=\u00bb22846&#8243; img_size=\u00bbfull\u00bb alignment=\u00bbcenter\u00bb style=\u00bbvc_box_border\u00bb onclick=\u00bbcustom_link\u00bb img_link_target=\u00bb_blank\u00bb size=\u00bbauto\u00bb height=\u00bb73&#8243; tdc_css=\u00bbeyJhbGwiOnsibWFyZ2luLXRvcCI6Ii0zMCIsImRpc3BsYXkiOiIifX0=\u00bb link=\u00bbhttps:\/\/www.muniancud.cl\/transparencia\/municipalidad\/\u00bb][\/vc_column][vc_column width=\u00bb1\/4&#8243;][vc_single_image image=\u00bb22848&#8243; img_size=\u00bbfull\u00bb alignment=\u00bbcenter\u00bb style=\u00bbvc_box_border\u00bb onclick=\u00bbcustom_link\u00bb img_link_target=\u00bb_blank\u00bb size=\u00bbauto\u00bb height=\u00bb73&#8243; tdc_css=\u00bbeyJhbGwiOnsibWFyZ2luLXRvcCI6Ii0zMCIsImRpc3BsYXkiOiIifX0=\u00bb link=\u00bbhttps:\/\/www.leylobby.gob.cl\/instituciones\/MU006&#8243;][\/vc_column][vc_column width=\u00bb1\/4&#8243;][vc_single_image image=\u00bb24235&#8243; img_size=\u00bbfull\u00bb alignment=\u00bbcenter\u00bb style=\u00bbvc_box_border\u00bb onclick=\u00bbcustom_link\u00bb img_link_target=\u00bb_blank\u00bb size=\u00bbauto\u00bb height=\u00bb73&#8243; tdc_css=\u00bbeyJhbGwiOnsibWFyZ2luLXRvcCI6Ii0zMCIsImRpc3BsYXkiOiIifX0=\u00bb link=\u00bbhttps:\/\/www.declaracionjurada.cl\/pubsistema\/patrimonio.web.publico\/pu\/index.html?sid=639&#8243;][\/vc_column][\/vc_row][vc_row][vc_column width=\u00bb1\/4&#8243;][vc_single_image image=\u00bb26357&#8243; img_size=\u00bbfull\u00bb alignment=\u00bbcenter\u00bb style=\u00bbvc_box_border\u00bb onclick=\u00bbcustom_link\u00bb link=\u00bbhttps:\/\/www.muniancud.cl\/portal\/concejo-municipal\/concejo-online\/\u00bb][\/vc_column][vc_column width=\u00bb1\/4&#8243;][vc_single_image image=\u00bb24831&#8243; img_size=\u00bbfull\u00bb alignment=\u00bbcenter\u00bb style=\u00bbvc_box_border\u00bb onclick=\u00bbcustom_link\u00bb img_link_target=\u00bb_blank\u00bb size=\u00bbcontain\u00bb height=\u00bb73&#8243; tdc_css=\u00bbeyJhbGwiOnsibWFyZ2luLXRvcCI6Ii0zMCIsImRpc3BsYXkiOiIifX0=\u00bb link=\u00bbhttp:\/\/firmae.smc.cl\/consultadoce\/muni\/ancud.aspx\u00bb][\/vc_column][vc_column width=\u00bb1\/4&#8243;][vc_single_image image=\u00bb717&#8243; img_size=\u00bbfull\u00bb alignment=\u00bbcenter\u00bb style=\u00bbvc_box_border\u00bb onclick=\u00bbcustom_link\u00bb img_link_target=\u00bb_blank\u00bb link=\u00bbhttps:\/\/www.ancudenlinea.cl\u00bb][\/vc_column][vc_column width=\u00bb1\/4&#8243;][vc_single_image image=\u00bb720&#8243; img_size=\u00bbfull\u00bb alignment=\u00bbcenter\u00bb style=\u00bbvc_box_border\u00bb onclick=\u00bbcustom_link\u00bb link=\u00bbhttps:\/\/www.muniancud.cl\/portal\/telefonos-municipales\/\u00bb][\/vc_column][\/vc_row][vc_row][vc_column][vc_single_image image=\u00bb35875&#8243; img_size=\u00bbfull\u00bb alignment=\u00bbcenter\u00bb onclick=\u00bbcustom_link\u00bb img_link_target=\u00bb_blank\u00bb css=\u00bb\u00bb link=\u00bbhttps:\/\/www.muniancud.cl\/portal\/eventos-deportivos\u00bb][vc_empty_space][\/vc_column][\/vc_row][\/vc_section][vc_section][vc_row][vc_column][vc_column_text]<div class=\"td_block_wrap td_block_title td_uid_2_69f71048af006_rand td-pb-border-top td_block_template_8\"  data-td-block-uid=\"td_uid_2_69f71048af006\" >\n<style>\n.td_uid_2_69f71048af006_rand .td-block-title > * {\n                color: #1172ba !important;\n            }\n\n            \n            .td_uid_2_69f71048af006_rand .td-block-title > *:before,\n            .td_uid_2_69f71048af006_rand .td-block-title > *:after {\n                background-color: #1172ba !important;\n            }\n<\/style>\n<style>\n\/* custom css *\/\n.td_uid_2_69f71048af006_rand .td-block-title {\n\t\t\t\t\ttext-align: center;\n\t\t\t\t}\n\t\t\t\t.td_uid_2_69f71048af006_rand.td_block_template_4 .td-block-title > *:before {\n\t\t\t\t    right: 10px;\n\t\t\t\t}\n\t\t\t\t.td_uid_2_69f71048af006_rand.td_block_template_8 .td-block-title > * {\n\t\t\t\t\tpadding-left: 20px;\n\t\t\t\t}\n\t\t\t\t.td_uid_2_69f71048af006_rand.td_block_template_9 .td-block-title:after {\n\t\t\t\t\tright: 0;\n\t\t\t\t}\n\t\t\t\t.td_uid_2_69f71048af006_rand.td_block_template_13 .td-block-subtitle {\n\t\t\t\t\tleft: 0;\n\t\t\t\t\tright: 0;\n\t\t\t\t}\n<\/style><h1 class=\"td-block-title\"><span>Noticias<\/span><\/h1><div class=\"td_mod_wrap\"><\/div><\/div>[\/vc_column_text][\/vc_column][\/vc_row][vc_row][vc_column]<div class=\"td_block_wrap td_block_16 td_uid_3_69f71048af40f_rand td-pb-border-top td_block_template_8 td-column-1 td_block_padding\"  data-td-block-uid=\"td_uid_3_69f71048af40f\" ><script>var block_td_uid_3_69f71048af40f = new tdBlock();\nblock_td_uid_3_69f71048af40f.id = \"td_uid_3_69f71048af40f\";\nblock_td_uid_3_69f71048af40f.atts = '{\"mx7_el\":\"0\",\"category_id\":\"4\",\"tdc_css\":\"\",\"separator\":\"\",\"custom_title\":\"\",\"custom_url\":\"\",\"block_template_id\":\"\",\"mx7_tl\":\"\",\"m6_tl\":\"\",\"post_ids\":\"\",\"category_ids\":\"\",\"tag_slug\":\"\",\"autors_id\":\"\",\"installed_post_types\":\"\",\"sort\":\"\",\"limit\":\"5\",\"offset\":\"\",\"el_class\":\"\",\"td_ajax_filter_type\":\"\",\"td_ajax_filter_ids\":\"\",\"td_filter_default_txt\":\"All\",\"td_ajax_preloading\":\"\",\"f_header_font_header\":\"\",\"f_header_font_title\":\"Block header\",\"f_header_font_settings\":\"\",\"f_header_font_family\":\"\",\"f_header_font_size\":\"\",\"f_header_font_line_height\":\"\",\"f_header_font_style\":\"\",\"f_header_font_weight\":\"\",\"f_header_font_transform\":\"\",\"f_header_font_spacing\":\"\",\"f_header_\":\"\",\"f_ajax_font_title\":\"Ajax categories\",\"f_ajax_font_settings\":\"\",\"f_ajax_font_family\":\"\",\"f_ajax_font_size\":\"\",\"f_ajax_font_line_height\":\"\",\"f_ajax_font_style\":\"\",\"f_ajax_font_weight\":\"\",\"f_ajax_font_transform\":\"\",\"f_ajax_font_spacing\":\"\",\"f_ajax_\":\"\",\"f_more_font_title\":\"Load more button\",\"f_more_font_settings\":\"\",\"f_more_font_family\":\"\",\"f_more_font_size\":\"\",\"f_more_font_line_height\":\"\",\"f_more_font_style\":\"\",\"f_more_font_weight\":\"\",\"f_more_font_transform\":\"\",\"f_more_font_spacing\":\"\",\"f_more_\":\"\",\"mx7f_title_font_header\":\"\",\"mx7f_title_font_title\":\"Article title\",\"mx7f_title_font_settings\":\"\",\"mx7f_title_font_family\":\"\",\"mx7f_title_font_size\":\"\",\"mx7f_title_font_line_height\":\"\",\"mx7f_title_font_style\":\"\",\"mx7f_title_font_weight\":\"\",\"mx7f_title_font_transform\":\"\",\"mx7f_title_font_spacing\":\"\",\"mx7f_title_\":\"\",\"mx7f_cat_font_title\":\"Article category tag\",\"mx7f_cat_font_settings\":\"\",\"mx7f_cat_font_family\":\"\",\"mx7f_cat_font_size\":\"\",\"mx7f_cat_font_line_height\":\"\",\"mx7f_cat_font_style\":\"\",\"mx7f_cat_font_weight\":\"\",\"mx7f_cat_font_transform\":\"\",\"mx7f_cat_font_spacing\":\"\",\"mx7f_cat_\":\"\",\"mx7f_meta_font_title\":\"Article meta info\",\"mx7f_meta_font_settings\":\"\",\"mx7f_meta_font_family\":\"\",\"mx7f_meta_font_size\":\"\",\"mx7f_meta_font_line_height\":\"\",\"mx7f_meta_font_style\":\"\",\"mx7f_meta_font_weight\":\"\",\"mx7f_meta_font_transform\":\"\",\"mx7f_meta_font_spacing\":\"\",\"mx7f_meta_\":\"\",\"mx7f_ex_font_title\":\"Article excerpt\",\"mx7f_ex_font_settings\":\"\",\"mx7f_ex_font_family\":\"\",\"mx7f_ex_font_size\":\"\",\"mx7f_ex_font_line_height\":\"\",\"mx7f_ex_font_style\":\"\",\"mx7f_ex_font_weight\":\"\",\"mx7f_ex_font_transform\":\"\",\"mx7f_ex_font_spacing\":\"\",\"mx7f_ex_\":\"\",\"m6f_title_font_header\":\"\",\"m6f_title_font_title\":\"Article title\",\"m6f_title_font_settings\":\"\",\"m6f_title_font_family\":\"\",\"m6f_title_font_size\":\"\",\"m6f_title_font_line_height\":\"\",\"m6f_title_font_style\":\"\",\"m6f_title_font_weight\":\"\",\"m6f_title_font_transform\":\"\",\"m6f_title_font_spacing\":\"\",\"m6f_title_\":\"\",\"m6f_cat_font_title\":\"Article category tag\",\"m6f_cat_font_settings\":\"\",\"m6f_cat_font_family\":\"\",\"m6f_cat_font_size\":\"\",\"m6f_cat_font_line_height\":\"\",\"m6f_cat_font_style\":\"\",\"m6f_cat_font_weight\":\"\",\"m6f_cat_font_transform\":\"\",\"m6f_cat_font_spacing\":\"\",\"m6f_cat_\":\"\",\"m6f_meta_font_title\":\"Article meta info\",\"m6f_meta_font_settings\":\"\",\"m6f_meta_font_family\":\"\",\"m6f_meta_font_size\":\"\",\"m6f_meta_font_line_height\":\"\",\"m6f_meta_font_style\":\"\",\"m6f_meta_font_weight\":\"\",\"m6f_meta_font_transform\":\"\",\"m6f_meta_font_spacing\":\"\",\"m6f_meta_\":\"\",\"ajax_pagination\":\"\",\"ajax_pagination_infinite_stop\":\"\",\"css\":\"\",\"td_column_number\":1,\"header_color\":\"\",\"color_preset\":\"\",\"border_top\":\"\",\"class\":\"td_uid_3_69f71048af40f_rand\",\"tdc_css_class\":\"td_uid_3_69f71048af40f_rand\",\"tdc_css_class_style\":\"td_uid_3_69f71048af40f_rand_style\"}';\nblock_td_uid_3_69f71048af40f.td_column_number = \"1\";\nblock_td_uid_3_69f71048af40f.block_type = \"td_block_16\";\nblock_td_uid_3_69f71048af40f.post_count = \"5\";\nblock_td_uid_3_69f71048af40f.found_posts = \"1306\";\nblock_td_uid_3_69f71048af40f.header_color = \"\";\nblock_td_uid_3_69f71048af40f.ajax_pagination_infinite_stop = \"\";\nblock_td_uid_3_69f71048af40f.max_num_pages = \"262\";\ntdBlocksArray.push(block_td_uid_3_69f71048af40f);\n<\/script><div class=\"td-block-title-wrap\"><\/div><div id=td_uid_3_69f71048af40f class=\"td_block_inner td-column-1\">\n\n\t<div class=\"td-block-span12\">\n\n        <div class=\"td_module_6 td_module_wrap td-animation-stack\">\n\n        <div class=\"td-module-thumb\"><a href=\"https:\/\/www.muniancud.cl\/portal\/alcalde-supervisa-danos-en-semaforos-tras-temporal-en-ancud-y-anuncia-inversion-para-su-renovacion\/\" rel=\"bookmark\" class=\"td-image-wrap\" title=\"Alcalde supervisa da\u00f1os en sem\u00e1foros tras temporal en Ancud y anuncia inversi\u00f3n para su renovaci\u00f3n\"><img loading=\"lazy\" decoding=\"async\" class=\"entry-thumb\" src=\"data:image\/png;base64,iVBORw0KGgoAAAANSUhEUgAAAGQAAABGAQMAAAAASKMqAAAAA1BMVEWurq51dlI4AAAAAXRSTlMmkutdmwAAABBJREFUKM9jGAWjYBQMKwAAA9QAAQWBn6cAAAAASUVORK5CYII=\"alt=\"\" title=\"Alcalde supervisa da\u00f1os en sem\u00e1foros tras temporal en Ancud y anuncia inversi\u00f3n para su renovaci\u00f3n\" data-type=\"image_tag\" data-img-url=\"https:\/\/www.muniancud.cl\/portal\/wp-content\/uploads\/2026\/04\/683752365_10243027742132638_4727700767970113136_n-100x70.jpg\"  width=\"100\" height=\"70\" \/><\/a><\/div>\n        <div class=\"item-details\">\n            <h3 class=\"entry-title td-module-title\"><a href=\"https:\/\/www.muniancud.cl\/portal\/alcalde-supervisa-danos-en-semaforos-tras-temporal-en-ancud-y-anuncia-inversion-para-su-renovacion\/\" rel=\"bookmark\" title=\"Alcalde supervisa da\u00f1os en sem\u00e1foros tras temporal en Ancud y anuncia inversi\u00f3n para su renovaci\u00f3n\">Alcalde supervisa da\u00f1os en sem\u00e1foros tras temporal en Ancud y anuncia...<\/a><\/h3>            <div class=\"td-module-meta-info\">\n                                                <span class=\"td-post-date\"><time class=\"entry-date updated td-module-date\" datetime=\"2026-04-28T16:27:08+00:00\" >28\/04\/2026<\/time><\/span>                            <\/div>\n        <\/div>\n\n        <\/div>\n\n        \n\t<\/div> <!-- .\/td-block-span12 -->\n\n\t<div class=\"td-block-span12\">\n\n        <div class=\"td_module_6 td_module_wrap td-animation-stack\">\n\n        <div class=\"td-module-thumb\"><a href=\"https:\/\/www.muniancud.cl\/portal\/ancud-impulsa-su-turismo-en-ferias-nacionales-e-internacionales\/\" rel=\"bookmark\" class=\"td-image-wrap\" title=\"Ancud impulsa su turismo en ferias nacionales e internacionales\"><img loading=\"lazy\" decoding=\"async\" class=\"entry-thumb\" src=\"data:image\/png;base64,iVBORw0KGgoAAAANSUhEUgAAAGQAAABGAQMAAAAASKMqAAAAA1BMVEWurq51dlI4AAAAAXRSTlMmkutdmwAAABBJREFUKM9jGAWjYBQMKwAAA9QAAQWBn6cAAAAASUVORK5CYII=\"alt=\"\" title=\"Ancud impulsa su turismo en ferias nacionales e internacionales\" data-type=\"image_tag\" data-img-url=\"https:\/\/www.muniancud.cl\/portal\/wp-content\/uploads\/2026\/04\/image-5-100x70.png\"  width=\"100\" height=\"70\" \/><\/a><\/div>\n        <div class=\"item-details\">\n            <h3 class=\"entry-title td-module-title\"><a href=\"https:\/\/www.muniancud.cl\/portal\/ancud-impulsa-su-turismo-en-ferias-nacionales-e-internacionales\/\" rel=\"bookmark\" title=\"Ancud impulsa su turismo en ferias nacionales e internacionales\">Ancud impulsa su turismo en ferias nacionales e internacionales<\/a><\/h3>            <div class=\"td-module-meta-info\">\n                                                <span class=\"td-post-date\"><time class=\"entry-date updated td-module-date\" datetime=\"2026-04-27T10:39:09+00:00\" >27\/04\/2026<\/time><\/span>                            <\/div>\n        <\/div>\n\n        <\/div>\n\n        \n\t<\/div> <!-- .\/td-block-span12 -->\n\n\t<div class=\"td-block-span12\">\n\n        <div class=\"td_module_6 td_module_wrap td-animation-stack\">\n\n        <div class=\"td-module-thumb\"><a href=\"https:\/\/www.muniancud.cl\/portal\/ancud-presente-en-miami-en-el-seatrade-cruise-global-2026\/\" rel=\"bookmark\" class=\"td-image-wrap\" title=\"Ancud presente en Miami en el Seatrade Cruise Global 2026\"><img loading=\"lazy\" decoding=\"async\" class=\"entry-thumb\" src=\"data:image\/png;base64,iVBORw0KGgoAAAANSUhEUgAAAGQAAABGAQMAAAAASKMqAAAAA1BMVEWurq51dlI4AAAAAXRSTlMmkutdmwAAABBJREFUKM9jGAWjYBQMKwAAA9QAAQWBn6cAAAAASUVORK5CYII=\"alt=\"\" title=\"Ancud presente en Miami en el Seatrade Cruise Global 2026\" data-type=\"image_tag\" data-img-url=\"https:\/\/www.muniancud.cl\/portal\/wp-content\/uploads\/2026\/04\/WhatsApp-Image-2026-04-14-at-19.50.46-100x70.jpeg\"  width=\"100\" height=\"70\" \/><\/a><\/div>\n        <div class=\"item-details\">\n            <h3 class=\"entry-title td-module-title\"><a href=\"https:\/\/www.muniancud.cl\/portal\/ancud-presente-en-miami-en-el-seatrade-cruise-global-2026\/\" rel=\"bookmark\" title=\"Ancud presente en Miami en el Seatrade Cruise Global 2026\">Ancud presente en Miami en el Seatrade Cruise Global 2026<\/a><\/h3>            <div class=\"td-module-meta-info\">\n                                                <span class=\"td-post-date\"><time class=\"entry-date updated td-module-date\" datetime=\"2026-04-15T08:23:23+00:00\" >15\/04\/2026<\/time><\/span>                            <\/div>\n        <\/div>\n\n        <\/div>\n\n        \n\t<\/div> <!-- .\/td-block-span12 -->\n\n\t<div class=\"td-block-span12\">\n\n        <div class=\"td_module_6 td_module_wrap td-animation-stack\">\n\n        <div class=\"td-module-thumb\"><a href=\"https:\/\/www.muniancud.cl\/portal\/comunidad-de-ancud-participa-en-jornada-deportiva-inclusiva-por-el-autismo\/\" rel=\"bookmark\" class=\"td-image-wrap\" title=\"Comunidad de Ancud participa en jornada deportiva inclusiva por el autismo\"><img loading=\"lazy\" decoding=\"async\" class=\"entry-thumb\" src=\"data:image\/png;base64,iVBORw0KGgoAAAANSUhEUgAAAGQAAABGAQMAAAAASKMqAAAAA1BMVEWurq51dlI4AAAAAXRSTlMmkutdmwAAABBJREFUKM9jGAWjYBQMKwAAA9QAAQWBn6cAAAAASUVORK5CYII=\"alt=\"\" title=\"Comunidad de Ancud participa en jornada deportiva inclusiva por el autismo\" data-type=\"image_tag\" data-img-url=\"https:\/\/www.muniancud.cl\/portal\/wp-content\/uploads\/2026\/04\/WhatsApp-Image-2026-04-09-at-12.49.06-100x70.jpeg\"  width=\"100\" height=\"70\" \/><\/a><\/div>\n        <div class=\"item-details\">\n            <h3 class=\"entry-title td-module-title\"><a href=\"https:\/\/www.muniancud.cl\/portal\/comunidad-de-ancud-participa-en-jornada-deportiva-inclusiva-por-el-autismo\/\" rel=\"bookmark\" title=\"Comunidad de Ancud participa en jornada deportiva inclusiva por el autismo\">Comunidad de Ancud participa en jornada deportiva inclusiva por el autismo<\/a><\/h3>            <div class=\"td-module-meta-info\">\n                                                <span class=\"td-post-date\"><time class=\"entry-date updated td-module-date\" datetime=\"2026-04-09T15:17:54+00:00\" >09\/04\/2026<\/time><\/span>                            <\/div>\n        <\/div>\n\n        <\/div>\n\n        \n\t<\/div> <!-- .\/td-block-span12 -->\n\n\t<div class=\"td-block-span12\">\n\n        <div class=\"td_module_6 td_module_wrap td-animation-stack\">\n\n        <div class=\"td-module-thumb\"><a href=\"https:\/\/www.muniancud.cl\/portal\/ancud-conmemoro-el-dia-de-la-actividad-fisica-con-masiva-participacion-estudiantil\/\" rel=\"bookmark\" class=\"td-image-wrap\" title=\"Ancud conmemor\u00f3 el D\u00eda de la Actividad F\u00edsica con masiva participaci\u00f3n estudiantil\"><img loading=\"lazy\" decoding=\"async\" class=\"entry-thumb\" src=\"data:image\/png;base64,iVBORw0KGgoAAAANSUhEUgAAAGQAAABGAQMAAAAASKMqAAAAA1BMVEWurq51dlI4AAAAAXRSTlMmkutdmwAAABBJREFUKM9jGAWjYBQMKwAAA9QAAQWBn6cAAAAASUVORK5CYII=\"alt=\"\" title=\"Ancud conmemor\u00f3 el D\u00eda de la Actividad F\u00edsica con masiva participaci\u00f3n estudiantil\" data-type=\"image_tag\" data-img-url=\"https:\/\/www.muniancud.cl\/portal\/wp-content\/uploads\/2026\/04\/DSC02432-100x70.jpg\"  width=\"100\" height=\"70\" \/><\/a><\/div>\n        <div class=\"item-details\">\n            <h3 class=\"entry-title td-module-title\"><a href=\"https:\/\/www.muniancud.cl\/portal\/ancud-conmemoro-el-dia-de-la-actividad-fisica-con-masiva-participacion-estudiantil\/\" rel=\"bookmark\" title=\"Ancud conmemor\u00f3 el D\u00eda de la Actividad F\u00edsica con masiva participaci\u00f3n estudiantil\">Ancud conmemor\u00f3 el D\u00eda de la Actividad F\u00edsica con masiva participaci\u00f3n...<\/a><\/h3>            <div class=\"td-module-meta-info\">\n                                                <span class=\"td-post-date\"><time class=\"entry-date updated td-module-date\" datetime=\"2026-04-07T10:47:31+00:00\" >07\/04\/2026<\/time><\/span>                            <\/div>\n        <\/div>\n\n        <\/div>\n\n        \n\t<\/div> <!-- .\/td-block-span12 --><\/div><\/div> <!-- .\/block -->[\/vc_column][\/vc_row][\/vc_section][vc_section][vc_row][vc_column][vc_column_text]<div class=\"td_block_wrap td_block_title td_uid_4_69f71048bb78f_rand td-pb-border-top td_block_template_8\"  data-td-block-uid=\"td_uid_4_69f71048bb78f\" >\n<style>\n.td_uid_4_69f71048bb78f_rand .td-block-title > * {\n                color: #4eb857 !important;\n            }\n\n            \n            .td_uid_4_69f71048bb78f_rand .td-block-title > *:before,\n            .td_uid_4_69f71048bb78f_rand .td-block-title > *:after {\n                background-color: #4eb857 !important;\n            }\n<\/style>\n<style>\n\/* custom css *\/\n.td_uid_4_69f71048bb78f_rand .td-block-title {\n\t\t\t\t\ttext-align: center;\n\t\t\t\t}\n\t\t\t\t.td_uid_4_69f71048bb78f_rand.td_block_template_4 .td-block-title > *:before {\n\t\t\t\t    right: 10px;\n\t\t\t\t}\n\t\t\t\t.td_uid_4_69f71048bb78f_rand.td_block_template_8 .td-block-title > * {\n\t\t\t\t\tpadding-left: 20px;\n\t\t\t\t}\n\t\t\t\t.td_uid_4_69f71048bb78f_rand.td_block_template_9 .td-block-title:after {\n\t\t\t\t\tright: 0;\n\t\t\t\t}\n\t\t\t\t.td_uid_4_69f71048bb78f_rand.td_block_template_13 .td-block-subtitle {\n\t\t\t\t\tleft: 0;\n\t\t\t\t\tright: 0;\n\t\t\t\t}\n<\/style><h1 class=\"td-block-title\"><span>Servicios Municipales<\/span><\/h1><div class=\"td_mod_wrap\"><\/div><\/div>[\/vc_column_text][\/vc_column][\/vc_row][vc_row][vc_column width=\u00bb1\/4&#8243;][vc_single_image image=\u00bb519&#8243; img_size=\u00bbfull\u00bb alignment=\u00bbcenter\u00bb onclick=\u00bbcustom_link\u00bb css_animation=\u00bbnone\u00bb height=\u00bb180&#8243; size=\u00bbauto\u00bb link=\u00bbhttps:\/\/www.muniancud.cl\/portal\/unidades-municipales\/direccion-de-transito-y-transporte-publico\/\u00bb][\/vc_column][vc_column width=\u00bb1\/4&#8243;][vc_single_image image=\u00bb525&#8243; img_size=\u00bbfull\u00bb alignment=\u00bbcenter\u00bb onclick=\u00bbcustom_link\u00bb css_animation=\u00bbnone\u00bb height=\u00bb180&#8243; size=\u00bbauto\u00bb link=\u00bbhttps:\/\/www.muniancud.cl\/portal\/unidades-municipales\/juzgado-de-policia-local\/\u00bb][\/vc_column][vc_column width=\u00bb1\/4&#8243;][vc_single_image image=\u00bb527&#8243; img_size=\u00bbfull\u00bb alignment=\u00bbcenter\u00bb onclick=\u00bbcustom_link\u00bb css_animation=\u00bbnone\u00bb height=\u00bb180&#8243; size=\u00bbauto\u00bb link=\u00bbhttps:\/\/www.muniancud.cl\/portal\/unidades-municipales\/direccion-de-medio-ambiente-aseo-y-ornato\/\u00bb][\/vc_column][vc_column width=\u00bb1\/4&#8243;][vc_single_image image=\u00bb538&#8243; img_size=\u00bbfull\u00bb alignment=\u00bbcenter\u00bb onclick=\u00bbcustom_link\u00bb css_animation=\u00bbnone\u00bb height=\u00bb180&#8243; size=\u00bbauto\u00bb link=\u00bbhttps:\/\/www.muniancud.cl\/portal\/unidades-municipales\/direccion-de-obras-municipales\/\u00bb][\/vc_column][\/vc_row][\/vc_section][vc_section][vc_row][vc_column][vc_column_text]<div class=\"td_block_wrap td_block_title td_uid_5_69f71048bbc0a_rand td-pb-border-top td_block_template_8\"  data-td-block-uid=\"td_uid_5_69f71048bbc0a\" >\n<style>\n.td_uid_5_69f71048bbc0a_rand .td-block-title > * {\n                color: #1071ba !important;\n            }\n\n            \n            .td_uid_5_69f71048bbc0a_rand .td-block-title > *:before,\n            .td_uid_5_69f71048bbc0a_rand .td-block-title > *:after {\n                background-color: #1071ba !important;\n            }\n<\/style>\n<style>\n\/* custom css *\/\n.td_uid_5_69f71048bbc0a_rand .td-block-title {\n\t\t\t\t\ttext-align: center;\n\t\t\t\t}\n\t\t\t\t.td_uid_5_69f71048bbc0a_rand.td_block_template_4 .td-block-title > *:before {\n\t\t\t\t    right: 10px;\n\t\t\t\t}\n\t\t\t\t.td_uid_5_69f71048bbc0a_rand.td_block_template_8 .td-block-title > * {\n\t\t\t\t\tpadding-left: 20px;\n\t\t\t\t}\n\t\t\t\t.td_uid_5_69f71048bbc0a_rand.td_block_template_9 .td-block-title:after {\n\t\t\t\t\tright: 0;\n\t\t\t\t}\n\t\t\t\t.td_uid_5_69f71048bbc0a_rand.td_block_template_13 .td-block-subtitle {\n\t\t\t\t\tleft: 0;\n\t\t\t\t\tright: 0;\n\t\t\t\t}\n<\/style><h1 class=\"td-block-title\"><span>Sitios de Inter\u00e9s<\/span><\/h1><div class=\"td_mod_wrap\"><\/div><\/div>[\/vc_column_text][\/vc_column][\/vc_row][vc_row][vc_column][vc_row_inner][vc_column_inner width=\u00bb1\/4&#8243;][vc_single_image image=\u00bb23494&#8243; img_size=\u00bbfull\u00bb alignment=\u00bbcenter\u00bb style=\u00bbvc_box_border\u00bb onclick=\u00bbcustom_link\u00bb link=\u00bbhttps:\/\/www.muniancud.cl\/portal\/instrumentos-de-planificacion-comunal\/\u00bb][\/vc_column_inner][vc_column_inner width=\u00bb1\/4&#8243;][vc_single_image image=\u00bb715&#8243; img_size=\u00bbfull\u00bb alignment=\u00bbcenter\u00bb style=\u00bbvc_box_border\u00bb onclick=\u00bbcustom_link\u00bb link=\u00bbhttps:\/\/www.muniancud.cl\/portal\/concursos-publicos\/\u00bb][\/vc_column_inner][vc_column_inner width=\u00bb1\/4&#8243;][vc_single_image image=\u00bb22860&#8243; img_size=\u00bbfull\u00bb alignment=\u00bbcenter\u00bb style=\u00bbvc_box_border\u00bb onclick=\u00bbcustom_link\u00bb link=\u00bbhttps:\/\/www.muniancud.cl\/portal\/licitaciones-publicas\/\u00bb][\/vc_column_inner][vc_column_inner width=\u00bb1\/4&#8243;][vc_single_image image=\u00bb22859&#8243; img_size=\u00bbfull\u00bb alignment=\u00bbcenter\u00bb style=\u00bbvc_box_border\u00bb onclick=\u00bbcustom_link\u00bb css=\u00bb\u00bb link=\u00bbhttps:\/\/www.muniancud.cl\/portal\/ordenanzas\/\u00bb][\/vc_column_inner][\/vc_row_inner][vc_row_inner][vc_column_inner width=\u00bb1\/4&#8243;][vc_single_image image=\u00bb24246&#8243; img_size=\u00bbfull\u00bb alignment=\u00bbcenter\u00bb style=\u00bbvc_box_border\u00bb onclick=\u00bbcustom_link\u00bb link=\u00bbhttps:\/\/www.muniancud.cl\/portal\/unidades-municipales\/direccion-de-medio-ambiente-aseo-y-ornato\/residuos-domiciliarios\/\u00bb][\/vc_column_inner][vc_column_inner width=\u00bb1\/4&#8243;][vc_single_image image=\u00bb24252&#8243; img_size=\u00bbfull\u00bb alignment=\u00bbcenter\u00bb style=\u00bbvc_box_border\u00bb onclick=\u00bbcustom_link\u00bb img_link_target=\u00bb_blank\u00bb link=\u00bbhttp:\/\/www.mercadopublico.cl\/Portal\/FeedOrg.aspx?qs=QMK2cUEsBZi2c9QySwuA1Q==\u00bb][\/vc_column_inner][vc_column_inner width=\u00bb1\/4&#8243;][vc_single_image image=\u00bb23459&#8243; img_size=\u00bbfull\u00bb alignment=\u00bbcenter\u00bb style=\u00bbvc_box_border\u00bb onclick=\u00bbcustom_link\u00bb link=\u00bbhttps:\/\/www.muniancud.cl\/portal\/informacion-evacuacion-tsunami\/\u00bb][\/vc_column_inner][vc_column_inner width=\u00bb1\/4&#8243;][vc_single_image image=\u00bb23321&#8243; img_size=\u00bbfull\u00bb alignment=\u00bbcenter\u00bb style=\u00bbvc_box_border\u00bb onclick=\u00bbcustom_link\u00bb img_link_target=\u00bb_blank\u00bb link=\u00bbhttps:\/\/www.muniancud.cl\/portal\/unidades-municipales\/direccion-de-medio-ambiente-aseo-y-ornato\/medio-ambiente\/tenencia-responsable\/\u00bb][\/vc_column_inner][\/vc_row_inner][vc_row_inner][vc_column_inner width=\u00bb1\/4&#8243;][vc_single_image image=\u00bb22854&#8243; img_size=\u00bbfull\u00bb alignment=\u00bbcenter\u00bb style=\u00bbvc_box_border\u00bb onclick=\u00bbcustom_link\u00bb img_link_target=\u00bb_blank\u00bb link=\u00bbhttp:\/\/datos.gob.cl\/organization\/municipalidad_de_ancud\u00bb][\/vc_column_inner][vc_column_inner width=\u00bb1\/4&#8243;][vc_single_image image=\u00bb24244&#8243; img_size=\u00bbfull\u00bb alignment=\u00bbcenter\u00bb style=\u00bbvc_box_border\u00bb onclick=\u00bbcustom_link\u00bb img_link_target=\u00bb_blank\u00bb link=\u00bbhttps:\/\/www.bcn.cl\/municipalidad\/Ancud\u00bb][\/vc_column_inner][vc_column_inner width=\u00bb1\/4&#8243;][vc_single_image image=\u00bb22753&#8243; img_size=\u00bbfull\u00bb alignment=\u00bbcenter\u00bb style=\u00bbvc_box_border\u00bb onclick=\u00bbcustom_link\u00bb img_link_target=\u00bb_blank\u00bb link=\u00bbhttp:\/\/www.academia.subdere.gov.cl\/\u00bb][\/vc_column_inner][vc_column_inner width=\u00bb1\/4&#8243;][vc_single_image image=\u00bb23375&#8243; img_size=\u00bbfull\u00bb alignment=\u00bbcenter\u00bb style=\u00bbvc_box_border\u00bb onclick=\u00bbcustom_link\u00bb img_link_target=\u00bb_blank\u00bb link=\u00bbhttp:\/\/www.registrosocial.gob.cl\/\u00bb][\/vc_column_inner][\/vc_row_inner][\/vc_column][\/vc_row][vc_row disable_element=\u00bbyes\u00bb][vc_column][vc_column_text]<div class=\"td_block_wrap td_block_title td_uid_6_69f71048bbf7b_rand td-pb-border-top td_block_template_8\"  data-td-block-uid=\"td_uid_6_69f71048bbf7b\" >\n<style>\n.td_uid_6_69f71048bbf7b_rand .td-block-title > * {\n                color: #1172ba !important;\n            }\n\n            \n            .td_uid_6_69f71048bbf7b_rand .td-block-title > *:before,\n            .td_uid_6_69f71048bbf7b_rand .td-block-title > *:after {\n                background-color: #1172ba !important;\n            }\n<\/style>\n<style>\n\/* custom css *\/\n.td_uid_6_69f71048bbf7b_rand .td-block-title {\n\t\t\t\t\ttext-align: center;\n\t\t\t\t}\n\t\t\t\t.td_uid_6_69f71048bbf7b_rand.td_block_template_4 .td-block-title > *:before {\n\t\t\t\t    right: 10px;\n\t\t\t\t}\n\t\t\t\t.td_uid_6_69f71048bbf7b_rand.td_block_template_8 .td-block-title > * {\n\t\t\t\t\tpadding-left: 20px;\n\t\t\t\t}\n\t\t\t\t.td_uid_6_69f71048bbf7b_rand.td_block_template_9 .td-block-title:after {\n\t\t\t\t\tright: 0;\n\t\t\t\t}\n\t\t\t\t.td_uid_6_69f71048bbf7b_rand.td_block_template_13 .td-block-subtitle {\n\t\t\t\t\tleft: 0;\n\t\t\t\t\tright: 0;\n\t\t\t\t}\n<\/style><h1 class=\"td-block-title\"><span>Concursos P\u00fablicos<\/span><\/h1><div class=\"td_mod_wrap\"><\/div><\/div>[\/vc_column_text]<div class=\"td_block_wrap td_block_16 td_uid_7_69f71048bc2f6_rand td-pb-border-top td_block_template_8 td-column-1 td_block_padding\"  data-td-block-uid=\"td_uid_7_69f71048bc2f6\" ><script>var block_td_uid_7_69f71048bc2f6 = new tdBlock();\nblock_td_uid_7_69f71048bc2f6.id = \"td_uid_7_69f71048bc2f6\";\nblock_td_uid_7_69f71048bc2f6.atts = '{\"mx7_el\":\"0\",\"m6_tl\":\"10\",\"category_id\":\"16\",\"separator\":\"\",\"custom_title\":\"\",\"custom_url\":\"\",\"block_template_id\":\"\",\"mx7_tl\":\"\",\"post_ids\":\"\",\"category_ids\":\"\",\"tag_slug\":\"\",\"autors_id\":\"\",\"installed_post_types\":\"\",\"sort\":\"\",\"limit\":\"5\",\"offset\":\"\",\"el_class\":\"\",\"td_ajax_filter_type\":\"\",\"td_ajax_filter_ids\":\"\",\"td_filter_default_txt\":\"All\",\"td_ajax_preloading\":\"\",\"f_header_font_header\":\"\",\"f_header_font_title\":\"Block header\",\"f_header_font_settings\":\"\",\"f_header_font_family\":\"\",\"f_header_font_size\":\"\",\"f_header_font_line_height\":\"\",\"f_header_font_style\":\"\",\"f_header_font_weight\":\"\",\"f_header_font_transform\":\"\",\"f_header_font_spacing\":\"\",\"f_header_\":\"\",\"f_ajax_font_title\":\"Ajax categories\",\"f_ajax_font_settings\":\"\",\"f_ajax_font_family\":\"\",\"f_ajax_font_size\":\"\",\"f_ajax_font_line_height\":\"\",\"f_ajax_font_style\":\"\",\"f_ajax_font_weight\":\"\",\"f_ajax_font_transform\":\"\",\"f_ajax_font_spacing\":\"\",\"f_ajax_\":\"\",\"f_more_font_title\":\"Load more button\",\"f_more_font_settings\":\"\",\"f_more_font_family\":\"\",\"f_more_font_size\":\"\",\"f_more_font_line_height\":\"\",\"f_more_font_style\":\"\",\"f_more_font_weight\":\"\",\"f_more_font_transform\":\"\",\"f_more_font_spacing\":\"\",\"f_more_\":\"\",\"mx7f_title_font_header\":\"\",\"mx7f_title_font_title\":\"Article title\",\"mx7f_title_font_settings\":\"\",\"mx7f_title_font_family\":\"\",\"mx7f_title_font_size\":\"\",\"mx7f_title_font_line_height\":\"\",\"mx7f_title_font_style\":\"\",\"mx7f_title_font_weight\":\"\",\"mx7f_title_font_transform\":\"\",\"mx7f_title_font_spacing\":\"\",\"mx7f_title_\":\"\",\"mx7f_cat_font_title\":\"Article category tag\",\"mx7f_cat_font_settings\":\"\",\"mx7f_cat_font_family\":\"\",\"mx7f_cat_font_size\":\"\",\"mx7f_cat_font_line_height\":\"\",\"mx7f_cat_font_style\":\"\",\"mx7f_cat_font_weight\":\"\",\"mx7f_cat_font_transform\":\"\",\"mx7f_cat_font_spacing\":\"\",\"mx7f_cat_\":\"\",\"mx7f_meta_font_title\":\"Article meta info\",\"mx7f_meta_font_settings\":\"\",\"mx7f_meta_font_family\":\"\",\"mx7f_meta_font_size\":\"\",\"mx7f_meta_font_line_height\":\"\",\"mx7f_meta_font_style\":\"\",\"mx7f_meta_font_weight\":\"\",\"mx7f_meta_font_transform\":\"\",\"mx7f_meta_font_spacing\":\"\",\"mx7f_meta_\":\"\",\"mx7f_ex_font_title\":\"Article excerpt\",\"mx7f_ex_font_settings\":\"\",\"mx7f_ex_font_family\":\"\",\"mx7f_ex_font_size\":\"\",\"mx7f_ex_font_line_height\":\"\",\"mx7f_ex_font_style\":\"\",\"mx7f_ex_font_weight\":\"\",\"mx7f_ex_font_transform\":\"\",\"mx7f_ex_font_spacing\":\"\",\"mx7f_ex_\":\"\",\"m6f_title_font_header\":\"\",\"m6f_title_font_title\":\"Article title\",\"m6f_title_font_settings\":\"\",\"m6f_title_font_family\":\"\",\"m6f_title_font_size\":\"\",\"m6f_title_font_line_height\":\"\",\"m6f_title_font_style\":\"\",\"m6f_title_font_weight\":\"\",\"m6f_title_font_transform\":\"\",\"m6f_title_font_spacing\":\"\",\"m6f_title_\":\"\",\"m6f_cat_font_title\":\"Article category tag\",\"m6f_cat_font_settings\":\"\",\"m6f_cat_font_family\":\"\",\"m6f_cat_font_size\":\"\",\"m6f_cat_font_line_height\":\"\",\"m6f_cat_font_style\":\"\",\"m6f_cat_font_weight\":\"\",\"m6f_cat_font_transform\":\"\",\"m6f_cat_font_spacing\":\"\",\"m6f_cat_\":\"\",\"m6f_meta_font_title\":\"Article meta info\",\"m6f_meta_font_settings\":\"\",\"m6f_meta_font_family\":\"\",\"m6f_meta_font_size\":\"\",\"m6f_meta_font_line_height\":\"\",\"m6f_meta_font_style\":\"\",\"m6f_meta_font_weight\":\"\",\"m6f_meta_font_transform\":\"\",\"m6f_meta_font_spacing\":\"\",\"m6f_meta_\":\"\",\"ajax_pagination\":\"\",\"ajax_pagination_infinite_stop\":\"\",\"css\":\"\",\"tdc_css\":\"\",\"td_column_number\":1,\"header_color\":\"\",\"color_preset\":\"\",\"border_top\":\"\",\"class\":\"td_uid_7_69f71048bc2f6_rand\",\"tdc_css_class\":\"td_uid_7_69f71048bc2f6_rand\",\"tdc_css_class_style\":\"td_uid_7_69f71048bc2f6_rand_style\"}';\nblock_td_uid_7_69f71048bc2f6.td_column_number = \"1\";\nblock_td_uid_7_69f71048bc2f6.block_type = \"td_block_16\";\nblock_td_uid_7_69f71048bc2f6.post_count = \"5\";\nblock_td_uid_7_69f71048bc2f6.found_posts = \"68\";\nblock_td_uid_7_69f71048bc2f6.header_color = \"\";\nblock_td_uid_7_69f71048bc2f6.ajax_pagination_infinite_stop = \"\";\nblock_td_uid_7_69f71048bc2f6.max_num_pages = \"14\";\ntdBlocksArray.push(block_td_uid_7_69f71048bc2f6);\n<\/script><div class=\"td-block-title-wrap\"><\/div><div id=td_uid_7_69f71048bc2f6 class=\"td_block_inner td-column-1\">\n\n\t<div class=\"td-block-span12\">\n\n        <div class=\"td_module_6 td_module_wrap td-animation-stack\">\n\n        <div class=\"td-module-thumb\"><a href=\"https:\/\/www.muniancud.cl\/portal\/concurso-publico-1-cargo-profesional-para-coordinador-a-del-programa-4-a-7-mujer-trabaja-tranquila\/\" rel=\"bookmark\" class=\"td-image-wrap\" title=\"Concurso P\u00fablico \u2013 1 Cargo Profesional para Coordinador\/a del Programa \u00ab4 a 7 MUJER TRABAJA TRANQUILA\u00bb\"><img loading=\"lazy\" decoding=\"async\" class=\"entry-thumb\" src=\"data:image\/png;base64,iVBORw0KGgoAAAANSUhEUgAAAGQAAABGAQMAAAAASKMqAAAAA1BMVEWurq51dlI4AAAAAXRSTlMmkutdmwAAABBJREFUKM9jGAWjYBQMKwAAA9QAAQWBn6cAAAAASUVORK5CYII=\"alt=\"\" title=\"Concurso P\u00fablico \u2013 1 Cargo Profesional para Coordinador\/a del Programa \u00ab4 a 7 MUJER TRABAJA TRANQUILA\u00bb\" data-type=\"image_tag\" data-img-url=\"https:\/\/www.muniancud.cl\/portal\/wp-content\/uploads\/2018\/11\/CP_abierto-100x70.jpg\"  width=\"100\" height=\"70\" \/><\/a><\/div>\n        <div class=\"item-details\">\n            <h3 class=\"entry-title td-module-title\"><a href=\"https:\/\/www.muniancud.cl\/portal\/concurso-publico-1-cargo-profesional-para-coordinador-a-del-programa-4-a-7-mujer-trabaja-tranquila\/\" rel=\"bookmark\" title=\"Concurso P\u00fablico \u2013 1 Cargo Profesional para Coordinador\/a del Programa \u00ab4 a 7 MUJER TRABAJA TRANQUILA\u00bb\">Concurso P\u00fablico \u2013 1 Cargo Profesional para Coordinador\/a del...<\/a><\/h3>            <div class=\"td-module-meta-info\">\n                                                <span class=\"td-post-date\"><time class=\"entry-date updated td-module-date\" datetime=\"2026-04-16T09:41:28+00:00\" >16\/04\/2026<\/time><\/span>                            <\/div>\n        <\/div>\n\n        <\/div>\n\n        \n\t<\/div> <!-- .\/td-block-span12 -->\n\n\t<div class=\"td-block-span12\">\n\n        <div class=\"td_module_6 td_module_wrap td-animation-stack\">\n\n        <div class=\"td-module-thumb\"><a href=\"https:\/\/www.muniancud.cl\/portal\/concurso-publico-1-cargo-profesional-de-apoyo-del-programa-senda-previene\/\" rel=\"bookmark\" class=\"td-image-wrap\" title=\"Concurso P\u00fablico \u2013 1 Cargo Profesional de Apoyo del Programa SENDA Previene\"><img loading=\"lazy\" decoding=\"async\" class=\"entry-thumb\" src=\"data:image\/png;base64,iVBORw0KGgoAAAANSUhEUgAAAGQAAABGAQMAAAAASKMqAAAAA1BMVEWurq51dlI4AAAAAXRSTlMmkutdmwAAABBJREFUKM9jGAWjYBQMKwAAA9QAAQWBn6cAAAAASUVORK5CYII=\"alt=\"\" title=\"Concurso P\u00fablico \u2013 1 Cargo Profesional de Apoyo del Programa SENDA Previene\" data-type=\"image_tag\" data-img-url=\"https:\/\/www.muniancud.cl\/portal\/wp-content\/uploads\/2018\/11\/CP_finalizado-100x70.jpg\"  width=\"100\" height=\"70\" \/><\/a><\/div>\n        <div class=\"item-details\">\n            <h3 class=\"entry-title td-module-title\"><a href=\"https:\/\/www.muniancud.cl\/portal\/concurso-publico-1-cargo-profesional-de-apoyo-del-programa-senda-previene\/\" rel=\"bookmark\" title=\"Concurso P\u00fablico \u2013 1 Cargo Profesional de Apoyo del Programa SENDA Previene\">Concurso P\u00fablico \u2013 1 Cargo Profesional de Apoyo del...<\/a><\/h3>            <div class=\"td-module-meta-info\">\n                                                <span class=\"td-post-date\"><time class=\"entry-date updated td-module-date\" datetime=\"2026-02-26T15:43:42+00:00\" >26\/02\/2026<\/time><\/span>                            <\/div>\n        <\/div>\n\n        <\/div>\n\n        \n\t<\/div> <!-- .\/td-block-span12 -->\n\n\t<div class=\"td-block-span12\">\n\n        <div class=\"td_module_6 td_module_wrap td-animation-stack\">\n\n        <div class=\"td-module-thumb\"><a href=\"https:\/\/www.muniancud.cl\/portal\/concurso-publico-1-directivo-1-tecnico-3-administrativos-1-auxiliar\/\" rel=\"bookmark\" class=\"td-image-wrap\" title=\"Concurso P\u00fablico &#8211; 1 Directivo, 1 T\u00e9cnico, 3 Administrativos, 1 Auxiliar\"><img loading=\"lazy\" decoding=\"async\" class=\"entry-thumb\" src=\"data:image\/png;base64,iVBORw0KGgoAAAANSUhEUgAAAGQAAABGAQMAAAAASKMqAAAAA1BMVEWurq51dlI4AAAAAXRSTlMmkutdmwAAABBJREFUKM9jGAWjYBQMKwAAA9QAAQWBn6cAAAAASUVORK5CYII=\"alt=\"\" title=\"Concurso P\u00fablico &#8211; 1 Directivo, 1 T\u00e9cnico, 3 Administrativos, 1 Auxiliar\" data-type=\"image_tag\" data-img-url=\"https:\/\/www.muniancud.cl\/portal\/wp-content\/uploads\/2018\/11\/CP_finalizado-100x70.jpg\"  width=\"100\" height=\"70\" \/><\/a><\/div>\n        <div class=\"item-details\">\n            <h3 class=\"entry-title td-module-title\"><a href=\"https:\/\/www.muniancud.cl\/portal\/concurso-publico-1-directivo-1-tecnico-3-administrativos-1-auxiliar\/\" rel=\"bookmark\" title=\"Concurso P\u00fablico &#8211; 1 Directivo, 1 T\u00e9cnico, 3 Administrativos, 1 Auxiliar\">Concurso P\u00fablico &#8211; 1 Directivo, 1 T\u00e9cnico, 3 Administrativos,...<\/a><\/h3>            <div class=\"td-module-meta-info\">\n                                                <span class=\"td-post-date\"><time class=\"entry-date updated td-module-date\" datetime=\"2026-02-09T14:31:41+00:00\" >09\/02\/2026<\/time><\/span>                            <\/div>\n        <\/div>\n\n        <\/div>\n\n        \n\t<\/div> <!-- .\/td-block-span12 -->\n\n\t<div class=\"td-block-span12\">\n\n        <div class=\"td_module_6 td_module_wrap td-animation-stack\">\n\n        <div class=\"td-module-thumb\"><a href=\"https:\/\/www.muniancud.cl\/portal\/concurso-publico-1-cargo-profesional-pdti\/\" rel=\"bookmark\" class=\"td-image-wrap\" title=\"Concurso P\u00fablico \u2013 1 Cargo Profesional PDTI\"><img loading=\"lazy\" decoding=\"async\" class=\"entry-thumb\" src=\"data:image\/png;base64,iVBORw0KGgoAAAANSUhEUgAAAGQAAABGAQMAAAAASKMqAAAAA1BMVEWurq51dlI4AAAAAXRSTlMmkutdmwAAABBJREFUKM9jGAWjYBQMKwAAA9QAAQWBn6cAAAAASUVORK5CYII=\"alt=\"\" title=\"Concurso P\u00fablico \u2013 1 Cargo Profesional PDTI\" data-type=\"image_tag\" data-img-url=\"https:\/\/www.muniancud.cl\/portal\/wp-content\/uploads\/2018\/11\/CP_finalizado-100x70.jpg\"  width=\"100\" height=\"70\" \/><\/a><\/div>\n        <div class=\"item-details\">\n            <h3 class=\"entry-title td-module-title\"><a href=\"https:\/\/www.muniancud.cl\/portal\/concurso-publico-1-cargo-profesional-pdti\/\" rel=\"bookmark\" title=\"Concurso P\u00fablico \u2013 1 Cargo Profesional PDTI\">Concurso P\u00fablico \u2013 1 Cargo Profesional PDTI<\/a><\/h3>            <div class=\"td-module-meta-info\">\n                                                <span class=\"td-post-date\"><time class=\"entry-date updated td-module-date\" datetime=\"2025-04-15T21:04:03+00:00\" >15\/04\/2025<\/time><\/span>                            <\/div>\n        <\/div>\n\n        <\/div>\n\n        \n\t<\/div> <!-- .\/td-block-span12 -->\n\n\t<div class=\"td-block-span12\">\n\n        <div class=\"td_module_6 td_module_wrap td-animation-stack\">\n\n        <div class=\"td-module-thumb\"><a href=\"https:\/\/www.muniancud.cl\/portal\/concurso-publico-1-cargo-profesional-acompanamiento\/\" rel=\"bookmark\" class=\"td-image-wrap\" title=\"Concurso P\u00fablico \u2013 1 Cargo Profesional Acompa\u00f1amiento\"><img loading=\"lazy\" decoding=\"async\" class=\"entry-thumb\" src=\"data:image\/png;base64,iVBORw0KGgoAAAANSUhEUgAAAGQAAABGAQMAAAAASKMqAAAAA1BMVEWurq51dlI4AAAAAXRSTlMmkutdmwAAABBJREFUKM9jGAWjYBQMKwAAA9QAAQWBn6cAAAAASUVORK5CYII=\"alt=\"\" title=\"Concurso P\u00fablico \u2013 1 Cargo Profesional Acompa\u00f1amiento\" data-type=\"image_tag\" data-img-url=\"https:\/\/www.muniancud.cl\/portal\/wp-content\/uploads\/2018\/11\/CP_finalizado-100x70.jpg\"  width=\"100\" height=\"70\" \/><\/a><\/div>\n        <div class=\"item-details\">\n            <h3 class=\"entry-title td-module-title\"><a href=\"https:\/\/www.muniancud.cl\/portal\/concurso-publico-1-cargo-profesional-acompanamiento\/\" rel=\"bookmark\" title=\"Concurso P\u00fablico \u2013 1 Cargo Profesional Acompa\u00f1amiento\">Concurso P\u00fablico \u2013 1 Cargo Profesional Acompa\u00f1amiento<\/a><\/h3>            <div class=\"td-module-meta-info\">\n                                                <span class=\"td-post-date\"><time class=\"entry-date updated td-module-date\" datetime=\"2025-04-10T19:31:03+00:00\" >10\/04\/2025<\/time><\/span>                            <\/div>\n        <\/div>\n\n        <\/div>\n\n        \n\t<\/div> <!-- .\/td-block-span12 --><\/div><\/div> <!-- .\/block -->[\/vc_column][\/vc_row][\/vc_section]<\/p>\n<\/div>","protected":false},"excerpt":{"rendered":"<p>[vc_row disable_element=\u00bbyes\u00bb][vc_column][\/vc_column][\/vc_row][vc_row][vc_column][vc_empty_space height=\u00bb20px\u00bb][\/vc_column][\/vc_row][vc_section][vc_row disable_element=\u00bbyes\u00bb content_align_vertical=\u00bbcontent-vert-center\u00bb css=\u00bb.vc_custom_1559855356758{margin-top: -30px !important;}\u00bb][vc_column width=\u00bb1\/4&#8243;][vc_single_image image=\u00bb22845&#8243; img_size=\u00bbfull\u00bb alignment=\u00bbcenter\u00bb style=\u00bbvc_box_border\u00bb onclick=\u00bbcustom_link\u00bb img_link_target=\u00bb_blank\u00bb size=\u00bbauto\u00bb height=\u00bb73&#8243; tdc_css=\u00bbeyJhbGwiOnsibWFyZ2luLXRvcCI6Ii0zMCIsImRpc3BsYXkiOiIifX0=\u00bb link=\u00bbhttps:\/\/www.portaltransparencia.cl\/PortalPdT\/web\/guest\/directorio-de-organismos-regulados?p_p_id=pdtorganismos_WAR_pdtorganismosportlet&amp;orgcode=1416b74ccb0b60f4b186c1dca4906704&#8243;][\/vc_column][vc_column width=\u00bb1\/4&#8243;][vc_single_image image=\u00bb22846&#8243; img_size=\u00bbfull\u00bb alignment=\u00bbcenter\u00bb style=\u00bbvc_box_border\u00bb onclick=\u00bbcustom_link\u00bb img_link_target=\u00bb_blank\u00bb size=\u00bbauto\u00bb height=\u00bb73&#8243; tdc_css=\u00bbeyJhbGwiOnsibWFyZ2luLXRvcCI6Ii0zMCIsImRpc3BsYXkiOiIifX0=\u00bb link=\u00bbhttps:\/\/www.muniancud.cl\/transparencia\/municipalidad\/\u00bb][\/vc_column][vc_column width=\u00bb1\/4&#8243;][vc_single_image image=\u00bb22848&#8243; img_size=\u00bbfull\u00bb alignment=\u00bbcenter\u00bb style=\u00bbvc_box_border\u00bb onclick=\u00bbcustom_link\u00bb img_link_target=\u00bb_blank\u00bb size=\u00bbauto\u00bb height=\u00bb73&#8243; tdc_css=\u00bbeyJhbGwiOnsibWFyZ2luLXRvcCI6Ii0zMCIsImRpc3BsYXkiOiIifX0=\u00bb link=\u00bbhttps:\/\/www.leylobby.gob.cl\/instituciones\/MU006&#8243;][\/vc_column][vc_column width=\u00bb1\/4&#8243;][vc_single_image image=\u00bb24235&#8243; img_size=\u00bbfull\u00bb alignment=\u00bbcenter\u00bb style=\u00bbvc_box_border\u00bb onclick=\u00bbcustom_link\u00bb img_link_target=\u00bb_blank\u00bb size=\u00bbauto\u00bb height=\u00bb73&#8243; tdc_css=\u00bbeyJhbGwiOnsibWFyZ2luLXRvcCI6Ii0zMCIsImRpc3BsYXkiOiIifX0=\u00bb link=\u00bbhttps:\/\/www.declaracionjurada.cl\/pubsistema\/patrimonio.web.publico\/pu\/index.html?sid=639&#8243;][\/vc_column][\/vc_row][vc_row][vc_column width=\u00bb1\/4&#8243;][vc_single_image image=\u00bb26357&#8243; img_size=\u00bbfull\u00bb [&hellip;]<\/p>\n","protected":false},"author":1,"featured_media":0,"parent":0,"menu_order":0,"comment_status":"closed","ping_status":"closed","template":"","meta":{"footnotes":""},"class_list":["post-31","page","type-page","status-publish","hentry"],"_links":{"self":[{"href":"https:\/\/www.muniancud.cl\/portal\/wp-json\/wp\/v2\/pages\/31","targetHints":{"allow":["GET"]}}],"collection":[{"href":"https:\/\/www.muniancud.cl\/portal\/wp-json\/wp\/v2\/pages"}],"about":[{"href":"https:\/\/www.muniancud.cl\/portal\/wp-json\/wp\/v2\/types\/page"}],"author":[{"embeddable":true,"href":"https:\/\/www.muniancud.cl\/portal\/wp-json\/wp\/v2\/users\/1"}],"replies":[{"embeddable":true,"href":"https:\/\/www.muniancud.cl\/portal\/wp-json\/wp\/v2\/comments?post=31"}],"version-history":[{"count":73,"href":"https:\/\/www.muniancud.cl\/portal\/wp-json\/wp\/v2\/pages\/31\/revisions"}],"predecessor-version":[{"id":35934,"href":"https:\/\/www.muniancud.cl\/portal\/wp-json\/wp\/v2\/pages\/31\/revisions\/35934"}],"wp:attachment":[{"href":"https:\/\/www.muniancud.cl\/portal\/wp-json\/wp\/v2\/media?parent=31"}],"curies":[{"name":"wp","href":"https:\/\/api.w.org\/{rel}","templated":true}]}}