{"id":35877,"date":"2025-09-22T14:53:23","date_gmt":"2025-09-22T17:53:23","guid":{"rendered":"https:\/\/www.muniancud.cl\/portal\/?page_id=35877"},"modified":"2025-09-22T15:08:12","modified_gmt":"2025-09-22T18:08:12","slug":"eventos-deportivos","status":"publish","type":"page","link":"https:\/\/www.muniancud.cl\/portal\/eventos-deportivos\/","title":{"rendered":"Eventos Deportivos"},"content":{"rendered":"<div class=\"wpb-content-wrapper\"><p>[vc_row][vc_column width=\u00bb2\/3&#8243;][vc_single_image image=\u00bb35875&#8243; img_size=\u00bbfull\u00bb alignment=\u00bbcenter\u00bb css=\u00bb\u00bb]<div class=\"td_block_wrap td_block_11 td_uid_1_69f71ca857ba3_rand td-pb-border-top td_block_template_8 td-column-1\"  data-td-block-uid=\"td_uid_1_69f71ca857ba3\" ><script>var block_td_uid_1_69f71ca857ba3 = new tdBlock();\nblock_td_uid_1_69f71ca857ba3.id = \"td_uid_1_69f71ca857ba3\";\nblock_td_uid_1_69f71ca857ba3.atts = '{\"m10_el\":\"50\",\"category_id\":\"42\",\"limit\":\"10\",\"tdc_css\":\"\",\"separator\":\"\",\"custom_title\":\"\",\"custom_url\":\"\",\"block_template_id\":\"\",\"m10_tl\":\"\",\"post_ids\":\"\",\"category_ids\":\"\",\"tag_slug\":\"\",\"autors_id\":\"\",\"installed_post_types\":\"\",\"sort\":\"\",\"offset\":\"\",\"el_class\":\"\",\"td_ajax_filter_type\":\"\",\"td_ajax_filter_ids\":\"\",\"td_filter_default_txt\":\"All\",\"td_ajax_preloading\":\"\",\"f_header_font_header\":\"\",\"f_header_font_title\":\"Block header\",\"f_header_font_settings\":\"\",\"f_header_font_family\":\"\",\"f_header_font_size\":\"\",\"f_header_font_line_height\":\"\",\"f_header_font_style\":\"\",\"f_header_font_weight\":\"\",\"f_header_font_transform\":\"\",\"f_header_font_spacing\":\"\",\"f_header_\":\"\",\"f_ajax_font_title\":\"Ajax categories\",\"f_ajax_font_settings\":\"\",\"f_ajax_font_family\":\"\",\"f_ajax_font_size\":\"\",\"f_ajax_font_line_height\":\"\",\"f_ajax_font_style\":\"\",\"f_ajax_font_weight\":\"\",\"f_ajax_font_transform\":\"\",\"f_ajax_font_spacing\":\"\",\"f_ajax_\":\"\",\"f_more_font_title\":\"Load more button\",\"f_more_font_settings\":\"\",\"f_more_font_family\":\"\",\"f_more_font_size\":\"\",\"f_more_font_line_height\":\"\",\"f_more_font_style\":\"\",\"f_more_font_weight\":\"\",\"f_more_font_transform\":\"\",\"f_more_font_spacing\":\"\",\"f_more_\":\"\",\"m10f_title_font_header\":\"\",\"m10f_title_font_title\":\"Article title\",\"m10f_title_font_settings\":\"\",\"m10f_title_font_family\":\"\",\"m10f_title_font_size\":\"\",\"m10f_title_font_line_height\":\"\",\"m10f_title_font_style\":\"\",\"m10f_title_font_weight\":\"\",\"m10f_title_font_transform\":\"\",\"m10f_title_font_spacing\":\"\",\"m10f_title_\":\"\",\"m10f_cat_font_title\":\"Article category tag\",\"m10f_cat_font_settings\":\"\",\"m10f_cat_font_family\":\"\",\"m10f_cat_font_size\":\"\",\"m10f_cat_font_line_height\":\"\",\"m10f_cat_font_style\":\"\",\"m10f_cat_font_weight\":\"\",\"m10f_cat_font_transform\":\"\",\"m10f_cat_font_spacing\":\"\",\"m10f_cat_\":\"\",\"m10f_meta_font_title\":\"Article meta info\",\"m10f_meta_font_settings\":\"\",\"m10f_meta_font_family\":\"\",\"m10f_meta_font_size\":\"\",\"m10f_meta_font_line_height\":\"\",\"m10f_meta_font_style\":\"\",\"m10f_meta_font_weight\":\"\",\"m10f_meta_font_transform\":\"\",\"m10f_meta_font_spacing\":\"\",\"m10f_meta_\":\"\",\"m10f_ex_font_title\":\"Article excerpt\",\"m10f_ex_font_settings\":\"\",\"m10f_ex_font_family\":\"\",\"m10f_ex_font_size\":\"\",\"m10f_ex_font_line_height\":\"\",\"m10f_ex_font_style\":\"\",\"m10f_ex_font_weight\":\"\",\"m10f_ex_font_transform\":\"\",\"m10f_ex_font_spacing\":\"\",\"m10f_ex_\":\"\",\"ajax_pagination\":\"\",\"ajax_pagination_infinite_stop\":\"\",\"css\":\"\",\"td_column_number\":1,\"header_color\":\"\",\"color_preset\":\"\",\"border_top\":\"\",\"class\":\"td_uid_1_69f71ca857ba3_rand\",\"tdc_css_class\":\"td_uid_1_69f71ca857ba3_rand\",\"tdc_css_class_style\":\"td_uid_1_69f71ca857ba3_rand_style\"}';\nblock_td_uid_1_69f71ca857ba3.td_column_number = \"1\";\nblock_td_uid_1_69f71ca857ba3.block_type = \"td_block_11\";\nblock_td_uid_1_69f71ca857ba3.post_count = \"10\";\nblock_td_uid_1_69f71ca857ba3.found_posts = \"15\";\nblock_td_uid_1_69f71ca857ba3.header_color = \"\";\nblock_td_uid_1_69f71ca857ba3.ajax_pagination_infinite_stop = \"\";\nblock_td_uid_1_69f71ca857ba3.max_num_pages = \"2\";\ntdBlocksArray.push(block_td_uid_1_69f71ca857ba3);\n<\/script><div class=\"td-block-title-wrap\"><\/div><div id=td_uid_1_69f71ca857ba3 class=\"td_block_inner\">\n\n\t<div class=\"td-block-span12\">\n\n        <div class=\"td_module_10 td_module_wrap td-animation-stack\">\n            <div class=\"td-module-thumb\"><a href=\"https:\/\/www.muniancud.cl\/portal\/zumbaton-mes-de-la-mujer-1900-hrs-31-de-marzo-gimnasio-fiscal\/\" rel=\"bookmark\" class=\"td-image-wrap\" title=\"ZUMBATON MES DE LA MUJER &#8211; 19:00 HRS &#8211; 31 DE MARZO &#8211; GIMNASIO FISCAL\"><img loading=\"lazy\" decoding=\"async\" class=\"entry-thumb\" src=\"data:image\/png;base64,iVBORw0KGgoAAAANSUhEUgAAANoAAACWAQMAAACCSQSPAAAAA1BMVEWurq51dlI4AAAAAXRSTlMmkutdmwAAABpJREFUWMPtwQENAAAAwiD7p7bHBwwAAAAg7RD+AAGXD7BoAAAAAElFTkSuQmCC\"alt=\"\" title=\"ZUMBATON MES DE LA MUJER &#8211; 19:00 HRS &#8211; 31 DE MARZO &#8211; GIMNASIO FISCAL\" data-type=\"image_tag\" data-img-url=\"https:\/\/www.muniancud.cl\/portal\/wp-content\/uploads\/2026\/03\/WhatsApp-Image-2026-03-24-at-12.51.14-218x150.jpeg\"  width=\"218\" height=\"150\" \/><\/a><\/div>\n            <div class=\"item-details\">\n            <h3 class=\"entry-title td-module-title\"><a href=\"https:\/\/www.muniancud.cl\/portal\/zumbaton-mes-de-la-mujer-1900-hrs-31-de-marzo-gimnasio-fiscal\/\" rel=\"bookmark\" title=\"ZUMBATON MES DE LA MUJER &#8211; 19:00 HRS &#8211; 31 DE MARZO &#8211; GIMNASIO FISCAL\">ZUMBATON MES DE LA MUJER &#8211; 19:00 HRS &#8211; 31 DE MARZO &#8211; GIMNASIO...<\/a><\/h3>\n                <div class=\"td-module-meta-info\">\n                                                                    <span class=\"td-post-date\"><time class=\"entry-date updated td-module-date\" datetime=\"2026-03-26T11:05:22+00:00\" >26\/03\/2026<\/time><\/span>                                        <\/div>\n\n                <div class=\"td-excerpt\">\n                    \ud83d\udccd\u00a0Lugar:\u00a0Gimnasio fiscal Luis Caco Suarez\r\n\ud83d\udcc5\u00a0Fecha y hora: Martes 31 de marzo 2026, 19:00 hrs.-\r\n\ud83d\udcb2\u00a0Valor Inscripci\u00f3n:\u00a0GRATIS                <\/div>\n            <\/div>\n\n        <\/div>\n\n        \n\t<\/div> <!-- .\/td-block-span12 -->\n\n\t<div class=\"td-block-span12\">\n\n        <div class=\"td_module_10 td_module_wrap td-animation-stack\">\n            <div class=\"td-module-thumb\"><a href=\"https:\/\/www.muniancud.cl\/portal\/corrida-dia-de-la-actividad-fisica-2k-06-abril-1030hrs\/\" rel=\"bookmark\" class=\"td-image-wrap\" title=\"CORRIDA D\u00cdA DE LA ACTIVIDAD F\u00cdSICA 2K &#8211; 06 ABRIL 10:30HRS\"><img loading=\"lazy\" decoding=\"async\" class=\"entry-thumb\" src=\"data:image\/png;base64,iVBORw0KGgoAAAANSUhEUgAAANoAAACWAQMAAACCSQSPAAAAA1BMVEWurq51dlI4AAAAAXRSTlMmkutdmwAAABpJREFUWMPtwQENAAAAwiD7p7bHBwwAAAAg7RD+AAGXD7BoAAAAAElFTkSuQmCC\"alt=\"\" title=\"CORRIDA D\u00cdA DE LA ACTIVIDAD F\u00cdSICA 2K &#8211; 06 ABRIL 10:30HRS\" data-type=\"image_tag\" data-img-url=\"https:\/\/www.muniancud.cl\/portal\/wp-content\/uploads\/2026\/03\/WhatsApp-Image-2026-03-24-at-12.51.09-218x150.jpeg\"  width=\"218\" height=\"150\" \/><\/a><\/div>\n            <div class=\"item-details\">\n            <h3 class=\"entry-title td-module-title\"><a href=\"https:\/\/www.muniancud.cl\/portal\/corrida-dia-de-la-actividad-fisica-2k-06-abril-1030hrs\/\" rel=\"bookmark\" title=\"CORRIDA D\u00cdA DE LA ACTIVIDAD F\u00cdSICA 2K &#8211; 06 ABRIL 10:30HRS\">CORRIDA D\u00cdA DE LA ACTIVIDAD F\u00cdSICA 2K &#8211; 06 ABRIL 10:30HRS<\/a><\/h3>\n                <div class=\"td-module-meta-info\">\n                                                                    <span class=\"td-post-date\"><time class=\"entry-date updated td-module-date\" datetime=\"2026-03-26T11:00:32+00:00\" >26\/03\/2026<\/time><\/span>                                        <\/div>\n\n                <div class=\"td-excerpt\">\n                    \ud83d\udccd\u00a0Lugar y ruta:\u00a0Desde Mirador del Cerro, hasta el estadio Joel Fritz.\r\n\ud83d\udcc5\u00a0Fecha y hora: Lunes 06 de abril 2026, 10:30 hrs\r\n\ud83d\udcb2\u00a0Valor Inscripci\u00f3n:\u00a0GRATIS\r\n\r\n*En el estadio habr\u00e1 estan deportivos e informativos.                <\/div>\n            <\/div>\n\n        <\/div>\n\n        \n\t<\/div> <!-- .\/td-block-span12 -->\n\n\t<div class=\"td-block-span12\">\n\n        <div class=\"td_module_10 td_module_wrap td-animation-stack\">\n            <div class=\"td-module-thumb\"><a href=\"https:\/\/www.muniancud.cl\/portal\/zumbatallon-28-de-marzo-1800-hrs-escuela-pudeto\/\" rel=\"bookmark\" class=\"td-image-wrap\" title=\"ZUMBATALLON &#8211; 28 DE MARZO 18:00 HRS &#8211; ESCUELA PUDETO\"><img loading=\"lazy\" decoding=\"async\" class=\"entry-thumb\" src=\"data:image\/png;base64,iVBORw0KGgoAAAANSUhEUgAAANoAAACWAQMAAACCSQSPAAAAA1BMVEWurq51dlI4AAAAAXRSTlMmkutdmwAAABpJREFUWMPtwQENAAAAwiD7p7bHBwwAAAAg7RD+AAGXD7BoAAAAAElFTkSuQmCC\"alt=\"\" title=\"ZUMBATALLON &#8211; 28 DE MARZO 18:00 HRS &#8211; ESCUELA PUDETO\" data-type=\"image_tag\" data-img-url=\"https:\/\/www.muniancud.cl\/portal\/wp-content\/uploads\/2026\/03\/WhatsApp-Image-2026-03-21-at-17.43.50-218x150.jpeg\"  width=\"218\" height=\"150\" \/><\/a><\/div>\n            <div class=\"item-details\">\n            <h3 class=\"entry-title td-module-title\"><a href=\"https:\/\/www.muniancud.cl\/portal\/zumbatallon-28-de-marzo-1800-hrs-escuela-pudeto\/\" rel=\"bookmark\" title=\"ZUMBATALLON &#8211; 28 DE MARZO 18:00 HRS &#8211; ESCUELA PUDETO\">ZUMBATALLON &#8211; 28 DE MARZO 18:00 HRS &#8211; ESCUELA PUDETO<\/a><\/h3>\n                <div class=\"td-module-meta-info\">\n                                                                    <span class=\"td-post-date\"><time class=\"entry-date updated td-module-date\" datetime=\"2026-03-26T10:54:52+00:00\" >26\/03\/2026<\/time><\/span>                                        <\/div>\n\n                <div class=\"td-excerpt\">\n                    \ud83d\udccd\u00a0Lugar: Escuela Pudeto\r\n\ud83d\udcc5\u00a0Fecha y hora: S\u00e1bado 28 de marzo 2026 - 18:00 hrs\r\n\ud83d\udcb2\u00a0Valor Inscripci\u00f3n: $4.000.-                <\/div>\n            <\/div>\n\n        <\/div>\n\n        \n\t<\/div> <!-- .\/td-block-span12 -->\n\n\t<div class=\"td-block-span12\">\n\n        <div class=\"td_module_10 td_module_wrap td-animation-stack\">\n            <div class=\"td-module-thumb\"><a href=\"https:\/\/www.muniancud.cl\/portal\/atleta-felipe-nenen-cerrara-el-ano-en-los-10k-san-silvestre\/\" rel=\"bookmark\" class=\"td-image-wrap\" title=\"Atleta Felipe Nen\u00e9n cerrar\u00e1 el a\u00f1o en los 10K San Silvestre\"><img loading=\"lazy\" decoding=\"async\" class=\"entry-thumb\" src=\"data:image\/png;base64,iVBORw0KGgoAAAANSUhEUgAAANoAAACWAQMAAACCSQSPAAAAA1BMVEWurq51dlI4AAAAAXRSTlMmkutdmwAAABpJREFUWMPtwQENAAAAwiD7p7bHBwwAAAAg7RD+AAGXD7BoAAAAAElFTkSuQmCC\"alt=\"\" title=\"Atleta Felipe Nen\u00e9n cerrar\u00e1 el a\u00f1o en los 10K San Silvestre\" data-type=\"image_tag\" data-img-url=\"https:\/\/www.muniancud.cl\/portal\/wp-content\/uploads\/2025\/12\/WhatsApp-Image-2025-12-22-at-16.05.13-1-218x150.jpeg\"  width=\"218\" height=\"150\" \/><\/a><\/div>\n            <div class=\"item-details\">\n            <h3 class=\"entry-title td-module-title\"><a href=\"https:\/\/www.muniancud.cl\/portal\/atleta-felipe-nenen-cerrara-el-ano-en-los-10k-san-silvestre\/\" rel=\"bookmark\" title=\"Atleta Felipe Nen\u00e9n cerrar\u00e1 el a\u00f1o en los 10K San Silvestre\">Atleta Felipe Nen\u00e9n cerrar\u00e1 el a\u00f1o en los 10K San Silvestre<\/a><\/h3>\n                <div class=\"td-module-meta-info\">\n                                                                    <span class=\"td-post-date\"><time class=\"entry-date updated td-module-date\" datetime=\"2025-12-22T17:06:23+00:00\" >22\/12\/2025<\/time><\/span>                                        <\/div>\n\n                <div class=\"td-excerpt\">\n                    Una destacada actuaci\u00f3n protagoniz\u00f3 el joven atleta ancuditano Felipe Nen\u00e9n, quien se adjudic\u00f3 una nueva medalla de oro en una masiva corrida realizada en la comuna de Chiguayante, en la Regi\u00f3n del Biob\u00edo.\r\n\r\nFelipe compiti\u00f3 en la categor\u00eda 10\u201311 a\u00f1os, donde se qued\u00f3 con el primer lugar tras completar un...                <\/div>\n            <\/div>\n\n        <\/div>\n\n        \n\t<\/div> <!-- .\/td-block-span12 -->\n\n\t<div class=\"td-block-span12\">\n\n        <div class=\"td_module_10 td_module_wrap td-animation-stack\">\n            <div class=\"td-module-thumb\"><a href=\"https:\/\/www.muniancud.cl\/portal\/municipalidad-de-ancud-invita-a-la-tradicional-corrida-san-silvestre\/\" rel=\"bookmark\" class=\"td-image-wrap\" title=\"Municipalidad de Ancud invita a la tradicional Corrida San Silvestre\"><img loading=\"lazy\" decoding=\"async\" class=\"entry-thumb\" src=\"data:image\/png;base64,iVBORw0KGgoAAAANSUhEUgAAANoAAACWAQMAAACCSQSPAAAAA1BMVEWurq51dlI4AAAAAXRSTlMmkutdmwAAABpJREFUWMPtwQENAAAAwiD7p7bHBwwAAAAg7RD+AAGXD7BoAAAAAElFTkSuQmCC\"alt=\"\" title=\"Municipalidad de Ancud invita a la tradicional Corrida San Silvestre\" data-type=\"image_tag\" data-img-url=\"https:\/\/www.muniancud.cl\/portal\/wp-content\/uploads\/2025\/12\/WhatsApp-Image-2025-12-17-at-11.30.48-218x150.jpeg\"  width=\"218\" height=\"150\" \/><\/a><\/div>\n            <div class=\"item-details\">\n            <h3 class=\"entry-title td-module-title\"><a href=\"https:\/\/www.muniancud.cl\/portal\/municipalidad-de-ancud-invita-a-la-tradicional-corrida-san-silvestre\/\" rel=\"bookmark\" title=\"Municipalidad de Ancud invita a la tradicional Corrida San Silvestre\">Municipalidad de Ancud invita a la tradicional Corrida San Silvestre<\/a><\/h3>\n                <div class=\"td-module-meta-info\">\n                                                                    <span class=\"td-post-date\"><time class=\"entry-date updated td-module-date\" datetime=\"2025-12-17T16:12:53+00:00\" >17\/12\/2025<\/time><\/span>                                        <\/div>\n\n                <div class=\"td-excerpt\">\n                    La Municipalidad de Ancud, a trav\u00e9s de su Oficina de Deportes, y la Asociaci\u00f3n atl\u00e9tica de Ancud realizan una invitaci\u00f3n abierta a toda la comunidad para participar en una nueva versi\u00f3n de la tradicional Corrida San Silvestre, que se desarrollar\u00e1 los d\u00edas 30 y 31 de diciembre.\r\n\r\nAlex Villanueva, encargado...                <\/div>\n            <\/div>\n\n        <\/div>\n\n        \n\t<\/div> <!-- .\/td-block-span12 -->\n\n\t<div class=\"td-block-span12\">\n\n        <div class=\"td_module_10 td_module_wrap td-animation-stack\">\n            <div class=\"td-module-thumb\"><a href=\"https:\/\/www.muniancud.cl\/portal\/zumba-mensual-miercoles-26-de-noviembre\/\" rel=\"bookmark\" class=\"td-image-wrap\" title=\"ZUMBA MENSUAL  &#8211; MIERCOLES 26 DE NOVIEMBRE\"><img loading=\"lazy\" decoding=\"async\" class=\"entry-thumb\" src=\"data:image\/png;base64,iVBORw0KGgoAAAANSUhEUgAAANoAAACWAQMAAACCSQSPAAAAA1BMVEWurq51dlI4AAAAAXRSTlMmkutdmwAAABpJREFUWMPtwQENAAAAwiD7p7bHBwwAAAAg7RD+AAGXD7BoAAAAAElFTkSuQmCC\"alt=\"\" title=\"ZUMBA MENSUAL  &#8211; MIERCOLES 26 DE NOVIEMBRE\" data-type=\"image_tag\" data-img-url=\"https:\/\/www.muniancud.cl\/portal\/wp-content\/uploads\/2025\/11\/ZCOL-218x150.jpg\"  width=\"218\" height=\"150\" \/><\/a><\/div>\n            <div class=\"item-details\">\n            <h3 class=\"entry-title td-module-title\"><a href=\"https:\/\/www.muniancud.cl\/portal\/zumba-mensual-miercoles-26-de-noviembre\/\" rel=\"bookmark\" title=\"ZUMBA MENSUAL  &#8211; MIERCOLES 26 DE NOVIEMBRE\">ZUMBA MENSUAL  &#8211; MIERCOLES 26 DE NOVIEMBRE<\/a><\/h3>\n                <div class=\"td-module-meta-info\">\n                                                                    <span class=\"td-post-date\"><time class=\"entry-date updated td-module-date\" datetime=\"2025-11-17T09:10:33+00:00\" >17\/11\/2025<\/time><\/span>                                        <\/div>\n\n                <div class=\"td-excerpt\">\n                    \ud83d\udccd\u00a0Lugar: Gimnasio fiscal Luis Caco Suarez\r\n\ud83d\udcc5\u00a0Fecha y hora: Mi\u00e9rcoles 26 de noviembre, 19:00 hrs.-\r\n\ud83d\udcb2\u00a0Valor Inscripci\u00f3n: GRATIS                <\/div>\n            <\/div>\n\n        <\/div>\n\n        \n\t<\/div> <!-- .\/td-block-span12 -->\n\n\t<div class=\"td-block-span12\">\n\n        <div class=\"td_module_10 td_module_wrap td-animation-stack\">\n            <div class=\"td-module-thumb\"><a href=\"https:\/\/www.muniancud.cl\/portal\/campeonato-bisang-ancud-30-noviembre-2025\/\" rel=\"bookmark\" class=\"td-image-wrap\" title=\"CAMPEONATO BISANG ANCUD &#8211; 30 NOVIEMBRE 2025\"><img loading=\"lazy\" decoding=\"async\" class=\"entry-thumb\" src=\"data:image\/png;base64,iVBORw0KGgoAAAANSUhEUgAAANoAAACWAQMAAACCSQSPAAAAA1BMVEWurq51dlI4AAAAAXRSTlMmkutdmwAAABpJREFUWMPtwQENAAAAwiD7p7bHBwwAAAAg7RD+AAGXD7BoAAAAAElFTkSuQmCC\"alt=\"\" title=\"CAMPEONATO BISANG ANCUD &#8211; 30 NOVIEMBRE 2025\" data-type=\"image_tag\" data-img-url=\"https:\/\/www.muniancud.cl\/portal\/wp-content\/uploads\/2025\/11\/Sbisang-218x150.jpg\"  width=\"218\" height=\"150\" \/><\/a><\/div>\n            <div class=\"item-details\">\n            <h3 class=\"entry-title td-module-title\"><a href=\"https:\/\/www.muniancud.cl\/portal\/campeonato-bisang-ancud-30-noviembre-2025\/\" rel=\"bookmark\" title=\"CAMPEONATO BISANG ANCUD &#8211; 30 NOVIEMBRE 2025\">CAMPEONATO BISANG ANCUD &#8211; 30 NOVIEMBRE 2025<\/a><\/h3>\n                <div class=\"td-module-meta-info\">\n                                                                    <span class=\"td-post-date\"><time class=\"entry-date updated td-module-date\" datetime=\"2025-11-17T08:35:05+00:00\" >17\/11\/2025<\/time><\/span>                                        <\/div>\n\n                <div class=\"td-excerpt\">\n                    \ud83d\udccd\u00a0Lugar: Gimnasio Fiscal\u00a0 Luis Caco Suarez\r\n\ud83d\udcc5\u00a0Fecha: 30 noviembre 2025\r\n\ud83d\udcb2\u00a0Valor Entrada: $1.000.-                <\/div>\n            <\/div>\n\n        <\/div>\n\n        \n\t<\/div> <!-- .\/td-block-span12 -->\n\n\t<div class=\"td-block-span12\">\n\n        <div class=\"td_module_10 td_module_wrap td-animation-stack\">\n            <div class=\"td-module-thumb\"><a href=\"https:\/\/www.muniancud.cl\/portal\/evento-de-zumba-sabado-22-noviembre-2025\/\" rel=\"bookmark\" class=\"td-image-wrap\" title=\"EVENTO DE ZUMBA &#8211; S\u00c1BADO 22 NOVIEMBRE 2025\"><img loading=\"lazy\" decoding=\"async\" class=\"entry-thumb\" src=\"data:image\/png;base64,iVBORw0KGgoAAAANSUhEUgAAANoAAACWAQMAAACCSQSPAAAAA1BMVEWurq51dlI4AAAAAXRSTlMmkutdmwAAABpJREFUWMPtwQENAAAAwiD7p7bHBwwAAAAg7RD+AAGXD7BoAAAAAElFTkSuQmCC\"alt=\"\" title=\"EVENTO DE ZUMBA &#8211; S\u00c1BADO 22 NOVIEMBRE 2025\" data-type=\"image_tag\" data-img-url=\"https:\/\/www.muniancud.cl\/portal\/wp-content\/uploads\/2025\/11\/WhatsApp-Image-2025-11-11-at-08.33.20-218x150.jpeg\"  width=\"218\" height=\"150\" \/><\/a><\/div>\n            <div class=\"item-details\">\n            <h3 class=\"entry-title td-module-title\"><a href=\"https:\/\/www.muniancud.cl\/portal\/evento-de-zumba-sabado-22-noviembre-2025\/\" rel=\"bookmark\" title=\"EVENTO DE ZUMBA &#8211; S\u00c1BADO 22 NOVIEMBRE 2025\">EVENTO DE ZUMBA &#8211; S\u00c1BADO 22 NOVIEMBRE 2025<\/a><\/h3>\n                <div class=\"td-module-meta-info\">\n                                                                    <span class=\"td-post-date\"><time class=\"entry-date updated td-module-date\" datetime=\"2025-11-11T08:43:25+00:00\" >11\/11\/2025<\/time><\/span>                                        <\/div>\n\n                <div class=\"td-excerpt\">\n                    \ud83d\udccd\u00a0Lugar: Gimnasio Escuela Pudeto\r\n\ud83d\udcc5\u00a0Fecha: S\u00e1bado 22 noviembre 2025 - 18:00 hrs\r\n\ud83d\udcb2\u00a0Valor Inscripci\u00f3n: $3.000.-                <\/div>\n            <\/div>\n\n        <\/div>\n\n        \n\t<\/div> <!-- .\/td-block-span12 -->\n\n\t<div class=\"td-block-span12\">\n\n        <div class=\"td_module_10 td_module_wrap td-animation-stack\">\n            <div class=\"td-module-thumb\"><a href=\"https:\/\/www.muniancud.cl\/portal\/salida-grupal-mtb-domingo-23-de-noviembre-2025\/\" rel=\"bookmark\" class=\"td-image-wrap\" title=\"Salida Grupal \u00abMTB\u00bb &#8211; Domingo 23 de noviembre 2025.-\"><img loading=\"lazy\" decoding=\"async\" class=\"entry-thumb\" src=\"data:image\/png;base64,iVBORw0KGgoAAAANSUhEUgAAANoAAACWAQMAAACCSQSPAAAAA1BMVEWurq51dlI4AAAAAXRSTlMmkutdmwAAABpJREFUWMPtwQENAAAAwiD7p7bHBwwAAAAg7RD+AAGXD7BoAAAAAElFTkSuQmCC\"alt=\"\" title=\"Salida Grupal \u00abMTB\u00bb &#8211; Domingo 23 de noviembre 2025.-\" data-type=\"image_tag\" data-img-url=\"https:\/\/www.muniancud.cl\/portal\/wp-content\/uploads\/2025\/11\/Salida-Grupal-MTB-218x150.png\"  width=\"218\" height=\"150\" \/><\/a><\/div>\n            <div class=\"item-details\">\n            <h3 class=\"entry-title td-module-title\"><a href=\"https:\/\/www.muniancud.cl\/portal\/salida-grupal-mtb-domingo-23-de-noviembre-2025\/\" rel=\"bookmark\" title=\"Salida Grupal \u00abMTB\u00bb &#8211; Domingo 23 de noviembre 2025.-\">Salida Grupal \u00abMTB\u00bb &#8211; Domingo 23 de noviembre 2025.-<\/a><\/h3>\n                <div class=\"td-module-meta-info\">\n                                                                    <span class=\"td-post-date\"><time class=\"entry-date updated td-module-date\" datetime=\"2025-11-11T08:33:20+00:00\" >11\/11\/2025<\/time><\/span>                                        <\/div>\n\n                <div class=\"td-excerpt\">\n                    \ud83d\udccd\u00a0Lugar encuentro: Puente Pudeto, Club 300.-\r\n\ud83d\udcc5\u00a0Fecha y hora: Domingo 23 de noviembre 2025, 10:00 hrs\r\n\ud83d\udcb2\u00a0Valor Inscripci\u00f3n: GRATIS\r\n\ud83c\udfc5\u00a0Categor\u00edas: FAMILIAR\r\n                <\/div>\n            <\/div>\n\n        <\/div>\n\n        \n\t<\/div> <!-- .\/td-block-span12 -->\n\n\t<div class=\"td-block-span12\">\n\n        <div class=\"td_module_10 td_module_wrap td-animation-stack\">\n            <div class=\"td-module-thumb\"><a href=\"https:\/\/www.muniancud.cl\/portal\/talleres-deportivos-y-actividad-fisica\/\" rel=\"bookmark\" class=\"td-image-wrap\" title=\"TALLERES DEPORTIVOS Y ACTIVIDAD FISICA\"><img loading=\"lazy\" decoding=\"async\" class=\"entry-thumb\" src=\"data:image\/png;base64,iVBORw0KGgoAAAANSUhEUgAAANoAAACWAQMAAACCSQSPAAAAA1BMVEWurq51dlI4AAAAAXRSTlMmkutdmwAAABpJREFUWMPtwQENAAAAwiD7p7bHBwwAAAAg7RD+AAGXD7BoAAAAAElFTkSuQmCC\"alt=\"\" title=\"TALLERES DEPORTIVOS Y ACTIVIDAD FISICA\" data-type=\"image_tag\" data-img-url=\"https:\/\/www.muniancud.cl\/portal\/wp-content\/uploads\/2025\/10\/26952114_1815738611792305_8298014552305488112_o-218x150.jpg\"  width=\"218\" height=\"150\" \/><\/a><\/div>\n            <div class=\"item-details\">\n            <h3 class=\"entry-title td-module-title\"><a href=\"https:\/\/www.muniancud.cl\/portal\/talleres-deportivos-y-actividad-fisica\/\" rel=\"bookmark\" title=\"TALLERES DEPORTIVOS Y ACTIVIDAD FISICA\">TALLERES DEPORTIVOS Y ACTIVIDAD FISICA<\/a><\/h3>\n                <div class=\"td-module-meta-info\">\n                                                                    <span class=\"td-post-date\"><time class=\"entry-date updated td-module-date\" datetime=\"2025-10-23T11:51:56+00:00\" >23\/10\/2025<\/time><\/span>                                        <\/div>\n\n                <div class=\"td-excerpt\">\n                    \ud83d\udc83\ud83d\udd7a ZUMBA MUNICIPAL: Monitora Johana Santana\r\n\u00a0 \u00a0 \u00a0 \u00a0 \u00a0 \u00a0 \u00a0 \u00a0Martes y Mi\u00e9rcoles 19:15 hrs.\r\nSala de Espejos Gimnasio Fiscal de Ancud\r\n\u00a0 \u00a0 \u00a0 \u00a0 \u00a0 \u00a0 \u00a0 \u00a0 \u00a0 \u00a0 \u00a0 \u00a0 \u00a0 \u00a0GRATIS\r\n__________________________________________________\r\n\ud83d\udc83\ud83d\udd7a ZUMBA MUNICIPAL: Monitora Natalia Mu\u00f1oz\r\n\u00a0 \u00a0 \u00a0 \u00a0 \u00a0 \u00a0 \u00a0 \u00a0Lunes y...                <\/div>\n            <\/div>\n\n        <\/div>\n\n        \n\t<\/div> <!-- .\/td-block-span12 --><\/div><\/div> <!-- .\/block -->[\/vc_column][vc_column width=\u00bb1\/3&#8243;][vc_widget_sidebar sidebar_id=\u00bbtd-entradas\u00bb][\/vc_column][\/vc_row]<\/p>\n<\/div>","protected":false},"excerpt":{"rendered":"<p>[vc_row][vc_column width=\u00bb2\/3&#8243;][vc_single_image image=\u00bb35875&#8243; img_size=\u00bbfull\u00bb alignment=\u00bbcenter\u00bb css=\u00bb\u00bb][\/vc_column][vc_column width=\u00bb1\/3&#8243;][vc_widget_sidebar sidebar_id=\u00bbtd-entradas\u00bb][\/vc_column][\/vc_row]<\/p>\n","protected":false},"author":1,"featured_media":0,"parent":0,"menu_order":0,"comment_status":"closed","ping_status":"closed","template":"","meta":{"footnotes":""},"class_list":["post-35877","page","type-page","status-publish","hentry"],"_links":{"self":[{"href":"https:\/\/www.muniancud.cl\/portal\/wp-json\/wp\/v2\/pages\/35877","targetHints":{"allow":["GET"]}}],"collection":[{"href":"https:\/\/www.muniancud.cl\/portal\/wp-json\/wp\/v2\/pages"}],"about":[{"href":"https:\/\/www.muniancud.cl\/portal\/wp-json\/wp\/v2\/types\/page"}],"author":[{"embeddable":true,"href":"https:\/\/www.muniancud.cl\/portal\/wp-json\/wp\/v2\/users\/1"}],"replies":[{"embeddable":true,"href":"https:\/\/www.muniancud.cl\/portal\/wp-json\/wp\/v2\/comments?post=35877"}],"version-history":[{"count":7,"href":"https:\/\/www.muniancud.cl\/portal\/wp-json\/wp\/v2\/pages\/35877\/revisions"}],"predecessor-version":[{"id":35895,"href":"https:\/\/www.muniancud.cl\/portal\/wp-json\/wp\/v2\/pages\/35877\/revisions\/35895"}],"wp:attachment":[{"href":"https:\/\/www.muniancud.cl\/portal\/wp-json\/wp\/v2\/media?parent=35877"}],"curies":[{"name":"wp","href":"https:\/\/api.w.org\/{rel}","templated":true}]}}