{"id":747,"date":"2018-07-12T11:09:29","date_gmt":"2018-07-12T15:09:29","guid":{"rendered":"https:\/\/www.muniancud.cl\/portal\/?page_id=747"},"modified":"2025-10-20T13:40:33","modified_gmt":"2025-10-20T16:40:33","slug":"direccion-de-desarrollo-comunitario","status":"publish","type":"page","link":"https:\/\/www.muniancud.cl\/portal\/unidades-municipales\/direccion-de-desarrollo-comunitario\/","title":{"rendered":"Direcci\u00f3n de Desarrollo Comunitario"},"content":{"rendered":"<div class=\"wpb-content-wrapper\"><p>[vc_row][vc_column width=\u00bb2\/3&#8243;][vc_column_text]La Direcci\u00f3n de Desarrollo Comunitario DIDECO, tiene por objetivo propender al mejoramiento de la calidad de vida de la poblaci\u00f3n y especialmente de los sectores sociales m\u00e1s vulnerables. Adem\u00e1s, debe promover y potenciar la participaci\u00f3n de la comunidad organizada en las distintas esferas del desarrollo de la comuna, respondiendo a sus necesidades espec\u00edficas a trav\u00e9s de la implementaci\u00f3n de programas y proyectos, fortaleciendo la seguridad ciudadana y promoviendo el deporte y la recreaci\u00f3n.[\/vc_column_text][vc_tta_accordion style=\u00bbflat\u00bb c_icon=\u00bbchevron\u00bb active_section=\u00bb0&#8243; collapsible_all=\u00bbtrue\u00bb][vc_tta_section title=\u00bbFunciones\u00bb tab_id=\u00bb1532883157741-bb8a9a4f-9ca01f47-bd17&#8243;][vc_column_text]A la Direcci\u00f3n de Desarrollo Comunitario corresponden las siguientes funciones generales:<\/p>\n<ol>\n<li>Asesorar al alcalde y al Concejo Municipal en la promoci\u00f3n del desarrollo comunitario.<\/li>\n<li>Prestar asesor\u00eda t\u00e9cnica a las organizaciones comunitarias, manteniendo vinculaci\u00f3n permanente con ellas.<\/li>\n<li>Proponer, coordinar y ejecutar, cuando corresponda, medidas tendientes a materializar acciones relacionadas con asistencia social.<\/li>\n<li>Supervisar y evaluar permanentemente la gesti\u00f3n t\u00e9cnica y administrativa de los equipos responsables de ejecutar los programas de la Direcci\u00f3n.<\/li>\n<li>Otras funciones que la ley se\u00f1ale o que el alcalde le asigne, las que se ejecutar\u00e1n a trav\u00e9s de las secciones u oficinas que corresponda.<\/li>\n<\/ol>\n<p>[\/vc_column_text][\/vc_tta_section][\/vc_tta_accordion][vc_column_text]De la Direcci\u00f3n de Desarrollo Comunitario dependen los siguientes departamentos, con sus respectivas oficinas:[\/vc_column_text][vc_tta_tabs style=\u00bbflat\u00bb color=\u00bbwhite\u00bb active_section=\u00bb1&#8243;][vc_tta_section i_icon_fontawesome=\u00bbfa fa-handshake-o\u00bb add_icon=\u00bbtrue\u00bb title=\u00bbDesarrollo Comunitario\u00bb tab_id=\u00bb1552795540303-41a0df8c-7d7b\u00bb][vc_column_text]<\/p>\n<ul class=\"td-arrow-list\">\n<li><strong>Secci\u00f3n Desarrollo Ind\u00edgena <\/strong><\/li>\n<li><strong>Secci\u00f3n Desarrollo Comunitario<\/strong><\/li>\n<li><strong>Oficina de Deportes<\/strong><\/li>\n<li><strong>Oficina de la Juventud<\/strong><\/li>\n<li><strong>Oficina de Organizaciones Comunitarias<\/strong><\/li>\n<li><strong>Oficina de la Mujer<\/strong><\/li>\n<li><strong>Oficina de Personas con Discapacidad<\/strong><\/li>\n<li><strong>Oficina de los Adultos Mayores.<\/strong><\/li>\n<\/ul>\n<p>[\/vc_column_text][\/vc_tta_section][vc_tta_section i_icon_fontawesome=\u00bbfa fa-users\u00bb add_icon=\u00bbtrue\u00bb title=\u00bbDesarrollo Social\u00bb tab_id=\u00bb1552795540320-11939db8-856d\u00bb][vc_column_text]<\/p>\n<ul class=\"td-arrow-list\">\n<li><strong>Oficina de Asistencia Social<\/strong><\/li>\n<li><strong>Oficina de Subsidios y Becas<\/strong><\/li>\n<li><strong>Registro Social de Hogares<\/strong><\/li>\n<\/ul>\n<p>[\/vc_column_text][\/vc_tta_section][vc_tta_section i_icon_fontawesome=\u00bbfa fa-user\u00bb add_icon=\u00bbtrue\u00bb title=\u00bbProgramas Sociales\u00bb tab_id=\u00bb1552795554276-13c03a72-a7d4&#8243;][vc_column_text]<\/p>\n<ul class=\"td-arrow-list\">\n<li><strong>SENDA Previene<\/strong><\/li>\n<li><strong>Actuar a Tiempo<\/strong><\/li>\n<li><strong>Programa Parentalidad<\/strong><\/li>\n<li><strong>CAVIF<\/strong><\/li>\n<li><strong>4 a 7<\/strong><\/li>\n<li><strong>O.P.D<\/strong><\/li>\n<li><strong>Casa de Acogida<\/strong><\/li>\n<li><strong>Calle<\/strong><\/li>\n<li><strong>Habitabilidad<\/strong><\/li>\n<li><strong>V\u00ednculos<\/strong><\/li>\n<li><strong>Chile Crece Contigo<\/strong><\/li>\n<li><strong>Familia Seguridades y Oportunidades<\/strong><\/li>\n<li><strong>Proyecto In\u00e9s de Baz\u00e1n (FNSP)<\/strong><\/li>\n<\/ul>\n<p>[\/vc_column_text][\/vc_tta_section][\/vc_tta_tabs][vc_message message_box_style=\u00bbsolid\u00bb message_box_color=\u00bbgreen\u00bb icon_fontawesome=\u00bbfa fa-clock-o\u00bb]<strong>Horarios<\/strong><br \/>\n<strong>Atenci\u00f3n a P\u00fablico: <\/strong>Lunes a Viernes de 08:00 a 13:00 hrs.[\/vc_message][vc_message message_box_style=\u00bbsolid\u00bb message_box_color=\u00bbsky\u00bb icon_fontawesome=\u00bbfa fa-map-marker\u00bb]<b>Ubicaci\u00f3n: Edificio Consistorial<\/b><br \/>\nBlanco Encalada N\u00b0 660 &#8211; Piso 2[\/vc_message][vc_gmaps link=\u00bb#E-8_JTNDaWZyYW1lJTIwc3JjJTNEJTIyaHR0cHMlM0ElMkYlMkZ3d3cuZ29vZ2xlLmNvbSUyRm1hcHMlMkZlbWJlZCUzRnBiJTNEJTIxMW0xOCUyMTFtMTIlMjExbTMlMjExZDc0Mi43ODMyOTIyNDY4MzI0JTIxMmQtNzMuODI4OTc2NTkxNTc3MzIlMjEzZC00MS44Njg0ODEyMjc0Nzg2NyUyMTJtMyUyMTFmMCUyMTJmMCUyMTNmMCUyMTNtMiUyMTFpMTAyNCUyMTJpNzY4JTIxNGYxMy4xJTIxM20zJTIxMW0yJTIxMXMweDk2MjI4ZDU4NmNkOTZiMmYlMjUzQTB4NmM5OTkwMmZiMmUzZDQ4NyUyMTJzSWx1c3RyZSUyQk11bmljaXBhbGlkYWQlMkJkZSUyQkFuY3VkJTIxNWUwJTIxM20yJTIxMXNlcyUyMTJzY2wlMjE0djE1MzE5NDUzNDc5MTMlMjIlMjB3aWR0aCUzRCUyMjQwMCUyMiUyMGhlaWdodCUzRCUyMjIwMCUyMiUyMGZyYW1lYm9yZGVyJTNEJTIyMCUyMiUyMHN0eWxlJTNEJTIyYm9yZGVyJTNBMCUyMiUyMGFsbG93ZnVsbHNjcmVlbiUzRSUzQyUyRmlmcmFtZSUzRQ==\u00bb][\/vc_column][vc_column width=\u00bb1\/3&#8243;][vc_btn title=\u00bbVolver a Unidades Municipales\u00bb style=\u00bbflat\u00bb color=\u00bbprimary\u00bb align=\u00bbleft\u00bb i_icon_fontawesome=\u00bbfa fa-arrow-left\u00bb button_block=\u00bbtrue\u00bb add_icon=\u00bbtrue\u00bb link=\u00bburl:https%3A%2F%2Fwww.muniancud.cl%2Fportal%2Funidades-municipales%2F|||\u00bb][vc_single_image image=\u00bb35325&#8243; img_size=\u00bbfull\u00bb alignment=\u00bbcenter\u00bb style=\u00bbvc_box_rounded\u00bb css=\u00bb\u00bb]<div class=\"td_block_wrap td_block_text_with_title td_uid_1_69f3448727da0_rand td-pb-border-top td_block_template_8\"  data-td-block-uid=\"td_uid_1_69f3448727da0\" ><div class=\"td-block-title-wrap\"><h4 class=\"td-block-title\"><span>Directora de Desarrollo Comunitario<\/span><\/h4><\/div><div class=\"td_mod_wrap td-fix-index\"><p><strong>Ruth Caicheo Caileo<\/strong><br \/>\nEmail: ruth.caicheo@muniancud.cl<\/p>\n<\/div><\/div><div class=\"td_block_wrap td_block_text_with_title td_uid_2_69f3448729811_rand td-pb-border-top td_block_template_8\"  data-td-block-uid=\"td_uid_2_69f3448729811\" ><div class=\"td-block-title-wrap\"><h4 class=\"td-block-title\"><span>Secretaria<\/span><\/h4><\/div><div class=\"td_mod_wrap td-fix-index\"><p>Email:<br \/>\nTel\u00e9fono: 65-2487687<\/p>\n<\/div><\/div><div class=\"td_block_wrap td_block_text_with_title td_uid_3_69f344872a98e_rand td-pb-border-top td_block_template_8\"  data-td-block-uid=\"td_uid_3_69f344872a98e\" ><div class=\"td-block-title-wrap\"><h4 class=\"td-block-title\"><span>Tel\u00e9fonos<\/span><\/h4><\/div><div class=\"td_mod_wrap td-fix-index\"><ul>\n<li><strong>Departamento Social:<\/strong> 65-2487700<\/li>\n<li><strong>Registro Social (RSH):<\/strong> 65-2487690<\/li>\n<li><strong>Asuntos Ind\u00edgenas:<\/strong> 65-2487745<\/li>\n<li><strong>Oficina de Deportes:<\/strong> 65-2487705<\/li>\n<li><strong>Oficina de la Juventud:<\/strong> 65-2487696<\/li>\n<li><strong>Org. Comunitarias:<\/strong> 65-2487692<\/li>\n<li><strong>Oficina de la Mujer:<\/strong> 65-2487750<\/li>\n<li><strong>Oficina Discapacidad:<\/strong> 65-2487624<\/li>\n<li><strong>Oficina Adulto Mayor:<\/strong> 65-2487624<\/li>\n<li><strong>Asistencia Social:<\/strong> 65-2487761<\/li>\n<li><strong>Subsidios y Becas:<\/strong> 65-2487700<\/li>\n<li><strong>OPD:<\/strong> 65-2628257<\/li>\n<li><strong>CAVIF:<\/strong> 65-2487734<\/li>\n<li><strong>SENDA:<\/strong> 65-2487685<\/li>\n<li><strong>Programas Sociales:<\/strong> 65-2487693<\/li>\n<li><strong>Depto. del Agua:<\/strong> 65-2487746<\/li>\n<\/ul>\n<\/div><\/div>[\/vc_column][\/vc_row][vc_row][vc_column][vc_column_text]<div class=\"td_block_wrap td_block_title td_uid_4_69f344872bceb_rand td-pb-border-top td_block_template_8\"  data-td-block-uid=\"td_uid_4_69f344872bceb\" >\n<style>\n.td_uid_4_69f344872bceb_rand .td-block-title > * {\n                color: #1172ba !important;\n            }\n\n            \n            .td_uid_4_69f344872bceb_rand .td-block-title > *:before,\n            .td_uid_4_69f344872bceb_rand .td-block-title > *:after {\n                background-color: #1172ba !important;\n            }\n<\/style>\n<style>\n\/* custom css *\/\n.td_uid_4_69f344872bceb_rand .td-block-title {\n\t\t\t\t\ttext-align: center;\n\t\t\t\t}\n\t\t\t\t.td_uid_4_69f344872bceb_rand.td_block_template_4 .td-block-title > *:before {\n\t\t\t\t    right: 10px;\n\t\t\t\t}\n\t\t\t\t.td_uid_4_69f344872bceb_rand.td_block_template_8 .td-block-title > * {\n\t\t\t\t\tpadding-left: 20px;\n\t\t\t\t}\n\t\t\t\t.td_uid_4_69f344872bceb_rand.td_block_template_9 .td-block-title:after {\n\t\t\t\t\tright: 0;\n\t\t\t\t}\n\t\t\t\t.td_uid_4_69f344872bceb_rand.td_block_template_13 .td-block-subtitle {\n\t\t\t\t\tleft: 0;\n\t\t\t\t\tright: 0;\n\t\t\t\t}\n<\/style><h1 class=\"td-block-title\"><span>Servicios Municipales<\/span><\/h1><div class=\"td_mod_wrap\"><\/div><\/div>[\/vc_column_text][vc_row_inner][vc_column_inner width=\u00bb1\/4&#8243;][vc_single_image image=\u00bb961&#8243; img_size=\u00bbfull\u00bb alignment=\u00bbcenter\u00bb onclick=\u00bbcustom_link\u00bb link=\u00bbhttps:\/\/www.muniancud.cl\/portal\/unidades-municipales\/direccion-de-desarrollo-comunitario\/oficina-de-deportes\/\u00bb][\/vc_column_inner][vc_column_inner width=\u00bb1\/4&#8243;][vc_single_image image=\u00bb959&#8243; img_size=\u00bbfull\u00bb alignment=\u00bbcenter\u00bb onclick=\u00bbcustom_link\u00bb link=\u00bbhttps:\/\/www.muniancud.cl\/portal\/unidades-municipales\/direccion-de-desarrollo-comunitario\/oficina-de-organizaciones-comunitarias\/\u00bb][\/vc_column_inner][vc_column_inner width=\u00bb1\/4&#8243;][vc_single_image image=\u00bb23921&#8243; img_size=\u00bbfull\u00bb alignment=\u00bbcenter\u00bb onclick=\u00bbcustom_link\u00bb link=\u00bbhttps:\/\/www.muniancud.cl\/portal\/unidades-municipales\/direccion-de-desarrollo-comunitario\/oficina-de-asuntos-indigenas\/\u00bb][\/vc_column_inner][vc_column_inner width=\u00bb1\/4&#8243;][vc_single_image image=\u00bb23919&#8243; img_size=\u00bbfull\u00bb alignment=\u00bbcenter\u00bb onclick=\u00bbcustom_link\u00bb link=\u00bbhttps:\/\/www.muniancud.cl\/portal\/unidades-municipales\/direccion-de-desarrollo-comunitario\/oficina-de-la-juventud\/\u00bb][\/vc_column_inner][\/vc_row_inner][vc_row_inner][vc_column_inner width=\u00bb1\/4&#8243;][vc_single_image image=\u00bb23624&#8243; img_size=\u00bbfull\u00bb alignment=\u00bbcenter\u00bb onclick=\u00bbcustom_link\u00bb link=\u00bbhttps:\/\/www.muniancud.cl\/portal\/unidades-municipales\/direccion-de-desarrollo-comunitario\/oficina-del-adulto-mayor\/\u00bb][\/vc_column_inner][vc_column_inner width=\u00bb1\/4&#8243;][vc_single_image image=\u00bb23620&#8243; img_size=\u00bbfull\u00bb alignment=\u00bbcenter\u00bb onclick=\u00bbcustom_link\u00bb link=\u00bbhttps:\/\/www.muniancud.cl\/portal\/unidades-municipales\/direccion-de-desarrollo-comunitario\/oficina-de-la-discapacidad\/\u00bb][\/vc_column_inner][vc_column_inner width=\u00bb1\/4&#8243;][vc_single_image image=\u00bb24731&#8243; img_size=\u00bbfull\u00bb alignment=\u00bbcenter\u00bb onclick=\u00bbcustom_link\u00bb link=\u00bbhttps:\/\/www.muniancud.cl\/portal\/unidades-municipales\/direccion-de-desarrollo-comunitario\/oficina-de-la-mujer-y-familia\/\u00bb][\/vc_column_inner][vc_column_inner width=\u00bb1\/4&#8243;][vc_single_image image=\u00bb24873&#8243; img_size=\u00bbfull\u00bb alignment=\u00bbcenter\u00bb onclick=\u00bbcustom_link\u00bb link=\u00bbhttps:\/\/www.muniancud.cl\/portal\/subsidios\/\u00bb][\/vc_column_inner][\/vc_row_inner][vc_row_inner][vc_column_inner width=\u00bb1\/4&#8243;][vc_single_image image=\u00bb24853&#8243; img_size=\u00bbfull\u00bb alignment=\u00bbcenter\u00bb onclick=\u00bbcustom_link\u00bb link=\u00bbhttps:\/\/www.muniancud.cl\/portal\/becas\/\u00bb][\/vc_column_inner][vc_column_inner width=\u00bb1\/4&#8243;][vc_single_image image=\u00bb24867&#8243; img_size=\u00bbfull\u00bb alignment=\u00bbcenter\u00bb onclick=\u00bbcustom_link\u00bb link=\u00bbhttps:\/\/www.muniancud.cl\/portal\/fondo-de-emprendimiento-social\/\u00bb][\/vc_column_inner][vc_column_inner width=\u00bb1\/4&#8243;][vc_single_image image=\u00bb25260&#8243; img_size=\u00bbfull\u00bb alignment=\u00bbcenter\u00bb onclick=\u00bbcustom_link\u00bb link=\u00bbhttps:\/\/www.muniancud.cl\/portal\/ayudas-sociales\/\u00bb][\/vc_column_inner][vc_column_inner width=\u00bb1\/4&#8243;][\/vc_column_inner][\/vc_row_inner]<div class=\"td_block_wrap td_block_16 td_uid_5_69f344872c363_rand td_with_ajax_pagination td-pb-border-top td_block_template_8 td-column-1 td_block_padding\"  data-td-block-uid=\"td_uid_5_69f344872c363\" ><script>var block_td_uid_5_69f344872c363 = new tdBlock();\nblock_td_uid_5_69f344872c363.id = \"td_uid_5_69f344872c363\";\nblock_td_uid_5_69f344872c363.atts = '{\"custom_title\":\"Noticias Dideco\",\"category_id\":\"27\",\"ajax_pagination\":\"next_prev\",\"separator\":\"\",\"custom_url\":\"\",\"block_template_id\":\"\",\"mx7_tl\":\"\",\"mx7_el\":\"\",\"m6_tl\":\"\",\"post_ids\":\"\",\"category_ids\":\"\",\"tag_slug\":\"\",\"autors_id\":\"\",\"installed_post_types\":\"\",\"sort\":\"\",\"limit\":\"5\",\"offset\":\"\",\"el_class\":\"\",\"td_ajax_filter_type\":\"\",\"td_ajax_filter_ids\":\"\",\"td_filter_default_txt\":\"All\",\"td_ajax_preloading\":\"\",\"f_header_font_header\":\"\",\"f_header_font_title\":\"Block header\",\"f_header_font_settings\":\"\",\"f_header_font_family\":\"\",\"f_header_font_size\":\"\",\"f_header_font_line_height\":\"\",\"f_header_font_style\":\"\",\"f_header_font_weight\":\"\",\"f_header_font_transform\":\"\",\"f_header_font_spacing\":\"\",\"f_header_\":\"\",\"f_ajax_font_title\":\"Ajax categories\",\"f_ajax_font_settings\":\"\",\"f_ajax_font_family\":\"\",\"f_ajax_font_size\":\"\",\"f_ajax_font_line_height\":\"\",\"f_ajax_font_style\":\"\",\"f_ajax_font_weight\":\"\",\"f_ajax_font_transform\":\"\",\"f_ajax_font_spacing\":\"\",\"f_ajax_\":\"\",\"f_more_font_title\":\"Load more button\",\"f_more_font_settings\":\"\",\"f_more_font_family\":\"\",\"f_more_font_size\":\"\",\"f_more_font_line_height\":\"\",\"f_more_font_style\":\"\",\"f_more_font_weight\":\"\",\"f_more_font_transform\":\"\",\"f_more_font_spacing\":\"\",\"f_more_\":\"\",\"mx7f_title_font_header\":\"\",\"mx7f_title_font_title\":\"Article title\",\"mx7f_title_font_settings\":\"\",\"mx7f_title_font_family\":\"\",\"mx7f_title_font_size\":\"\",\"mx7f_title_font_line_height\":\"\",\"mx7f_title_font_style\":\"\",\"mx7f_title_font_weight\":\"\",\"mx7f_title_font_transform\":\"\",\"mx7f_title_font_spacing\":\"\",\"mx7f_title_\":\"\",\"mx7f_cat_font_title\":\"Article category tag\",\"mx7f_cat_font_settings\":\"\",\"mx7f_cat_font_family\":\"\",\"mx7f_cat_font_size\":\"\",\"mx7f_cat_font_line_height\":\"\",\"mx7f_cat_font_style\":\"\",\"mx7f_cat_font_weight\":\"\",\"mx7f_cat_font_transform\":\"\",\"mx7f_cat_font_spacing\":\"\",\"mx7f_cat_\":\"\",\"mx7f_meta_font_title\":\"Article meta info\",\"mx7f_meta_font_settings\":\"\",\"mx7f_meta_font_family\":\"\",\"mx7f_meta_font_size\":\"\",\"mx7f_meta_font_line_height\":\"\",\"mx7f_meta_font_style\":\"\",\"mx7f_meta_font_weight\":\"\",\"mx7f_meta_font_transform\":\"\",\"mx7f_meta_font_spacing\":\"\",\"mx7f_meta_\":\"\",\"mx7f_ex_font_title\":\"Article excerpt\",\"mx7f_ex_font_settings\":\"\",\"mx7f_ex_font_family\":\"\",\"mx7f_ex_font_size\":\"\",\"mx7f_ex_font_line_height\":\"\",\"mx7f_ex_font_style\":\"\",\"mx7f_ex_font_weight\":\"\",\"mx7f_ex_font_transform\":\"\",\"mx7f_ex_font_spacing\":\"\",\"mx7f_ex_\":\"\",\"m6f_title_font_header\":\"\",\"m6f_title_font_title\":\"Article title\",\"m6f_title_font_settings\":\"\",\"m6f_title_font_family\":\"\",\"m6f_title_font_size\":\"\",\"m6f_title_font_line_height\":\"\",\"m6f_title_font_style\":\"\",\"m6f_title_font_weight\":\"\",\"m6f_title_font_transform\":\"\",\"m6f_title_font_spacing\":\"\",\"m6f_title_\":\"\",\"m6f_cat_font_title\":\"Article category tag\",\"m6f_cat_font_settings\":\"\",\"m6f_cat_font_family\":\"\",\"m6f_cat_font_size\":\"\",\"m6f_cat_font_line_height\":\"\",\"m6f_cat_font_style\":\"\",\"m6f_cat_font_weight\":\"\",\"m6f_cat_font_transform\":\"\",\"m6f_cat_font_spacing\":\"\",\"m6f_cat_\":\"\",\"m6f_meta_font_title\":\"Article meta info\",\"m6f_meta_font_settings\":\"\",\"m6f_meta_font_family\":\"\",\"m6f_meta_font_size\":\"\",\"m6f_meta_font_line_height\":\"\",\"m6f_meta_font_style\":\"\",\"m6f_meta_font_weight\":\"\",\"m6f_meta_font_transform\":\"\",\"m6f_meta_font_spacing\":\"\",\"m6f_meta_\":\"\",\"ajax_pagination_infinite_stop\":\"\",\"css\":\"\",\"tdc_css\":\"\",\"td_column_number\":1,\"header_color\":\"\",\"color_preset\":\"\",\"border_top\":\"\",\"class\":\"td_uid_5_69f344872c363_rand\",\"tdc_css_class\":\"td_uid_5_69f344872c363_rand\",\"tdc_css_class_style\":\"td_uid_5_69f344872c363_rand_style\"}';\nblock_td_uid_5_69f344872c363.td_column_number = \"1\";\nblock_td_uid_5_69f344872c363.block_type = \"td_block_16\";\nblock_td_uid_5_69f344872c363.post_count = \"5\";\nblock_td_uid_5_69f344872c363.found_posts = \"269\";\nblock_td_uid_5_69f344872c363.header_color = \"\";\nblock_td_uid_5_69f344872c363.ajax_pagination_infinite_stop = \"\";\nblock_td_uid_5_69f344872c363.max_num_pages = \"54\";\ntdBlocksArray.push(block_td_uid_5_69f344872c363);\n<\/script><div class=\"td-block-title-wrap\"><h4 class=\"td-block-title\"><span>Noticias Dideco<\/span><\/h4><\/div><div id=td_uid_5_69f344872c363 class=\"td_block_inner td-column-1\">\n\n\t<div class=\"td-block-span12\">\n\n        <div class=\"td_module_6 td_module_wrap td-animation-stack\">\n\n        <div class=\"td-module-thumb\"><a href=\"https:\/\/www.muniancud.cl\/portal\/comunidad-de-ancud-participa-en-jornada-deportiva-inclusiva-por-el-autismo\/\" rel=\"bookmark\" class=\"td-image-wrap\" title=\"Comunidad de Ancud participa en jornada deportiva inclusiva por el autismo\"><img loading=\"lazy\" decoding=\"async\" class=\"entry-thumb\" src=\"data:image\/png;base64,iVBORw0KGgoAAAANSUhEUgAAAGQAAABGAQMAAAAASKMqAAAAA1BMVEWurq51dlI4AAAAAXRSTlMmkutdmwAAABBJREFUKM9jGAWjYBQMKwAAA9QAAQWBn6cAAAAASUVORK5CYII=\"alt=\"\" title=\"Comunidad de Ancud participa en jornada deportiva inclusiva por el autismo\" data-type=\"image_tag\" data-img-url=\"https:\/\/www.muniancud.cl\/portal\/wp-content\/uploads\/2026\/04\/WhatsApp-Image-2026-04-09-at-12.49.06-100x70.jpeg\"  width=\"100\" height=\"70\" \/><\/a><\/div>\n        <div class=\"item-details\">\n            <h3 class=\"entry-title td-module-title\"><a href=\"https:\/\/www.muniancud.cl\/portal\/comunidad-de-ancud-participa-en-jornada-deportiva-inclusiva-por-el-autismo\/\" rel=\"bookmark\" title=\"Comunidad de Ancud participa en jornada deportiva inclusiva por el autismo\">Comunidad de Ancud participa en jornada deportiva inclusiva por el autismo<\/a><\/h3>            <div class=\"td-module-meta-info\">\n                                                <span class=\"td-post-date\"><time class=\"entry-date updated td-module-date\" datetime=\"2026-04-09T15:17:54+00:00\" >09\/04\/2026<\/time><\/span>                            <\/div>\n        <\/div>\n\n        <\/div>\n\n        \n\t<\/div> <!-- .\/td-block-span12 -->\n\n\t<div class=\"td-block-span12\">\n\n        <div class=\"td_module_6 td_module_wrap td-animation-stack\">\n\n        <div class=\"td-module-thumb\"><a href=\"https:\/\/www.muniancud.cl\/portal\/ancud-conmemoro-el-dia-de-la-actividad-fisica-con-masiva-participacion-estudiantil\/\" rel=\"bookmark\" class=\"td-image-wrap\" title=\"Ancud conmemor\u00f3 el D\u00eda de la Actividad F\u00edsica con masiva participaci\u00f3n estudiantil\"><img loading=\"lazy\" decoding=\"async\" class=\"entry-thumb\" src=\"data:image\/png;base64,iVBORw0KGgoAAAANSUhEUgAAAGQAAABGAQMAAAAASKMqAAAAA1BMVEWurq51dlI4AAAAAXRSTlMmkutdmwAAABBJREFUKM9jGAWjYBQMKwAAA9QAAQWBn6cAAAAASUVORK5CYII=\"alt=\"\" title=\"Ancud conmemor\u00f3 el D\u00eda de la Actividad F\u00edsica con masiva participaci\u00f3n estudiantil\" data-type=\"image_tag\" data-img-url=\"https:\/\/www.muniancud.cl\/portal\/wp-content\/uploads\/2026\/04\/DSC02432-100x70.jpg\"  width=\"100\" height=\"70\" \/><\/a><\/div>\n        <div class=\"item-details\">\n            <h3 class=\"entry-title td-module-title\"><a href=\"https:\/\/www.muniancud.cl\/portal\/ancud-conmemoro-el-dia-de-la-actividad-fisica-con-masiva-participacion-estudiantil\/\" rel=\"bookmark\" title=\"Ancud conmemor\u00f3 el D\u00eda de la Actividad F\u00edsica con masiva participaci\u00f3n estudiantil\">Ancud conmemor\u00f3 el D\u00eda de la Actividad F\u00edsica con masiva participaci\u00f3n...<\/a><\/h3>            <div class=\"td-module-meta-info\">\n                                                <span class=\"td-post-date\"><time class=\"entry-date updated td-module-date\" datetime=\"2026-04-07T10:47:31+00:00\" >07\/04\/2026<\/time><\/span>                            <\/div>\n        <\/div>\n\n        <\/div>\n\n        \n\t<\/div> <!-- .\/td-block-span12 -->\n\n\t<div class=\"td-block-span12\">\n\n        <div class=\"td_module_6 td_module_wrap td-animation-stack\">\n\n        <div class=\"td-module-thumb\"><a href=\"https:\/\/www.muniancud.cl\/portal\/coordinacion-comunal-impulsa-estrategias-de-proteccion-de-derechos-de-la-ninez-en-ancud\/\" rel=\"bookmark\" class=\"td-image-wrap\" title=\"Coordinaci\u00f3n comunal impulsa estrategias de protecci\u00f3n de derechos de la ni\u00f1ez en Ancud\"><img loading=\"lazy\" decoding=\"async\" class=\"entry-thumb\" src=\"data:image\/png;base64,iVBORw0KGgoAAAANSUhEUgAAAGQAAABGAQMAAAAASKMqAAAAA1BMVEWurq51dlI4AAAAAXRSTlMmkutdmwAAABBJREFUKM9jGAWjYBQMKwAAA9QAAQWBn6cAAAAASUVORK5CYII=\"alt=\"\" title=\"Coordinaci\u00f3n comunal impulsa estrategias de protecci\u00f3n de derechos de la ni\u00f1ez en Ancud\" data-type=\"image_tag\" data-img-url=\"https:\/\/www.muniancud.cl\/portal\/wp-content\/uploads\/2026\/04\/WhatsApp-Image-2026-03-31-at-16.52.54-100x70.jpeg\"  width=\"100\" height=\"70\" \/><\/a><\/div>\n        <div class=\"item-details\">\n            <h3 class=\"entry-title td-module-title\"><a href=\"https:\/\/www.muniancud.cl\/portal\/coordinacion-comunal-impulsa-estrategias-de-proteccion-de-derechos-de-la-ninez-en-ancud\/\" rel=\"bookmark\" title=\"Coordinaci\u00f3n comunal impulsa estrategias de protecci\u00f3n de derechos de la ni\u00f1ez en Ancud\">Coordinaci\u00f3n comunal impulsa estrategias de protecci\u00f3n de derechos de la ni\u00f1ez...<\/a><\/h3>            <div class=\"td-module-meta-info\">\n                                                <span class=\"td-post-date\"><time class=\"entry-date updated td-module-date\" datetime=\"2026-04-02T12:13:26+00:00\" >02\/04\/2026<\/time><\/span>                            <\/div>\n        <\/div>\n\n        <\/div>\n\n        \n\t<\/div> <!-- .\/td-block-span12 -->\n\n\t<div class=\"td-block-span12\">\n\n        <div class=\"td_module_6 td_module_wrap td-animation-stack\">\n\n        <div class=\"td-module-thumb\"><a href=\"https:\/\/www.muniancud.cl\/portal\/jornada-de-concientizacion-sobre-el-cancer-cervicouterino-reune-a-estudiantes-y-mujeres-en-ancud\/\" rel=\"bookmark\" class=\"td-image-wrap\" title=\"Jornada de concientizaci\u00f3n sobre el c\u00e1ncer cervicouterino re\u00fane a estudiantes y mujeres en Ancud\"><img loading=\"lazy\" decoding=\"async\" class=\"entry-thumb\" src=\"data:image\/png;base64,iVBORw0KGgoAAAANSUhEUgAAAGQAAABGAQMAAAAASKMqAAAAA1BMVEWurq51dlI4AAAAAXRSTlMmkutdmwAAABBJREFUKM9jGAWjYBQMKwAAA9QAAQWBn6cAAAAASUVORK5CYII=\"alt=\"\" title=\"Jornada de concientizaci\u00f3n sobre el c\u00e1ncer cervicouterino re\u00fane a estudiantes y mujeres en Ancud\" data-type=\"image_tag\" data-img-url=\"https:\/\/www.muniancud.cl\/portal\/wp-content\/uploads\/2026\/03\/WhatsApp-Image-2026-03-19-at-3.26.33-PM-1-100x70.jpeg\"  width=\"100\" height=\"70\" \/><\/a><\/div>\n        <div class=\"item-details\">\n            <h3 class=\"entry-title td-module-title\"><a href=\"https:\/\/www.muniancud.cl\/portal\/jornada-de-concientizacion-sobre-el-cancer-cervicouterino-reune-a-estudiantes-y-mujeres-en-ancud\/\" rel=\"bookmark\" title=\"Jornada de concientizaci\u00f3n sobre el c\u00e1ncer cervicouterino re\u00fane a estudiantes y mujeres en Ancud\">Jornada de concientizaci\u00f3n sobre el c\u00e1ncer cervicouterino re\u00fane a estudiantes y...<\/a><\/h3>            <div class=\"td-module-meta-info\">\n                                                <span class=\"td-post-date\"><time class=\"entry-date updated td-module-date\" datetime=\"2026-03-20T10:01:46+00:00\" >20\/03\/2026<\/time><\/span>                            <\/div>\n        <\/div>\n\n        <\/div>\n\n        \n\t<\/div> <!-- .\/td-block-span12 -->\n\n\t<div class=\"td-block-span12\">\n\n        <div class=\"td_module_6 td_module_wrap td-animation-stack\">\n\n        <div class=\"td-module-thumb\"><a href=\"https:\/\/www.muniancud.cl\/portal\/campeones-regionales-de-cueca-psd-representaran-a-la-region-en-campeonato-nacional-de-cueca-peumo-2026\/\" rel=\"bookmark\" class=\"td-image-wrap\" title=\"Campeones regionales de cueca PSD representar\u00e1n a la regi\u00f3n en campeonato nacional de Cueca Peumo 2026\"><img loading=\"lazy\" decoding=\"async\" class=\"entry-thumb\" src=\"data:image\/png;base64,iVBORw0KGgoAAAANSUhEUgAAAGQAAABGAQMAAAAASKMqAAAAA1BMVEWurq51dlI4AAAAAXRSTlMmkutdmwAAABBJREFUKM9jGAWjYBQMKwAAA9QAAQWBn6cAAAAASUVORK5CYII=\"alt=\"\" title=\"Campeones regionales de cueca PSD representar\u00e1n a la regi\u00f3n en campeonato nacional de Cueca Peumo 2026\" data-type=\"image_tag\" data-img-url=\"https:\/\/www.muniancud.cl\/portal\/wp-content\/uploads\/2026\/03\/WhatsApp-Image-2026-03-14-at-20.05.51-100x70.jpeg\"  width=\"100\" height=\"70\" \/><\/a><\/div>\n        <div class=\"item-details\">\n            <h3 class=\"entry-title td-module-title\"><a href=\"https:\/\/www.muniancud.cl\/portal\/campeones-regionales-de-cueca-psd-representaran-a-la-region-en-campeonato-nacional-de-cueca-peumo-2026\/\" rel=\"bookmark\" title=\"Campeones regionales de cueca PSD representar\u00e1n a la regi\u00f3n en campeonato nacional de Cueca Peumo 2026\">Campeones regionales de cueca PSD representar\u00e1n a la regi\u00f3n en campeonato...<\/a><\/h3>            <div class=\"td-module-meta-info\">\n                                                <span class=\"td-post-date\"><time class=\"entry-date updated td-module-date\" datetime=\"2026-03-17T17:56:52+00:00\" >17\/03\/2026<\/time><\/span>                            <\/div>\n        <\/div>\n\n        <\/div>\n\n        \n\t<\/div> <!-- .\/td-block-span12 --><\/div><div class=\"td-next-prev-wrap\"><a href=\"#\" class=\"td-ajax-prev-page ajax-page-disabled\" id=\"prev-page-td_uid_5_69f344872c363\" data-td_block_id=\"td_uid_5_69f344872c363\"><i class=\"td-icon-font td-icon-menu-left\"><\/i><\/a><a href=\"#\"  class=\"td-ajax-next-page\" id=\"next-page-td_uid_5_69f344872c363\" data-td_block_id=\"td_uid_5_69f344872c363\"><i class=\"td-icon-font td-icon-menu-right\"><\/i><\/a><\/div><\/div> <!-- .\/block -->[\/vc_column][\/vc_row]<\/p>\n<\/div>","protected":false},"excerpt":{"rendered":"<p>[vc_row][vc_column width=\u00bb2\/3&#8243;][vc_column_text]La Direcci\u00f3n de Desarrollo Comunitario DIDECO, tiene por objetivo propender al mejoramiento de la calidad de vida de la poblaci\u00f3n y especialmente de los sectores sociales m\u00e1s vulnerables. Adem\u00e1s, debe promover y potenciar la participaci\u00f3n de la comunidad organizada en las distintas esferas del desarrollo de la comuna, respondiendo a sus necesidades espec\u00edficas a [&hellip;]<\/p>\n","protected":false},"author":1,"featured_media":0,"parent":466,"menu_order":13,"comment_status":"closed","ping_status":"closed","template":"page-pagebuilder-title.php","meta":{"footnotes":""},"class_list":["post-747","page","type-page","status-publish","hentry"],"_links":{"self":[{"href":"https:\/\/www.muniancud.cl\/portal\/wp-json\/wp\/v2\/pages\/747","targetHints":{"allow":["GET"]}}],"collection":[{"href":"https:\/\/www.muniancud.cl\/portal\/wp-json\/wp\/v2\/pages"}],"about":[{"href":"https:\/\/www.muniancud.cl\/portal\/wp-json\/wp\/v2\/types\/page"}],"author":[{"embeddable":true,"href":"https:\/\/www.muniancud.cl\/portal\/wp-json\/wp\/v2\/users\/1"}],"replies":[{"embeddable":true,"href":"https:\/\/www.muniancud.cl\/portal\/wp-json\/wp\/v2\/comments?post=747"}],"version-history":[{"count":33,"href":"https:\/\/www.muniancud.cl\/portal\/wp-json\/wp\/v2\/pages\/747\/revisions"}],"predecessor-version":[{"id":36076,"href":"https:\/\/www.muniancud.cl\/portal\/wp-json\/wp\/v2\/pages\/747\/revisions\/36076"}],"up":[{"embeddable":true,"href":"https:\/\/www.muniancud.cl\/portal\/wp-json\/wp\/v2\/pages\/466"}],"wp:attachment":[{"href":"https:\/\/www.muniancud.cl\/portal\/wp-json\/wp\/v2\/media?parent=747"}],"curies":[{"name":"wp","href":"https:\/\/api.w.org\/{rel}","templated":true}]}}